{"id":123,"date":"2023-02-04T14:45:46","date_gmt":"2023-02-04T12:45:46","guid":{"rendered":"https:\/\/www.biodiversityeducation.fi\/?page_id=123"},"modified":"2025-08-26T16:15:56","modified_gmt":"2025-08-26T13:15:56","slug":"opinnot","status":"publish","type":"page","link":"https:\/\/blogs2.uef.fi\/biodiversityeducation-vanha\/opinnot\/","title":{"rendered":"Opinnot"},"content":{"rendered":"\n<p>T\u00e4lle sivulle on koottu Biodiversiteettikoulutusverkoston opintotarjonta.<\/p>\n\n\n\n<p>Kurssit on suunnattu p\u00e4\u00e4s\u00e4\u00e4nt\u00f6isesti biologian, ymp\u00e4rist\u00f6tieteiden, maatalous- ja mets\u00e4tieteiden sek\u00e4 maantieteen opiskelijoille, mutta mukana on my\u00f6s aivan kaikille aloille soveltuvia kursseja. Mukana on niin et\u00e4opintoina opiskeltavia kursseja, kuin kentt\u00e4- ja harjoituskurssejakin. Kurssien opiskelu on opiskelijoille maksutonta, ja kurssit on suunniteltu siten, ett\u00e4 ne t\u00e4ydent\u00e4v\u00e4t kotiyliopistossa tarjottavia opintoja ja tarjoavat mahdollisuuden osaamisen laajentamiseen, sek\u00e4 verkostoitumiseen toisten yliopistojen opiskelijoiden kanssa.<\/p>\n\n\n\n<p>Linkeist\u00e4 p\u00e4\u00e4set tutustumaan kurssikuvauksiin ja hakemaan opiskeluoikeutta lukuvuoden 2025-2026 kursseille. Huomaathan, ett\u00e4 opinto-oikeuden saaminen ei viel\u00e4 takaa kurssille p\u00e4\u00e4sy\u00e4, vaan kursseilla voi olla osallistujam\u00e4\u00e4r\u00e4rajauksia, joista tiedotetaan ilmoittautumisen j\u00e4lkeen. Tutustuthan opiskeluohjeisiin\u00a0<a href=\"https:\/\/www.biodiversityeducation.fi\/opiskeluohjeet\/?lang=fi\">Opiskeluohjeet-sivulla<\/a>.<\/p>\n","protected":false},"excerpt":{"rendered":"<p>T\u00e4lle sivulle on koottu Biodiversiteettikoulutusverkoston opintotarjonta. Kurssit on suunnattu p\u00e4\u00e4s\u00e4\u00e4nt\u00f6isesti biologian, ymp\u00e4rist\u00f6tieteiden, maatalous- ja mets\u00e4tieteiden sek\u00e4 maantieteen opiskelijoille, mutta mukana on my\u00f6s aivan kaikille aloille soveltuvia kursseja. Mukana on niin et\u00e4opintoina opiskeltavia kursseja, kuin kentt\u00e4- ja harjoituskurssejakin. Kurssien opiskelu on opiskelijoille maksutonta, ja kurssit on suunniteltu siten, ett\u00e4 ne t\u00e4ydent\u00e4v\u00e4t kotiyliopistossa tarjottavia opintoja ja tarjoavat [&hellip;]<\/p>\n","protected":false},"author":611,"featured_media":201,"parent":0,"menu_order":0,"comment_status":"closed","ping_status":"closed","template":"","meta":{"_acf_changed":false,"footnotes":""},"class_list":["post-123","page","type-page","status-publish","has-post-thumbnail","hentry"],"acf":[],"yoast_head":"<!-- This site is optimized with the Yoast SEO plugin v27.3 - https:\/\/yoast.com\/product\/yoast-seo-wordpress\/ -->\n<title>Opinnot - Biodiversiteettikoulutusverkosto<\/title>\n<meta name=\"robots\" content=\"index, follow, max-snippet:-1, max-image-preview:large, max-video-preview:-1\" \/>\n<link rel=\"canonical\" href=\"https:\/\/blogs2.uef.fi\/biodiversityeducation-vanha\/opinnot\/\" \/>\n<meta property=\"og:locale\" content=\"fi_FI\" \/>\n<meta property=\"og:type\" content=\"article\" \/>\n<meta property=\"og:title\" content=\"Opinnot - Biodiversiteettikoulutusverkosto\" \/>\n<meta property=\"og:description\" content=\"T\u00e4lle sivulle on koottu Biodiversiteettikoulutusverkoston opintotarjonta. Kurssit on suunnattu p\u00e4\u00e4s\u00e4\u00e4nt\u00f6isesti biologian, ymp\u00e4rist\u00f6tieteiden, maatalous- ja mets\u00e4tieteiden sek\u00e4 maantieteen opiskelijoille, mutta mukana on my\u00f6s aivan kaikille aloille soveltuvia kursseja. Mukana on niin et\u00e4opintoina opiskeltavia kursseja, kuin kentt\u00e4- ja harjoituskurssejakin. Kurssien opiskelu on opiskelijoille maksutonta, ja kurssit on suunniteltu siten, ett\u00e4 ne t\u00e4ydent\u00e4v\u00e4t kotiyliopistossa tarjottavia opintoja ja tarjoavat [&hellip;]\" \/>\n<meta property=\"og:url\" content=\"https:\/\/blogs2.uef.fi\/biodiversityeducation-vanha\/opinnot\/\" \/>\n<meta property=\"og:site_name\" content=\"Biodiversiteettikoulutusverkosto\" \/>\n<meta property=\"article:modified_time\" content=\"2025-08-26T13:15:56+00:00\" \/>\n<meta property=\"og:image\" content=\"https:\/\/blogs2.uef.fi\/biodiversityeducation-vanha\/wp-content\/uploads\/sites\/110\/2023\/03\/Sammal_-Myriams-Fotos-Pixabaysta.jpg\" \/>\n\t<meta property=\"og:image:width\" content=\"1920\" \/>\n\t<meta property=\"og:image:height\" content=\"1280\" \/>\n\t<meta property=\"og:image:type\" content=\"image\/jpeg\" \/>\n<meta name=\"twitter:card\" content=\"summary_large_image\" \/>\n<meta name=\"twitter:label1\" content=\"Arvioitu lukuaika\" \/>\n\t<meta name=\"twitter:data1\" content=\"1 minuutti\" \/>\n<script type=\"application\/ld+json\" class=\"yoast-schema-graph\">{\"@context\":\"https:\\\/\\\/schema.org\",\"@graph\":[{\"@type\":\"WebPage\",\"@id\":\"https:\\\/\\\/blogs2.uef.fi\\\/biodiversityeducation-vanha\\\/opinnot\\\/\",\"url\":\"https:\\\/\\\/blogs2.uef.fi\\\/biodiversityeducation-vanha\\\/opinnot\\\/\",\"name\":\"Opinnot - Biodiversiteettikoulutusverkosto\",\"isPartOf\":{\"@id\":\"https:\\\/\\\/blogs2.uef.fi\\\/biodiversityeducation-vanha\\\/#website\"},\"primaryImageOfPage\":{\"@id\":\"https:\\\/\\\/blogs2.uef.fi\\\/biodiversityeducation-vanha\\\/opinnot\\\/#primaryimage\"},\"image\":{\"@id\":\"https:\\\/\\\/blogs2.uef.fi\\\/biodiversityeducation-vanha\\\/opinnot\\\/#primaryimage\"},\"thumbnailUrl\":\"https:\\\/\\\/blogs2.uef.fi\\\/biodiversityeducation-vanha\\\/wp-content\\\/uploads\\\/sites\\\/110\\\/2023\\\/03\\\/Sammal_-Myriams-Fotos-Pixabaysta.jpg\",\"datePublished\":\"2023-02-04T12:45:46+00:00\",\"dateModified\":\"2025-08-26T13:15:56+00:00\",\"inLanguage\":\"fi\",\"potentialAction\":[{\"@type\":\"ReadAction\",\"target\":[\"https:\\\/\\\/blogs2.uef.fi\\\/biodiversityeducation-vanha\\\/opinnot\\\/\"]}]},{\"@type\":\"ImageObject\",\"inLanguage\":\"fi\",\"@id\":\"https:\\\/\\\/blogs2.uef.fi\\\/biodiversityeducation-vanha\\\/opinnot\\\/#primaryimage\",\"url\":\"https:\\\/\\\/blogs2.uef.fi\\\/biodiversityeducation-vanha\\\/wp-content\\\/uploads\\\/sites\\\/110\\\/2023\\\/03\\\/Sammal_-Myriams-Fotos-Pixabaysta.jpg\",\"contentUrl\":\"https:\\\/\\\/blogs2.uef.fi\\\/biodiversityeducation-vanha\\\/wp-content\\\/uploads\\\/sites\\\/110\\\/2023\\\/03\\\/Sammal_-Myriams-Fotos-Pixabaysta.jpg\",\"width\":1920,\"height\":1280,\"caption\":\"sammal-koristekuva\"},{\"@type\":\"WebSite\",\"@id\":\"https:\\\/\\\/blogs2.uef.fi\\\/biodiversityeducation-vanha\\\/#website\",\"url\":\"https:\\\/\\\/blogs2.uef.fi\\\/biodiversityeducation-vanha\\\/\",\"name\":\"Biodiversiteettikoulutusverkosto\",\"description\":\"\",\"publisher\":{\"@id\":\"https:\\\/\\\/blogs2.uef.fi\\\/biodiversityeducation-vanha\\\/#organization\"},\"potentialAction\":[{\"@type\":\"SearchAction\",\"target\":{\"@type\":\"EntryPoint\",\"urlTemplate\":\"https:\\\/\\\/blogs2.uef.fi\\\/biodiversityeducation-vanha\\\/?s={search_term_string}\"},\"query-input\":{\"@type\":\"PropertyValueSpecification\",\"valueRequired\":true,\"valueName\":\"search_term_string\"}}],\"inLanguage\":\"fi\"},{\"@type\":\"Organization\",\"@id\":\"https:\\\/\\\/blogs2.uef.fi\\\/biodiversityeducation-vanha\\\/#organization\",\"name\":\"Biodiversiteettikoulutusverkosto\",\"url\":\"https:\\\/\\\/blogs2.uef.fi\\\/biodiversityeducation-vanha\\\/\",\"logo\":{\"@type\":\"ImageObject\",\"inLanguage\":\"fi\",\"@id\":\"https:\\\/\\\/blogs2.uef.fi\\\/biodiversityeducation-vanha\\\/#\\\/schema\\\/logo\\\/image\\\/\",\"url\":\"https:\\\/\\\/blogs2.uef.fi\\\/biodiversityeducation-vanha\\\/wp-content\\\/uploads\\\/sites\\\/110\\\/2023\\\/01\\\/Logo-ja-teksti.png\",\"contentUrl\":\"https:\\\/\\\/blogs2.uef.fi\\\/biodiversityeducation-vanha\\\/wp-content\\\/uploads\\\/sites\\\/110\\\/2023\\\/01\\\/Logo-ja-teksti.png\",\"width\":785,\"height\":247,\"caption\":\"Biodiversiteettikoulutusverkosto\"},\"image\":{\"@id\":\"https:\\\/\\\/blogs2.uef.fi\\\/biodiversityeducation-vanha\\\/#\\\/schema\\\/logo\\\/image\\\/\"}}]}<\/script>\n<!-- \/ Yoast SEO plugin. -->","yoast_head_json":{"title":"Opinnot - Biodiversiteettikoulutusverkosto","robots":{"index":"index","follow":"follow","max-snippet":"max-snippet:-1","max-image-preview":"max-image-preview:large","max-video-preview":"max-video-preview:-1"},"canonical":"https:\/\/blogs2.uef.fi\/biodiversityeducation-vanha\/opinnot\/","og_locale":"fi_FI","og_type":"article","og_title":"Opinnot - Biodiversiteettikoulutusverkosto","og_description":"T\u00e4lle sivulle on koottu Biodiversiteettikoulutusverkoston opintotarjonta. Kurssit on suunnattu p\u00e4\u00e4s\u00e4\u00e4nt\u00f6isesti biologian, ymp\u00e4rist\u00f6tieteiden, maatalous- ja mets\u00e4tieteiden sek\u00e4 maantieteen opiskelijoille, mutta mukana on my\u00f6s aivan kaikille aloille soveltuvia kursseja. Mukana on niin et\u00e4opintoina opiskeltavia kursseja, kuin kentt\u00e4- ja harjoituskurssejakin. Kurssien opiskelu on opiskelijoille maksutonta, ja kurssit on suunniteltu siten, ett\u00e4 ne t\u00e4ydent\u00e4v\u00e4t kotiyliopistossa tarjottavia opintoja ja tarjoavat [&hellip;]","og_url":"https:\/\/blogs2.uef.fi\/biodiversityeducation-vanha\/opinnot\/","og_site_name":"Biodiversiteettikoulutusverkosto","article_modified_time":"2025-08-26T13:15:56+00:00","og_image":[{"width":1920,"height":1280,"url":"https:\/\/blogs2.uef.fi\/biodiversityeducation-vanha\/wp-content\/uploads\/sites\/110\/2023\/03\/Sammal_-Myriams-Fotos-Pixabaysta.jpg","type":"image\/jpeg"}],"twitter_card":"summary_large_image","twitter_misc":{"Arvioitu lukuaika":"1 minuutti"},"schema":{"@context":"https:\/\/schema.org","@graph":[{"@type":"WebPage","@id":"https:\/\/blogs2.uef.fi\/biodiversityeducation-vanha\/opinnot\/","url":"https:\/\/blogs2.uef.fi\/biodiversityeducation-vanha\/opinnot\/","name":"Opinnot - Biodiversiteettikoulutusverkosto","isPartOf":{"@id":"https:\/\/blogs2.uef.fi\/biodiversityeducation-vanha\/#website"},"primaryImageOfPage":{"@id":"https:\/\/blogs2.uef.fi\/biodiversityeducation-vanha\/opinnot\/#primaryimage"},"image":{"@id":"https:\/\/blogs2.uef.fi\/biodiversityeducation-vanha\/opinnot\/#primaryimage"},"thumbnailUrl":"https:\/\/blogs2.uef.fi\/biodiversityeducation-vanha\/wp-content\/uploads\/sites\/110\/2023\/03\/Sammal_-Myriams-Fotos-Pixabaysta.jpg","datePublished":"2023-02-04T12:45:46+00:00","dateModified":"2025-08-26T13:15:56+00:00","inLanguage":"fi","potentialAction":[{"@type":"ReadAction","target":["https:\/\/blogs2.uef.fi\/biodiversityeducation-vanha\/opinnot\/"]}]},{"@type":"ImageObject","inLanguage":"fi","@id":"https:\/\/blogs2.uef.fi\/biodiversityeducation-vanha\/opinnot\/#primaryimage","url":"https:\/\/blogs2.uef.fi\/biodiversityeducation-vanha\/wp-content\/uploads\/sites\/110\/2023\/03\/Sammal_-Myriams-Fotos-Pixabaysta.jpg","contentUrl":"https:\/\/blogs2.uef.fi\/biodiversityeducation-vanha\/wp-content\/uploads\/sites\/110\/2023\/03\/Sammal_-Myriams-Fotos-Pixabaysta.jpg","width":1920,"height":1280,"caption":"sammal-koristekuva"},{"@type":"WebSite","@id":"https:\/\/blogs2.uef.fi\/biodiversityeducation-vanha\/#website","url":"https:\/\/blogs2.uef.fi\/biodiversityeducation-vanha\/","name":"Biodiversiteettikoulutusverkosto","description":"","publisher":{"@id":"https:\/\/blogs2.uef.fi\/biodiversityeducation-vanha\/#organization"},"potentialAction":[{"@type":"SearchAction","target":{"@type":"EntryPoint","urlTemplate":"https:\/\/blogs2.uef.fi\/biodiversityeducation-vanha\/?s={search_term_string}"},"query-input":{"@type":"PropertyValueSpecification","valueRequired":true,"valueName":"search_term_string"}}],"inLanguage":"fi"},{"@type":"Organization","@id":"https:\/\/blogs2.uef.fi\/biodiversityeducation-vanha\/#organization","name":"Biodiversiteettikoulutusverkosto","url":"https:\/\/blogs2.uef.fi\/biodiversityeducation-vanha\/","logo":{"@type":"ImageObject","inLanguage":"fi","@id":"https:\/\/blogs2.uef.fi\/biodiversityeducation-vanha\/#\/schema\/logo\/image\/","url":"https:\/\/blogs2.uef.fi\/biodiversityeducation-vanha\/wp-content\/uploads\/sites\/110\/2023\/01\/Logo-ja-teksti.png","contentUrl":"https:\/\/blogs2.uef.fi\/biodiversityeducation-vanha\/wp-content\/uploads\/sites\/110\/2023\/01\/Logo-ja-teksti.png","width":785,"height":247,"caption":"Biodiversiteettikoulutusverkosto"},"image":{"@id":"https:\/\/blogs2.uef.fi\/biodiversityeducation-vanha\/#\/schema\/logo\/image\/"}}]}},"_links":{"self":[{"href":"https:\/\/blogs2.uef.fi\/biodiversityeducation-vanha\/wp-json\/wp\/v2\/pages\/123","targetHints":{"allow":["GET"]}}],"collection":[{"href":"https:\/\/blogs2.uef.fi\/biodiversityeducation-vanha\/wp-json\/wp\/v2\/pages"}],"about":[{"href":"https:\/\/blogs2.uef.fi\/biodiversityeducation-vanha\/wp-json\/wp\/v2\/types\/page"}],"author":[{"embeddable":true,"href":"https:\/\/blogs2.uef.fi\/biodiversityeducation-vanha\/wp-json\/wp\/v2\/users\/611"}],"replies":[{"embeddable":true,"href":"https:\/\/blogs2.uef.fi\/biodiversityeducation-vanha\/wp-json\/wp\/v2\/comments?post=123"}],"version-history":[{"count":2,"href":"https:\/\/blogs2.uef.fi\/biodiversityeducation-vanha\/wp-json\/wp\/v2\/pages\/123\/revisions"}],"predecessor-version":[{"id":3261,"href":"https:\/\/blogs2.uef.fi\/biodiversityeducation-vanha\/wp-json\/wp\/v2\/pages\/123\/revisions\/3261"}],"wp:featuredmedia":[{"embeddable":true,"href":"https:\/\/blogs2.uef.fi\/biodiversityeducation-vanha\/wp-json\/wp\/v2\/media\/201"}],"wp:attachment":[{"href":"https:\/\/blogs2.uef.fi\/biodiversityeducation-vanha\/wp-json\/wp\/v2\/media?parent=123"}],"curies":[{"name":"wp","href":"https:\/\/api.w.org\/{rel}","templated":true}]}}