{"id":172,"date":"2023-02-20T11:04:37","date_gmt":"2023-02-20T09:04:37","guid":{"rendered":"https:\/\/www.biodiversityeducation.fi\/?page_id=172"},"modified":"2025-02-11T11:25:20","modified_gmt":"2025-02-11T09:25:20","slug":"opiskeluohjeet","status":"publish","type":"page","link":"https:\/\/blogs2.uef.fi\/biodiversityeducation-vanha\/opinnot\/opiskeluohjeet\/","title":{"rendered":"Opiskeluohjeet"},"content":{"rendered":"\n<p><strong>Biodiversiteettiverkoston kurssit ovat avoinna It\u00e4-Suomen, Helsingin, Turun, Oulun ja Jyv\u00e4skyl\u00e4n yliopistojen sek\u00e4 \u00c5bo Akademin opiskelijoille. <\/strong>Opintotarjonta on suunnattu p\u00e4\u00e4s\u00e4\u00e4nt\u00f6isesti biologian, ymp\u00e4rist\u00f6tieteen, maataloustieteen, mets\u00e4tieteen ja maantieteen opiskelijoille.<\/p>\n\n\n\n<p>Verkoston kurssitarjonnan kautta opiskelijoilla on mahdollisuus laajentaa osaamistaan biodiversiteettiteemoista sek\u00e4 opiskella kursseja, joita ei ole tarjolla omassa yliopistossa. Kurssit ovat eritasoisia ja eri kohderyhmille suunnattuja ja niill\u00e4 voi olla opiskelijam\u00e4\u00e4r\u00e4rajouksia, tarkemmat tiedot l\u00f6ytyv\u00e4t Opinnot-sivuilta sek\u00e4 sinne linkitetyist\u00e4 yliopistojen opinto-oppaista.<\/p>\n\n\n\n<p>Verkoston kurssit on tarkoitettu t\u00e4ydent\u00e4m\u00e4\u00e4n opiskelijan omaa tutkintoa eik\u00e4 niist\u00e4 voi koostaa sivuainetta. Kumppaniyliopistoista suoritettavat kurssit eiv\u00e4t my\u00f6sk\u00e4\u00e4n kuulu automaattisesti oman yliopiston opintokokonaisuuksiin, vaan opiskelijan on itse sovittava verkoston kautta suorittamiensa kurssien sis\u00e4llytt\u00e4misest\u00e4 tutkintoonsa olemalla yhteydess\u00e4 omassa yliopistossa opintokokonaisuudesta vastaavan henkil\u00f6\u00f6n (Hops-ohjaajaan).<\/p>\n\n\n\n<p>Kursseille opinto-oikeuden hakeminen ja ilmoittautuminen tapahtuu kurssikohtaisesti. <strong>Opintoihin hakeminen edellytt\u00e4\u00e4, ett\u00e4 on opiskelijana jossakin yll\u00e4mainituista yliopistoista, on keskustellut asiasta HOPS-ohjaajan kanssa ja k\u00e4ytt\u00e4\u00e4 hakemisessa yliopiston s\u00e4hk\u00f6postiosoitetta.<\/strong><\/p>\n","protected":false},"excerpt":{"rendered":"<p>Biodiversiteettiverkoston kurssit ovat avoinna It\u00e4-Suomen, Helsingin, Turun, Oulun ja Jyv\u00e4skyl\u00e4n yliopistojen sek\u00e4 \u00c5bo Akademin opiskelijoille. Opintotarjonta on suunnattu p\u00e4\u00e4s\u00e4\u00e4nt\u00f6isesti biologian, ymp\u00e4rist\u00f6tieteen, maataloustieteen, mets\u00e4tieteen ja maantieteen opiskelijoille. Verkoston kurssitarjonnan kautta opiskelijoilla on mahdollisuus laajentaa osaamistaan biodiversiteettiteemoista sek\u00e4 opiskella kursseja, joita ei ole tarjolla omassa yliopistossa. Kurssit ovat eritasoisia ja eri kohderyhmille suunnattuja ja niill\u00e4 voi olla [&hellip;]<\/p>\n","protected":false},"author":611,"featured_media":201,"parent":123,"menu_order":0,"comment_status":"closed","ping_status":"closed","template":"","meta":{"_acf_changed":false,"footnotes":""},"class_list":["post-172","page","type-page","status-publish","has-post-thumbnail","hentry"],"acf":[],"yoast_head":"<!-- This site is optimized with the Yoast SEO plugin v27.3 - https:\/\/yoast.com\/product\/yoast-seo-wordpress\/ -->\n<title>Opiskeluohjeet - Biodiversiteettikoulutusverkosto<\/title>\n<meta name=\"robots\" content=\"index, follow, max-snippet:-1, max-image-preview:large, max-video-preview:-1\" \/>\n<link rel=\"canonical\" href=\"https:\/\/blogs2.uef.fi\/biodiversityeducation-vanha\/opinnot\/opiskeluohjeet\/\" \/>\n<meta property=\"og:locale\" content=\"fi_FI\" \/>\n<meta property=\"og:type\" content=\"article\" \/>\n<meta property=\"og:title\" content=\"Opiskeluohjeet - Biodiversiteettikoulutusverkosto\" \/>\n<meta property=\"og:description\" content=\"Biodiversiteettiverkoston kurssit ovat avoinna It\u00e4-Suomen, Helsingin, Turun, Oulun ja Jyv\u00e4skyl\u00e4n yliopistojen sek\u00e4 \u00c5bo Akademin opiskelijoille. Opintotarjonta on suunnattu p\u00e4\u00e4s\u00e4\u00e4nt\u00f6isesti biologian, ymp\u00e4rist\u00f6tieteen, maataloustieteen, mets\u00e4tieteen ja maantieteen opiskelijoille. Verkoston kurssitarjonnan kautta opiskelijoilla on mahdollisuus laajentaa osaamistaan biodiversiteettiteemoista sek\u00e4 opiskella kursseja, joita ei ole tarjolla omassa yliopistossa. Kurssit ovat eritasoisia ja eri kohderyhmille suunnattuja ja niill\u00e4 voi olla [&hellip;]\" \/>\n<meta property=\"og:url\" content=\"https:\/\/blogs2.uef.fi\/biodiversityeducation-vanha\/opinnot\/opiskeluohjeet\/\" \/>\n<meta property=\"og:site_name\" content=\"Biodiversiteettikoulutusverkosto\" \/>\n<meta property=\"article:modified_time\" content=\"2025-02-11T09:25:20+00:00\" \/>\n<meta property=\"og:image\" content=\"https:\/\/blogs2.uef.fi\/biodiversityeducation-vanha\/wp-content\/uploads\/sites\/110\/2023\/03\/Sammal_-Myriams-Fotos-Pixabaysta.jpg\" \/>\n\t<meta property=\"og:image:width\" content=\"1920\" \/>\n\t<meta property=\"og:image:height\" content=\"1280\" \/>\n\t<meta property=\"og:image:type\" content=\"image\/jpeg\" \/>\n<meta name=\"twitter:card\" content=\"summary_large_image\" \/>\n<meta name=\"twitter:label1\" content=\"Arvioitu lukuaika\" \/>\n\t<meta name=\"twitter:data1\" content=\"2 minuuttia\" \/>\n<script type=\"application\/ld+json\" class=\"yoast-schema-graph\">{\"@context\":\"https:\\\/\\\/schema.org\",\"@graph\":[{\"@type\":\"WebPage\",\"@id\":\"https:\\\/\\\/blogs2.uef.fi\\\/biodiversityeducation-vanha\\\/opinnot\\\/opiskeluohjeet\\\/\",\"url\":\"https:\\\/\\\/blogs2.uef.fi\\\/biodiversityeducation-vanha\\\/opinnot\\\/opiskeluohjeet\\\/\",\"name\":\"Opiskeluohjeet - Biodiversiteettikoulutusverkosto\",\"isPartOf\":{\"@id\":\"https:\\\/\\\/blogs2.uef.fi\\\/biodiversityeducation-vanha\\\/#website\"},\"primaryImageOfPage\":{\"@id\":\"https:\\\/\\\/blogs2.uef.fi\\\/biodiversityeducation-vanha\\\/opinnot\\\/opiskeluohjeet\\\/#primaryimage\"},\"image\":{\"@id\":\"https:\\\/\\\/blogs2.uef.fi\\\/biodiversityeducation-vanha\\\/opinnot\\\/opiskeluohjeet\\\/#primaryimage\"},\"thumbnailUrl\":\"https:\\\/\\\/blogs2.uef.fi\\\/biodiversityeducation-vanha\\\/wp-content\\\/uploads\\\/sites\\\/110\\\/2023\\\/03\\\/Sammal_-Myriams-Fotos-Pixabaysta.jpg\",\"datePublished\":\"2023-02-20T09:04:37+00:00\",\"dateModified\":\"2025-02-11T09:25:20+00:00\",\"breadcrumb\":{\"@id\":\"https:\\\/\\\/blogs2.uef.fi\\\/biodiversityeducation-vanha\\\/opinnot\\\/opiskeluohjeet\\\/#breadcrumb\"},\"inLanguage\":\"fi\",\"potentialAction\":[{\"@type\":\"ReadAction\",\"target\":[\"https:\\\/\\\/blogs2.uef.fi\\\/biodiversityeducation-vanha\\\/opinnot\\\/opiskeluohjeet\\\/\"]}]},{\"@type\":\"ImageObject\",\"inLanguage\":\"fi\",\"@id\":\"https:\\\/\\\/blogs2.uef.fi\\\/biodiversityeducation-vanha\\\/opinnot\\\/opiskeluohjeet\\\/#primaryimage\",\"url\":\"https:\\\/\\\/blogs2.uef.fi\\\/biodiversityeducation-vanha\\\/wp-content\\\/uploads\\\/sites\\\/110\\\/2023\\\/03\\\/Sammal_-Myriams-Fotos-Pixabaysta.jpg\",\"contentUrl\":\"https:\\\/\\\/blogs2.uef.fi\\\/biodiversityeducation-vanha\\\/wp-content\\\/uploads\\\/sites\\\/110\\\/2023\\\/03\\\/Sammal_-Myriams-Fotos-Pixabaysta.jpg\",\"width\":1920,\"height\":1280,\"caption\":\"sammal-koristekuva\"},{\"@type\":\"BreadcrumbList\",\"@id\":\"https:\\\/\\\/blogs2.uef.fi\\\/biodiversityeducation-vanha\\\/opinnot\\\/opiskeluohjeet\\\/#breadcrumb\",\"itemListElement\":[{\"@type\":\"ListItem\",\"position\":1,\"name\":\"Opinnot\",\"item\":\"https:\\\/\\\/blogs2.uef.fi\\\/biodiversityeducation-vanha\\\/opinnot\\\/\"},{\"@type\":\"ListItem\",\"position\":2,\"name\":\"Opiskeluohjeet\"}]},{\"@type\":\"WebSite\",\"@id\":\"https:\\\/\\\/blogs2.uef.fi\\\/biodiversityeducation-vanha\\\/#website\",\"url\":\"https:\\\/\\\/blogs2.uef.fi\\\/biodiversityeducation-vanha\\\/\",\"name\":\"Biodiversiteettikoulutusverkosto\",\"description\":\"\",\"publisher\":{\"@id\":\"https:\\\/\\\/blogs2.uef.fi\\\/biodiversityeducation-vanha\\\/#organization\"},\"potentialAction\":[{\"@type\":\"SearchAction\",\"target\":{\"@type\":\"EntryPoint\",\"urlTemplate\":\"https:\\\/\\\/blogs2.uef.fi\\\/biodiversityeducation-vanha\\\/?s={search_term_string}\"},\"query-input\":{\"@type\":\"PropertyValueSpecification\",\"valueRequired\":true,\"valueName\":\"search_term_string\"}}],\"inLanguage\":\"fi\"},{\"@type\":\"Organization\",\"@id\":\"https:\\\/\\\/blogs2.uef.fi\\\/biodiversityeducation-vanha\\\/#organization\",\"name\":\"Biodiversiteettikoulutusverkosto\",\"url\":\"https:\\\/\\\/blogs2.uef.fi\\\/biodiversityeducation-vanha\\\/\",\"logo\":{\"@type\":\"ImageObject\",\"inLanguage\":\"fi\",\"@id\":\"https:\\\/\\\/blogs2.uef.fi\\\/biodiversityeducation-vanha\\\/#\\\/schema\\\/logo\\\/image\\\/\",\"url\":\"https:\\\/\\\/blogs2.uef.fi\\\/biodiversityeducation-vanha\\\/wp-content\\\/uploads\\\/sites\\\/110\\\/2023\\\/01\\\/Logo-ja-teksti.png\",\"contentUrl\":\"https:\\\/\\\/blogs2.uef.fi\\\/biodiversityeducation-vanha\\\/wp-content\\\/uploads\\\/sites\\\/110\\\/2023\\\/01\\\/Logo-ja-teksti.png\",\"width\":785,\"height\":247,\"caption\":\"Biodiversiteettikoulutusverkosto\"},\"image\":{\"@id\":\"https:\\\/\\\/blogs2.uef.fi\\\/biodiversityeducation-vanha\\\/#\\\/schema\\\/logo\\\/image\\\/\"}}]}<\/script>\n<!-- \/ Yoast SEO plugin. -->","yoast_head_json":{"title":"Opiskeluohjeet - Biodiversiteettikoulutusverkosto","robots":{"index":"index","follow":"follow","max-snippet":"max-snippet:-1","max-image-preview":"max-image-preview:large","max-video-preview":"max-video-preview:-1"},"canonical":"https:\/\/blogs2.uef.fi\/biodiversityeducation-vanha\/opinnot\/opiskeluohjeet\/","og_locale":"fi_FI","og_type":"article","og_title":"Opiskeluohjeet - Biodiversiteettikoulutusverkosto","og_description":"Biodiversiteettiverkoston kurssit ovat avoinna It\u00e4-Suomen, Helsingin, Turun, Oulun ja Jyv\u00e4skyl\u00e4n yliopistojen sek\u00e4 \u00c5bo Akademin opiskelijoille. Opintotarjonta on suunnattu p\u00e4\u00e4s\u00e4\u00e4nt\u00f6isesti biologian, ymp\u00e4rist\u00f6tieteen, maataloustieteen, mets\u00e4tieteen ja maantieteen opiskelijoille. Verkoston kurssitarjonnan kautta opiskelijoilla on mahdollisuus laajentaa osaamistaan biodiversiteettiteemoista sek\u00e4 opiskella kursseja, joita ei ole tarjolla omassa yliopistossa. Kurssit ovat eritasoisia ja eri kohderyhmille suunnattuja ja niill\u00e4 voi olla [&hellip;]","og_url":"https:\/\/blogs2.uef.fi\/biodiversityeducation-vanha\/opinnot\/opiskeluohjeet\/","og_site_name":"Biodiversiteettikoulutusverkosto","article_modified_time":"2025-02-11T09:25:20+00:00","og_image":[{"width":1920,"height":1280,"url":"https:\/\/blogs2.uef.fi\/biodiversityeducation-vanha\/wp-content\/uploads\/sites\/110\/2023\/03\/Sammal_-Myriams-Fotos-Pixabaysta.jpg","type":"image\/jpeg"}],"twitter_card":"summary_large_image","twitter_misc":{"Arvioitu lukuaika":"2 minuuttia"},"schema":{"@context":"https:\/\/schema.org","@graph":[{"@type":"WebPage","@id":"https:\/\/blogs2.uef.fi\/biodiversityeducation-vanha\/opinnot\/opiskeluohjeet\/","url":"https:\/\/blogs2.uef.fi\/biodiversityeducation-vanha\/opinnot\/opiskeluohjeet\/","name":"Opiskeluohjeet - Biodiversiteettikoulutusverkosto","isPartOf":{"@id":"https:\/\/blogs2.uef.fi\/biodiversityeducation-vanha\/#website"},"primaryImageOfPage":{"@id":"https:\/\/blogs2.uef.fi\/biodiversityeducation-vanha\/opinnot\/opiskeluohjeet\/#primaryimage"},"image":{"@id":"https:\/\/blogs2.uef.fi\/biodiversityeducation-vanha\/opinnot\/opiskeluohjeet\/#primaryimage"},"thumbnailUrl":"https:\/\/blogs2.uef.fi\/biodiversityeducation-vanha\/wp-content\/uploads\/sites\/110\/2023\/03\/Sammal_-Myriams-Fotos-Pixabaysta.jpg","datePublished":"2023-02-20T09:04:37+00:00","dateModified":"2025-02-11T09:25:20+00:00","breadcrumb":{"@id":"https:\/\/blogs2.uef.fi\/biodiversityeducation-vanha\/opinnot\/opiskeluohjeet\/#breadcrumb"},"inLanguage":"fi","potentialAction":[{"@type":"ReadAction","target":["https:\/\/blogs2.uef.fi\/biodiversityeducation-vanha\/opinnot\/opiskeluohjeet\/"]}]},{"@type":"ImageObject","inLanguage":"fi","@id":"https:\/\/blogs2.uef.fi\/biodiversityeducation-vanha\/opinnot\/opiskeluohjeet\/#primaryimage","url":"https:\/\/blogs2.uef.fi\/biodiversityeducation-vanha\/wp-content\/uploads\/sites\/110\/2023\/03\/Sammal_-Myriams-Fotos-Pixabaysta.jpg","contentUrl":"https:\/\/blogs2.uef.fi\/biodiversityeducation-vanha\/wp-content\/uploads\/sites\/110\/2023\/03\/Sammal_-Myriams-Fotos-Pixabaysta.jpg","width":1920,"height":1280,"caption":"sammal-koristekuva"},{"@type":"BreadcrumbList","@id":"https:\/\/blogs2.uef.fi\/biodiversityeducation-vanha\/opinnot\/opiskeluohjeet\/#breadcrumb","itemListElement":[{"@type":"ListItem","position":1,"name":"Opinnot","item":"https:\/\/blogs2.uef.fi\/biodiversityeducation-vanha\/opinnot\/"},{"@type":"ListItem","position":2,"name":"Opiskeluohjeet"}]},{"@type":"WebSite","@id":"https:\/\/blogs2.uef.fi\/biodiversityeducation-vanha\/#website","url":"https:\/\/blogs2.uef.fi\/biodiversityeducation-vanha\/","name":"Biodiversiteettikoulutusverkosto","description":"","publisher":{"@id":"https:\/\/blogs2.uef.fi\/biodiversityeducation-vanha\/#organization"},"potentialAction":[{"@type":"SearchAction","target":{"@type":"EntryPoint","urlTemplate":"https:\/\/blogs2.uef.fi\/biodiversityeducation-vanha\/?s={search_term_string}"},"query-input":{"@type":"PropertyValueSpecification","valueRequired":true,"valueName":"search_term_string"}}],"inLanguage":"fi"},{"@type":"Organization","@id":"https:\/\/blogs2.uef.fi\/biodiversityeducation-vanha\/#organization","name":"Biodiversiteettikoulutusverkosto","url":"https:\/\/blogs2.uef.fi\/biodiversityeducation-vanha\/","logo":{"@type":"ImageObject","inLanguage":"fi","@id":"https:\/\/blogs2.uef.fi\/biodiversityeducation-vanha\/#\/schema\/logo\/image\/","url":"https:\/\/blogs2.uef.fi\/biodiversityeducation-vanha\/wp-content\/uploads\/sites\/110\/2023\/01\/Logo-ja-teksti.png","contentUrl":"https:\/\/blogs2.uef.fi\/biodiversityeducation-vanha\/wp-content\/uploads\/sites\/110\/2023\/01\/Logo-ja-teksti.png","width":785,"height":247,"caption":"Biodiversiteettikoulutusverkosto"},"image":{"@id":"https:\/\/blogs2.uef.fi\/biodiversityeducation-vanha\/#\/schema\/logo\/image\/"}}]}},"_links":{"self":[{"href":"https:\/\/blogs2.uef.fi\/biodiversityeducation-vanha\/wp-json\/wp\/v2\/pages\/172","targetHints":{"allow":["GET"]}}],"collection":[{"href":"https:\/\/blogs2.uef.fi\/biodiversityeducation-vanha\/wp-json\/wp\/v2\/pages"}],"about":[{"href":"https:\/\/blogs2.uef.fi\/biodiversityeducation-vanha\/wp-json\/wp\/v2\/types\/page"}],"author":[{"embeddable":true,"href":"https:\/\/blogs2.uef.fi\/biodiversityeducation-vanha\/wp-json\/wp\/v2\/users\/611"}],"replies":[{"embeddable":true,"href":"https:\/\/blogs2.uef.fi\/biodiversityeducation-vanha\/wp-json\/wp\/v2\/comments?post=172"}],"version-history":[{"count":2,"href":"https:\/\/blogs2.uef.fi\/biodiversityeducation-vanha\/wp-json\/wp\/v2\/pages\/172\/revisions"}],"predecessor-version":[{"id":2246,"href":"https:\/\/blogs2.uef.fi\/biodiversityeducation-vanha\/wp-json\/wp\/v2\/pages\/172\/revisions\/2246"}],"up":[{"embeddable":true,"href":"https:\/\/blogs2.uef.fi\/biodiversityeducation-vanha\/wp-json\/wp\/v2\/pages\/123"}],"wp:featuredmedia":[{"embeddable":true,"href":"https:\/\/blogs2.uef.fi\/biodiversityeducation-vanha\/wp-json\/wp\/v2\/media\/201"}],"wp:attachment":[{"href":"https:\/\/blogs2.uef.fi\/biodiversityeducation-vanha\/wp-json\/wp\/v2\/media?parent=172"}],"curies":[{"name":"wp","href":"https:\/\/api.w.org\/{rel}","templated":true}]}}