{"id":181,"date":"2023-02-20T11:08:14","date_gmt":"2023-02-20T09:08:14","guid":{"rendered":"https:\/\/www.biodiversityeducation.fi\/?page_id=181"},"modified":"2025-02-11T11:19:23","modified_gmt":"2025-02-11T09:19:23","slug":"toimintamalli","status":"publish","type":"page","link":"https:\/\/blogs2.uef.fi\/biodiversityeducation-vanha\/ajankohtaista\/toimintamalli\/","title":{"rendered":"Toimintamalli"},"content":{"rendered":"\n<p>Biodiversiteettikoulutusverkoston toiminta on k\u00e4ynnistetty Opetus- ja Kulttuuriministeri\u00f6n rahoituksella vuosina 2021\u20132022. Hankkeen tarkoituksena on ollut verkostomaisen yhteisty\u00f6n k\u00e4ynnist\u00e4minen ja yhteisty\u00f6n toimintamallin muodostaminen. Yhteisty\u00f6 on k\u00e4ynnistetty jo hankkeen hakuvaiheessa ja siit\u00e4 l\u00e4htien yhteisty\u00f6t\u00e4 on laajennettu ja toimintaa opetusyhteisty\u00f6n mahdollistamiseksi kehitetty. Keskeist\u00e4 toiminnassa on ollut ja tulee jatkossakin olemaan kiinnostus, innostus ja halukkuus toimia yhteisty\u00f6ss\u00e4 ja kehitt\u00e4\u00e4 biodiversiteettiaiheiden opetusta ja oppimismahdollisuuksia.<\/p>\n","protected":false},"excerpt":{"rendered":"<p>Biodiversiteettikoulutusverkoston toiminta on k\u00e4ynnistetty Opetus- ja Kulttuuriministeri\u00f6n rahoituksella vuosina 2021\u20132022. Hankkeen tarkoituksena on ollut verkostomaisen yhteisty\u00f6n k\u00e4ynnist\u00e4minen ja yhteisty\u00f6n toimintamallin muodostaminen. Yhteisty\u00f6 on k\u00e4ynnistetty jo hankkeen hakuvaiheessa ja siit\u00e4 l\u00e4htien yhteisty\u00f6t\u00e4 on laajennettu ja toimintaa opetusyhteisty\u00f6n mahdollistamiseksi kehitetty. Keskeist\u00e4 toiminnassa on ollut ja tulee jatkossakin olemaan kiinnostus, innostus ja halukkuus toimia yhteisty\u00f6ss\u00e4 ja kehitt\u00e4\u00e4 biodiversiteettiaiheiden [&hellip;]<\/p>\n","protected":false},"author":611,"featured_media":1225,"parent":110,"menu_order":0,"comment_status":"closed","ping_status":"closed","template":"","meta":{"_acf_changed":false,"footnotes":""},"class_list":["post-181","page","type-page","status-publish","has-post-thumbnail","hentry"],"acf":[],"yoast_head":"<!-- This site is optimized with the Yoast SEO plugin v27.3 - https:\/\/yoast.com\/product\/yoast-seo-wordpress\/ -->\n<title>Toimintamalli - Biodiversiteettikoulutusverkosto<\/title>\n<meta name=\"robots\" content=\"index, follow, max-snippet:-1, max-image-preview:large, max-video-preview:-1\" \/>\n<link rel=\"canonical\" href=\"https:\/\/blogs2.uef.fi\/biodiversityeducation-vanha\/ajankohtaista\/toimintamalli\/\" \/>\n<meta property=\"og:locale\" content=\"fi_FI\" \/>\n<meta property=\"og:type\" content=\"article\" \/>\n<meta property=\"og:title\" content=\"Toimintamalli - Biodiversiteettikoulutusverkosto\" \/>\n<meta property=\"og:description\" content=\"Biodiversiteettikoulutusverkoston toiminta on k\u00e4ynnistetty Opetus- ja Kulttuuriministeri\u00f6n rahoituksella vuosina 2021\u20132022. Hankkeen tarkoituksena on ollut verkostomaisen yhteisty\u00f6n k\u00e4ynnist\u00e4minen ja yhteisty\u00f6n toimintamallin muodostaminen. Yhteisty\u00f6 on k\u00e4ynnistetty jo hankkeen hakuvaiheessa ja siit\u00e4 l\u00e4htien yhteisty\u00f6t\u00e4 on laajennettu ja toimintaa opetusyhteisty\u00f6n mahdollistamiseksi kehitetty. Keskeist\u00e4 toiminnassa on ollut ja tulee jatkossakin olemaan kiinnostus, innostus ja halukkuus toimia yhteisty\u00f6ss\u00e4 ja kehitt\u00e4\u00e4 biodiversiteettiaiheiden [&hellip;]\" \/>\n<meta property=\"og:url\" content=\"https:\/\/blogs2.uef.fi\/biodiversityeducation-vanha\/ajankohtaista\/toimintamalli\/\" \/>\n<meta property=\"og:site_name\" content=\"Biodiversiteettikoulutusverkosto\" \/>\n<meta property=\"article:modified_time\" content=\"2025-02-11T09:19:23+00:00\" \/>\n<meta property=\"og:image\" content=\"https:\/\/blogs2.uef.fi\/biodiversityeducation-vanha\/wp-content\/uploads\/sites\/110\/2023\/03\/Heike-Pixabaysta-syksyn-lehtia.jpg\" \/>\n\t<meta property=\"og:image:width\" content=\"1920\" \/>\n\t<meta property=\"og:image:height\" content=\"1079\" \/>\n\t<meta property=\"og:image:type\" content=\"image\/jpeg\" \/>\n<meta name=\"twitter:card\" content=\"summary_large_image\" \/>\n<meta name=\"twitter:label1\" content=\"Arvioitu lukuaika\" \/>\n\t<meta name=\"twitter:data1\" content=\"1 minuutti\" \/>\n<script type=\"application\/ld+json\" class=\"yoast-schema-graph\">{\"@context\":\"https:\\\/\\\/schema.org\",\"@graph\":[{\"@type\":\"WebPage\",\"@id\":\"https:\\\/\\\/blogs2.uef.fi\\\/biodiversityeducation-vanha\\\/ajankohtaista\\\/toimintamalli\\\/\",\"url\":\"https:\\\/\\\/blogs2.uef.fi\\\/biodiversityeducation-vanha\\\/ajankohtaista\\\/toimintamalli\\\/\",\"name\":\"Toimintamalli - Biodiversiteettikoulutusverkosto\",\"isPartOf\":{\"@id\":\"https:\\\/\\\/blogs2.uef.fi\\\/biodiversityeducation-vanha\\\/#website\"},\"primaryImageOfPage\":{\"@id\":\"https:\\\/\\\/blogs2.uef.fi\\\/biodiversityeducation-vanha\\\/ajankohtaista\\\/toimintamalli\\\/#primaryimage\"},\"image\":{\"@id\":\"https:\\\/\\\/blogs2.uef.fi\\\/biodiversityeducation-vanha\\\/ajankohtaista\\\/toimintamalli\\\/#primaryimage\"},\"thumbnailUrl\":\"https:\\\/\\\/blogs2.uef.fi\\\/biodiversityeducation-vanha\\\/wp-content\\\/uploads\\\/sites\\\/110\\\/2023\\\/03\\\/Heike-Pixabaysta-syksyn-lehtia.jpg\",\"datePublished\":\"2023-02-20T09:08:14+00:00\",\"dateModified\":\"2025-02-11T09:19:23+00:00\",\"breadcrumb\":{\"@id\":\"https:\\\/\\\/blogs2.uef.fi\\\/biodiversityeducation-vanha\\\/ajankohtaista\\\/toimintamalli\\\/#breadcrumb\"},\"inLanguage\":\"fi\",\"potentialAction\":[{\"@type\":\"ReadAction\",\"target\":[\"https:\\\/\\\/blogs2.uef.fi\\\/biodiversityeducation-vanha\\\/ajankohtaista\\\/toimintamalli\\\/\"]}]},{\"@type\":\"ImageObject\",\"inLanguage\":\"fi\",\"@id\":\"https:\\\/\\\/blogs2.uef.fi\\\/biodiversityeducation-vanha\\\/ajankohtaista\\\/toimintamalli\\\/#primaryimage\",\"url\":\"https:\\\/\\\/blogs2.uef.fi\\\/biodiversityeducation-vanha\\\/wp-content\\\/uploads\\\/sites\\\/110\\\/2023\\\/03\\\/Heike-Pixabaysta-syksyn-lehtia.jpg\",\"contentUrl\":\"https:\\\/\\\/blogs2.uef.fi\\\/biodiversityeducation-vanha\\\/wp-content\\\/uploads\\\/sites\\\/110\\\/2023\\\/03\\\/Heike-Pixabaysta-syksyn-lehtia.jpg\",\"width\":1920,\"height\":1079},{\"@type\":\"BreadcrumbList\",\"@id\":\"https:\\\/\\\/blogs2.uef.fi\\\/biodiversityeducation-vanha\\\/ajankohtaista\\\/toimintamalli\\\/#breadcrumb\",\"itemListElement\":[{\"@type\":\"ListItem\",\"position\":1,\"name\":\"Ajankohtaista\",\"item\":\"https:\\\/\\\/blogs2.uef.fi\\\/biodiversityeducation-vanha\\\/ajankohtaista\\\/\"},{\"@type\":\"ListItem\",\"position\":2,\"name\":\"Toimintamalli\"}]},{\"@type\":\"WebSite\",\"@id\":\"https:\\\/\\\/blogs2.uef.fi\\\/biodiversityeducation-vanha\\\/#website\",\"url\":\"https:\\\/\\\/blogs2.uef.fi\\\/biodiversityeducation-vanha\\\/\",\"name\":\"Biodiversiteettikoulutusverkosto\",\"description\":\"\",\"publisher\":{\"@id\":\"https:\\\/\\\/blogs2.uef.fi\\\/biodiversityeducation-vanha\\\/#organization\"},\"potentialAction\":[{\"@type\":\"SearchAction\",\"target\":{\"@type\":\"EntryPoint\",\"urlTemplate\":\"https:\\\/\\\/blogs2.uef.fi\\\/biodiversityeducation-vanha\\\/?s={search_term_string}\"},\"query-input\":{\"@type\":\"PropertyValueSpecification\",\"valueRequired\":true,\"valueName\":\"search_term_string\"}}],\"inLanguage\":\"fi\"},{\"@type\":\"Organization\",\"@id\":\"https:\\\/\\\/blogs2.uef.fi\\\/biodiversityeducation-vanha\\\/#organization\",\"name\":\"Biodiversiteettikoulutusverkosto\",\"url\":\"https:\\\/\\\/blogs2.uef.fi\\\/biodiversityeducation-vanha\\\/\",\"logo\":{\"@type\":\"ImageObject\",\"inLanguage\":\"fi\",\"@id\":\"https:\\\/\\\/blogs2.uef.fi\\\/biodiversityeducation-vanha\\\/#\\\/schema\\\/logo\\\/image\\\/\",\"url\":\"https:\\\/\\\/blogs2.uef.fi\\\/biodiversityeducation-vanha\\\/wp-content\\\/uploads\\\/sites\\\/110\\\/2023\\\/01\\\/Logo-ja-teksti.png\",\"contentUrl\":\"https:\\\/\\\/blogs2.uef.fi\\\/biodiversityeducation-vanha\\\/wp-content\\\/uploads\\\/sites\\\/110\\\/2023\\\/01\\\/Logo-ja-teksti.png\",\"width\":785,\"height\":247,\"caption\":\"Biodiversiteettikoulutusverkosto\"},\"image\":{\"@id\":\"https:\\\/\\\/blogs2.uef.fi\\\/biodiversityeducation-vanha\\\/#\\\/schema\\\/logo\\\/image\\\/\"}}]}<\/script>\n<!-- \/ Yoast SEO plugin. -->","yoast_head_json":{"title":"Toimintamalli - Biodiversiteettikoulutusverkosto","robots":{"index":"index","follow":"follow","max-snippet":"max-snippet:-1","max-image-preview":"max-image-preview:large","max-video-preview":"max-video-preview:-1"},"canonical":"https:\/\/blogs2.uef.fi\/biodiversityeducation-vanha\/ajankohtaista\/toimintamalli\/","og_locale":"fi_FI","og_type":"article","og_title":"Toimintamalli - Biodiversiteettikoulutusverkosto","og_description":"Biodiversiteettikoulutusverkoston toiminta on k\u00e4ynnistetty Opetus- ja Kulttuuriministeri\u00f6n rahoituksella vuosina 2021\u20132022. Hankkeen tarkoituksena on ollut verkostomaisen yhteisty\u00f6n k\u00e4ynnist\u00e4minen ja yhteisty\u00f6n toimintamallin muodostaminen. Yhteisty\u00f6 on k\u00e4ynnistetty jo hankkeen hakuvaiheessa ja siit\u00e4 l\u00e4htien yhteisty\u00f6t\u00e4 on laajennettu ja toimintaa opetusyhteisty\u00f6n mahdollistamiseksi kehitetty. Keskeist\u00e4 toiminnassa on ollut ja tulee jatkossakin olemaan kiinnostus, innostus ja halukkuus toimia yhteisty\u00f6ss\u00e4 ja kehitt\u00e4\u00e4 biodiversiteettiaiheiden [&hellip;]","og_url":"https:\/\/blogs2.uef.fi\/biodiversityeducation-vanha\/ajankohtaista\/toimintamalli\/","og_site_name":"Biodiversiteettikoulutusverkosto","article_modified_time":"2025-02-11T09:19:23+00:00","og_image":[{"width":1920,"height":1079,"url":"https:\/\/blogs2.uef.fi\/biodiversityeducation-vanha\/wp-content\/uploads\/sites\/110\/2023\/03\/Heike-Pixabaysta-syksyn-lehtia.jpg","type":"image\/jpeg"}],"twitter_card":"summary_large_image","twitter_misc":{"Arvioitu lukuaika":"1 minuutti"},"schema":{"@context":"https:\/\/schema.org","@graph":[{"@type":"WebPage","@id":"https:\/\/blogs2.uef.fi\/biodiversityeducation-vanha\/ajankohtaista\/toimintamalli\/","url":"https:\/\/blogs2.uef.fi\/biodiversityeducation-vanha\/ajankohtaista\/toimintamalli\/","name":"Toimintamalli - Biodiversiteettikoulutusverkosto","isPartOf":{"@id":"https:\/\/blogs2.uef.fi\/biodiversityeducation-vanha\/#website"},"primaryImageOfPage":{"@id":"https:\/\/blogs2.uef.fi\/biodiversityeducation-vanha\/ajankohtaista\/toimintamalli\/#primaryimage"},"image":{"@id":"https:\/\/blogs2.uef.fi\/biodiversityeducation-vanha\/ajankohtaista\/toimintamalli\/#primaryimage"},"thumbnailUrl":"https:\/\/blogs2.uef.fi\/biodiversityeducation-vanha\/wp-content\/uploads\/sites\/110\/2023\/03\/Heike-Pixabaysta-syksyn-lehtia.jpg","datePublished":"2023-02-20T09:08:14+00:00","dateModified":"2025-02-11T09:19:23+00:00","breadcrumb":{"@id":"https:\/\/blogs2.uef.fi\/biodiversityeducation-vanha\/ajankohtaista\/toimintamalli\/#breadcrumb"},"inLanguage":"fi","potentialAction":[{"@type":"ReadAction","target":["https:\/\/blogs2.uef.fi\/biodiversityeducation-vanha\/ajankohtaista\/toimintamalli\/"]}]},{"@type":"ImageObject","inLanguage":"fi","@id":"https:\/\/blogs2.uef.fi\/biodiversityeducation-vanha\/ajankohtaista\/toimintamalli\/#primaryimage","url":"https:\/\/blogs2.uef.fi\/biodiversityeducation-vanha\/wp-content\/uploads\/sites\/110\/2023\/03\/Heike-Pixabaysta-syksyn-lehtia.jpg","contentUrl":"https:\/\/blogs2.uef.fi\/biodiversityeducation-vanha\/wp-content\/uploads\/sites\/110\/2023\/03\/Heike-Pixabaysta-syksyn-lehtia.jpg","width":1920,"height":1079},{"@type":"BreadcrumbList","@id":"https:\/\/blogs2.uef.fi\/biodiversityeducation-vanha\/ajankohtaista\/toimintamalli\/#breadcrumb","itemListElement":[{"@type":"ListItem","position":1,"name":"Ajankohtaista","item":"https:\/\/blogs2.uef.fi\/biodiversityeducation-vanha\/ajankohtaista\/"},{"@type":"ListItem","position":2,"name":"Toimintamalli"}]},{"@type":"WebSite","@id":"https:\/\/blogs2.uef.fi\/biodiversityeducation-vanha\/#website","url":"https:\/\/blogs2.uef.fi\/biodiversityeducation-vanha\/","name":"Biodiversiteettikoulutusverkosto","description":"","publisher":{"@id":"https:\/\/blogs2.uef.fi\/biodiversityeducation-vanha\/#organization"},"potentialAction":[{"@type":"SearchAction","target":{"@type":"EntryPoint","urlTemplate":"https:\/\/blogs2.uef.fi\/biodiversityeducation-vanha\/?s={search_term_string}"},"query-input":{"@type":"PropertyValueSpecification","valueRequired":true,"valueName":"search_term_string"}}],"inLanguage":"fi"},{"@type":"Organization","@id":"https:\/\/blogs2.uef.fi\/biodiversityeducation-vanha\/#organization","name":"Biodiversiteettikoulutusverkosto","url":"https:\/\/blogs2.uef.fi\/biodiversityeducation-vanha\/","logo":{"@type":"ImageObject","inLanguage":"fi","@id":"https:\/\/blogs2.uef.fi\/biodiversityeducation-vanha\/#\/schema\/logo\/image\/","url":"https:\/\/blogs2.uef.fi\/biodiversityeducation-vanha\/wp-content\/uploads\/sites\/110\/2023\/01\/Logo-ja-teksti.png","contentUrl":"https:\/\/blogs2.uef.fi\/biodiversityeducation-vanha\/wp-content\/uploads\/sites\/110\/2023\/01\/Logo-ja-teksti.png","width":785,"height":247,"caption":"Biodiversiteettikoulutusverkosto"},"image":{"@id":"https:\/\/blogs2.uef.fi\/biodiversityeducation-vanha\/#\/schema\/logo\/image\/"}}]}},"_links":{"self":[{"href":"https:\/\/blogs2.uef.fi\/biodiversityeducation-vanha\/wp-json\/wp\/v2\/pages\/181","targetHints":{"allow":["GET"]}}],"collection":[{"href":"https:\/\/blogs2.uef.fi\/biodiversityeducation-vanha\/wp-json\/wp\/v2\/pages"}],"about":[{"href":"https:\/\/blogs2.uef.fi\/biodiversityeducation-vanha\/wp-json\/wp\/v2\/types\/page"}],"author":[{"embeddable":true,"href":"https:\/\/blogs2.uef.fi\/biodiversityeducation-vanha\/wp-json\/wp\/v2\/users\/611"}],"replies":[{"embeddable":true,"href":"https:\/\/blogs2.uef.fi\/biodiversityeducation-vanha\/wp-json\/wp\/v2\/comments?post=181"}],"version-history":[{"count":14,"href":"https:\/\/blogs2.uef.fi\/biodiversityeducation-vanha\/wp-json\/wp\/v2\/pages\/181\/revisions"}],"predecessor-version":[{"id":1272,"href":"https:\/\/blogs2.uef.fi\/biodiversityeducation-vanha\/wp-json\/wp\/v2\/pages\/181\/revisions\/1272"}],"up":[{"embeddable":true,"href":"https:\/\/blogs2.uef.fi\/biodiversityeducation-vanha\/wp-json\/wp\/v2\/pages\/110"}],"wp:featuredmedia":[{"embeddable":true,"href":"https:\/\/blogs2.uef.fi\/biodiversityeducation-vanha\/wp-json\/wp\/v2\/media\/1225"}],"wp:attachment":[{"href":"https:\/\/blogs2.uef.fi\/biodiversityeducation-vanha\/wp-json\/wp\/v2\/media?parent=181"}],"curies":[{"name":"wp","href":"https:\/\/api.w.org\/{rel}","templated":true}]}}