{"version":"1.0","provider_name":"Biotalouden erikoistumiskoulutus It\u00e4-Suomi","provider_url":"https:\/\/blogs2.uef.fi\/biotalouskoulutus","title":"Biotalous ja elinik\u00e4isen oppimisen suositukset \u2013 osa 2 - Biotalouden erikoistumiskoulutus It\u00e4-Suomi","type":"rich","width":600,"height":338,"html":"<blockquote class=\"wp-embedded-content\" data-secret=\"5E4Cd32yUj\"><a href=\"https:\/\/blogs2.uef.fi\/biotalouskoulutus\/biotalous-ja-elinikaisen-oppimisen-suositukset-osa-2\/\">Biotalous ja elinik\u00e4isen oppimisen suositukset \u2013 osa 2<\/a><\/blockquote><iframe sandbox=\"allow-scripts\" security=\"restricted\" src=\"https:\/\/blogs2.uef.fi\/biotalouskoulutus\/biotalous-ja-elinikaisen-oppimisen-suositukset-osa-2\/embed\/#?secret=5E4Cd32yUj\" width=\"600\" height=\"338\" title=\"&#8221;Biotalous ja elinik\u00e4isen oppimisen suositukset \u2013 osa 2&#8221; &#8212; Biotalouden erikoistumiskoulutus It\u00e4-Suomi\" data-secret=\"5E4Cd32yUj\" frameborder=\"0\" marginwidth=\"0\" marginheight=\"0\" scrolling=\"no\" class=\"wp-embedded-content\"><\/iframe><script type=\"text\/javascript\">\n\/* <![CDATA[ *\/\n\/*! This file is auto-generated *\/\n!function(d,l){\"use strict\";l.querySelector&&d.addEventListener&&\"undefined\"!=typeof URL&&(d.wp=d.wp||{},d.wp.receiveEmbedMessage||(d.wp.receiveEmbedMessage=function(e){var t=e.data;if((t||t.secret||t.message||t.value)&&!\/[^a-zA-Z0-9]\/.test(t.secret)){for(var s,r,n,a=l.querySelectorAll('iframe[data-secret=\"'+t.secret+'\"]'),o=l.querySelectorAll('blockquote[data-secret=\"'+t.secret+'\"]'),c=new RegExp(\"^https?:$\",\"i\"),i=0;i<o.length;i++)o[i].style.display=\"none\";for(i=0;i<a.length;i++)s=a[i],e.source===s.contentWindow&&(s.removeAttribute(\"style\"),\"height\"===t.message?(1e3<(r=parseInt(t.value,10))?r=1e3:~~r<200&&(r=200),s.height=r):\"link\"===t.message&&(r=new URL(s.getAttribute(\"src\")),n=new URL(t.value),c.test(n.protocol))&&n.host===r.host&&l.activeElement===s&&(d.top.location.href=t.value))}},d.addEventListener(\"message\",d.wp.receiveEmbedMessage,!1),l.addEventListener(\"DOMContentLoaded\",function(){for(var e,t,s=l.querySelectorAll(\"iframe.wp-embedded-content\"),r=0;r<s.length;r++)(t=(e=s[r]).getAttribute(\"data-secret\"))||(t=Math.random().toString(36).substring(2,12),e.src+=\"#?secret=\"+t,e.setAttribute(\"data-secret\",t)),e.contentWindow.postMessage({message:\"ready\",secret:t},\"*\")},!1)))}(window,document);\n\/\/# sourceURL=https:\/\/blogs2.uef.fi\/biotalouskoulutus\/wp-includes\/js\/wp-embed.min.js\n\/* ]]> *\/\n<\/script>\n","thumbnail_url":"https:\/\/blogs2.uef.fi\/biotalouskoulutus\/wp-content\/uploads\/sites\/71\/2022\/01\/isabella-and-zsa-fischer-uSPjZzYwXO4-unsplash-e1643090775637.jpg","thumbnail_width":2279,"thumbnail_height":803,"description":"Paukkuvat pakkaset ovat siivitt\u00e4neet meit\u00e4 It\u00e4-Suomessa kohti vuoden ensimm\u00e4isi\u00e4 biotalouden tekoja. Join-bioerko -hankkeessa on ehditty jo vuoden vaihteen j\u00e4lkeen paneutua niin paikallisiin kuin kansainv\u00e4lisiinkin biotaloushaasteisiin ja lis\u00e4ksi uusi biotalouden erikoistumiskoulutuksen ryhm\u00e4 odottaa jo k\u00e4rsim\u00e4tt\u00f6m\u00e4sti ensimm\u00e4isi\u00e4 et\u00e4p\u00e4ivi\u00e4 ja koulutuksen alkua. Nyt uuden koulutuksen alkaessa onkin hyv\u00e4 palata vuoden 2021 viimeisimp\u00e4\u00e4n blogikirjoitukseemme, jossa porauduimme Sitran \u201dMill\u00e4 suosituksilla? [&hellip;]"}