{"id":136,"date":"2020-03-11T12:42:57","date_gmt":"2020-03-11T10:42:57","guid":{"rendered":"https:\/\/www.biotalouskoulutusitasuomi.fi\/?page_id=136"},"modified":"2021-02-15T12:21:08","modified_gmt":"2021-02-15T10:21:08","slug":"yhteyshenkilot","status":"publish","type":"page","link":"https:\/\/blogs2.uef.fi\/biotalouskoulutus\/yhteyshenkilot\/","title":{"rendered":"Ota yhteytt\u00e4"},"content":{"rendered":"\r\n<h3 class=\"wp-block-heading\">Biotalouden erikoistumiskoulutuksen yhteyshenkil\u00f6t<br \/><br \/><\/h3>\r\n<h4>Koordinaattorit<\/h4>\r\n<div class=\"tmm tmm_biotalouden-erikoistumiskoulutuksen-yhteyshenkilot\"><div class=\"tmm_3_columns tmm_wrap tmm_plugin_f\"><span class=\"tmm_two_containers_tablet\"><\/span><div class=\"tmm_container\"><div class=\"tmm_member\" style=\"border-top:#333333 solid 5px;\"><div class=\"tmm_photo tmm_pic_biotalouden-erikoistumiskoulutuksen-yhteyshenkilot_0\" style=\"background: url(https:\/\/www.biotalouskoulutusitasuomi.fi\/wp-content\/uploads\/sites\/71\/2021\/02\/guest-icon-png-29.png); margin-left: auto; margin-right:auto; background-size:cover !important;\"><\/div><div class=\"tmm_textblock\"><div class=\"tmm_names\"><span class=\"tmm_fname\">Piritta<\/span> <span class=\"tmm_lname\">Torssonen<\/span><\/div><div class=\"tmm_job\">MMT, tutkijatohtori, UEF Mets\u00e4tieteiden osasto <\/div><div class=\"tmm_desc\" style=\"text-align:\">Biotalouden jatkuvan oppimisen kehitt\u00e4minen. Biotalouden erikoistumiskoulutuksen koordinaattori ja Join-Bioerko-hankkeen projektip\u00e4\u00e4llikk\u00f6. Ohjaan projektit\u00f6it\u00e4 Biotalouden projekti \u2013kurssilla sek\u00e4 vastaa Mets\u00e4t, biotalous ja ilmasto-kurssin j\u00e4rjestelyist\u00e4.<\/div><div class=\"tmm_scblock\"><a class=\"tmm_sociallink\" href=\"mailto:&#112;ir&#105;&#116;ta.&#116;&#111;r&#115;s&#111;&#110;e&#110;&#064;&#117;&#101;&#102;&#046;fi\" title=\"\"><img decoding=\"async\" alt=\"\" src=\"https:\/\/blogs2.uef.fi\/biotalouskoulutus\/wp-content\/plugins\/team-members\/inc\/img\/links\/email.png\"\/><\/a><a class=\"tmm_sociallink\" href=\"tel:+358504058236\" title=\"050 405 8236\"><img decoding=\"async\" alt=\"050 405 8236\" src=\"https:\/\/blogs2.uef.fi\/biotalouskoulutus\/wp-content\/plugins\/team-members\/inc\/img\/links\/phone.png\"\/><\/a><a target=\"_blank\" class=\"tmm_sociallink\" href=\"https:\/\/linkedin.com\/in\/piritta-torssonen-b7a182a7\" title=\"\"><img decoding=\"async\" alt=\"\" src=\"https:\/\/blogs2.uef.fi\/biotalouskoulutus\/wp-content\/plugins\/team-members\/inc\/img\/links\/linkedin.png\"\/><\/a><\/div><\/div><\/div><div class=\"tmm_member\" style=\"border-top:#333333 solid 5px;\"><div class=\"tmm_photo tmm_pic_biotalouden-erikoistumiskoulutuksen-yhteyshenkilot_1\" style=\"background: url(https:\/\/www.biotalouskoulutusitasuomi.fi\/wp-content\/uploads\/sites\/71\/2021\/02\/guest-icon-png-29.png); margin-left: auto; margin-right:auto; background-size:cover !important;\"><\/div><div class=\"tmm_textblock\"><div class=\"tmm_names\"><span class=\"tmm_fname\">Sini<\/span> <span class=\"tmm_lname\">Rantanen<\/span><\/div><div class=\"tmm_job\">MMM, FM, lehtori, mets\u00e4talous, Karelia-ammattikorkeakoulu<\/div><div class=\"tmm_desc\" style=\"text-align:\">Mets\u00e4biotalouskoulutus ja mets\u00e4biotalous. Biotalouden erikoistumiskoulutuksen ja Join-Bioerko-hankkeen koordinaattori Karelia-amk:n osalta. Ohjaan projektit\u00f6it\u00e4 Biotalouden projekti -kurssilla ja vastaan Biotalous ja energia -kurssin j\u00e4rjestelyist\u00e4.<\/div><div class=\"tmm_scblock\"><a class=\"tmm_sociallink\" href=\"mailto:&#112;ir&#105;&#116;ta&#046;tor&#115;&#115;&#111;ne&#110;&#064;&#117;&#101;f.&#102;i\" title=\"\"><img decoding=\"async\" alt=\"\" src=\"https:\/\/blogs2.uef.fi\/biotalouskoulutus\/wp-content\/plugins\/team-members\/inc\/img\/links\/email.png\"\/><\/a><a class=\"tmm_sociallink\" href=\"tel:+358504621967\" title=\"0504621967\"><img decoding=\"async\" alt=\"0504621967\" src=\"https:\/\/blogs2.uef.fi\/biotalouskoulutus\/wp-content\/plugins\/team-members\/inc\/img\/links\/phone.png\"\/><\/a><a target=\"_blank\" class=\"tmm_sociallink\" href=\"https:\/\/linkedin.com\/in\/sini-rantanen\" title=\"\"><img decoding=\"async\" alt=\"\" src=\"https:\/\/blogs2.uef.fi\/biotalouskoulutus\/wp-content\/plugins\/team-members\/inc\/img\/links\/linkedin.png\"\/><\/a><\/div><\/div><\/div><span class=\"tmm_two_containers_tablet\"><\/span><div class=\"tmm_member\" style=\"border-top:#333333 solid 5px;\"><div class=\"tmm_photo tmm_pic_biotalouden-erikoistumiskoulutuksen-yhteyshenkilot_2\" style=\"background: url(https:\/\/www.biotalouskoulutusitasuomi.fi\/wp-content\/uploads\/sites\/71\/2021\/02\/guest-icon-png-29.png); margin-left: auto; margin-right:auto; background-size:cover !important;\"><\/div><div class=\"tmm_textblock\"><div class=\"tmm_names\"><span class=\"tmm_fname\">Tanja<\/span> <span class=\"tmm_lname\">Pentinsaari<\/span><\/div><div class=\"tmm_job\">DI, lehtori, energiatekniikka, Savonia-ammattikorkeakoulu <\/div><div class=\"tmm_desc\" style=\"text-align:\">Energiatekniikka ja sen sovellukset, kiertotalous, ymp\u00e4rist\u00f6tekniikka. Biotalouden erikoistumiskoulutuksen vastuuopettaja Savonia-amk:ssa sek\u00e4 mukana toteuttamassa Join-bioerko- hanketta.<\/div><div class=\"tmm_scblock\"><a class=\"tmm_sociallink\" href=\"mailto:&#084;&#097;nj&#097;.Pe&#110;&#116;ins&#097;a&#114;i&#064;s&#097;&#118;&#111;&#110;i&#097;.f&#105;\" title=\"\"><img decoding=\"async\" alt=\"\" src=\"https:\/\/blogs2.uef.fi\/biotalouskoulutus\/wp-content\/plugins\/team-members\/inc\/img\/links\/email.png\"\/><\/a><a class=\"tmm_sociallink\" href=\"tel:+358447856762\" title=\"044 785 6762\"><img decoding=\"async\" alt=\"044 785 6762\" src=\"https:\/\/blogs2.uef.fi\/biotalouskoulutus\/wp-content\/plugins\/team-members\/inc\/img\/links\/phone.png\"\/><\/a><a target=\"_blank\" class=\"tmm_sociallink\" href=\"https:\/\/www.savonia.fi\/henkilosto\/tanja-pentinsaari\/\" title=\"\"><img decoding=\"async\" alt=\"\" src=\"https:\/\/blogs2.uef.fi\/biotalouskoulutus\/wp-content\/plugins\/team-members\/inc\/img\/links\/website.png\"\/><\/a><\/div><\/div><\/div><div style=\"clear:both;\"><\/div><\/div><\/div><\/div>\r\n\r\n\r\n\r\n\r\n\r\n\r\n\r\n<h4 class=\"wp-block-heading\"><span class=\"TextRun SCXW77878438 BCX0\" lang=\"FI-FI\" xml:lang=\"FI-FI\" data-contrast=\"auto\"><span class=\"NormalTextRun SCXW77878438 BCX0\">Biotalouden erikoistumiskoulutuksessa ja kehitt\u00e4mishankkeessa mukana<\/span><\/span><\/h4>\r\n\r\n\r\n\r\n<div class=\"tmm tmm_kaikki\"><div class=\"tmm_3_columns tmm_wrap tmm_plugin_f\"><span class=\"tmm_two_containers_tablet\"><\/span><div class=\"tmm_container\"><div class=\"tmm_member\" style=\"border-top:#333333 solid 5px;\"><div class=\"tmm_textblock\"><div class=\"tmm_names\"><span class=\"tmm_fname\">Jukka<\/span> <span class=\"tmm_lname\">Tikkanen<\/span><\/div><div class=\"tmm_job\">MMT, tutkimusjohtaja, Mets\u00e4politiikka ja ekonomia, UEF mets\u00e4tieteiden osasto (osaston johtaja 1.1.2021-31.12.2021)<\/div><div class=\"tmm_desc\" style=\"text-align:\">Mets\u00e4politiikan tutkimus ja opetus: Kansainv\u00e4linen mets\u00e4politiikka, osallistava suunnittelu, ei puuaineiset mets\u00e4n tuotteet, p\u00e4\u00e4t\u00f6sanalyysi. Vastaan kursseista \u201cMuutoksen asiantuntijuus ja johtaminen biotaloudessa\u201d sek\u00e4 \u201cMets\u00e4t, biotalous ja ilmasto.\u201d<\/div><div class=\"tmm_scblock\"><a class=\"tmm_sociallink\" href=\"mailto:ju&#107;ka.&#116;&#105;&#107;&#107;&#097;&#110;&#101;&#110;&#064;uef&#046;fi\" title=\"\"><img decoding=\"async\" alt=\"\" src=\"https:\/\/blogs2.uef.fi\/biotalouskoulutus\/wp-content\/plugins\/team-members\/inc\/img\/links\/email.png\"\/><\/a><a class=\"tmm_sociallink\" href=\"tel:+358505942049\" title=\"0505942049\"><img decoding=\"async\" alt=\"0505942049\" src=\"https:\/\/blogs2.uef.fi\/biotalouskoulutus\/wp-content\/plugins\/team-members\/inc\/img\/links\/phone.png\"\/><\/a><a target=\"_blank\" class=\"tmm_sociallink\" href=\"https:\/\/uefconnect.uef.fi\/henkilo\/jukka.tikkanen\/\" title=\"\"><img decoding=\"async\" alt=\"\" src=\"https:\/\/blogs2.uef.fi\/biotalouskoulutus\/wp-content\/plugins\/team-members\/inc\/img\/links\/website.png\"\/><\/a><\/div><\/div><\/div><div class=\"tmm_member\" style=\"border-top:#333333 solid 5px;\"><div class=\"tmm_textblock\"><div class=\"tmm_names\"><span class=\"tmm_fname\">Laura<\/span> <span class=\"tmm_lname\">Tomppo<\/span><\/div><div class=\"tmm_job\">FT, yliopistotutkija, UEF sovelletun fysiikan laitos ja SIB Labs -infrastruktuuriyksikk\u00f6<\/div><div class=\"tmm_desc\" style=\"text-align:\">Puu- ja biopohjaiset materiaalit sek\u00e4 erilaiset teknologiat mm. sivuvirtojen prosessointiin. Ohjaan projektit\u00f6it\u00e4 Biotalouden projekti -kurssilla.<\/div><div class=\"tmm_scblock\"><a class=\"tmm_sociallink\" href=\"mailto:l&#097;u&#114;&#097;&#046;&#116;o&#109;&#112;&#112;o&#064;uef&#046;fi\" title=\"\"><img decoding=\"async\" alt=\"\" src=\"https:\/\/blogs2.uef.fi\/biotalouskoulutus\/wp-content\/plugins\/team-members\/inc\/img\/links\/email.png\"\/><\/a><a class=\"tmm_sociallink\" href=\"tel:+358403552541\" title=\"\"><img decoding=\"async\" alt=\"\" src=\"https:\/\/blogs2.uef.fi\/biotalouskoulutus\/wp-content\/plugins\/team-members\/inc\/img\/links\/phone.png\"\/><\/a><a target=\"_blank\" class=\"tmm_sociallink\" href=\"https:\/\/linkedin.com\/in\/lauratomppo\" title=\"\"><img decoding=\"async\" alt=\"\" src=\"https:\/\/blogs2.uef.fi\/biotalouskoulutus\/wp-content\/plugins\/team-members\/inc\/img\/links\/linkedin.png\"\/><\/a><\/div><\/div><\/div><span class=\"tmm_two_containers_tablet\"><\/span><div class=\"tmm_member\" style=\"border-top:#333333 solid 5px;\"><div class=\"tmm_textblock\"><div class=\"tmm_names\"><span class=\"tmm_fname\">Reijo<\/span> <span class=\"tmm_lname\">Lappalainen<\/span><\/div><div class=\"tmm_job\">Professori, biomateriaalitekniikka, UEF sovelletun fysiikan laitos<\/div><div class=\"tmm_desc\" style=\"text-align:\">Biomateriaalit laajasti: niiden tutkimus, tuotekehitys ja innovaatiot. Biojalostuksen uudet menetelm\u00e4t sivuvirtojen prosessointiin pinnoitteisiin, komposiitteihin, kasvintautien torjuntaan, materiaalitekniikkaan, terveyden huoltoon jne. Biojalostus-kurssi.<\/div><div class=\"tmm_scblock\"><a class=\"tmm_sociallink\" href=\"mailto:&#114;ei&#106;&#111;&#046;&#108;&#097;pp&#097;l&#097;ine&#110;&#064;ue&#102;.&#102;i\" title=\"\"><img decoding=\"async\" alt=\"\" src=\"https:\/\/blogs2.uef.fi\/biotalouskoulutus\/wp-content\/plugins\/team-members\/inc\/img\/links\/email.png\"\/><\/a><a class=\"tmm_sociallink\" href=\"tel:+358403552564\" title=\"0403552564\"><img decoding=\"async\" alt=\"0403552564\" src=\"https:\/\/blogs2.uef.fi\/biotalouskoulutus\/wp-content\/plugins\/team-members\/inc\/img\/links\/phone.png\"\/><\/a><a target=\"_blank\" class=\"tmm_sociallink\" href=\"https:\/\/uefconnect.uef.fi\/henkilo\/reijo.lappalainen\/\" title=\"\"><img decoding=\"async\" alt=\"\" src=\"https:\/\/blogs2.uef.fi\/biotalouskoulutus\/wp-content\/plugins\/team-members\/inc\/img\/links\/website.png\"\/><\/a><\/div><\/div><\/div><\/div><span class=\"tmm_columns_containers_desktop\"><\/span><div class=\"tmm_container\"><div class=\"tmm_member\" style=\"border-top:#333333 solid 5px;\"><div class=\"tmm_textblock\"><div class=\"tmm_names\"><span class=\"tmm_fname\">Harri<\/span> <span class=\"tmm_lname\">Auvinen<\/span><\/div><div class=\"tmm_job\">TkT, Tutkimus- ja kehitysp\u00e4\u00e4llikk\u00f6, bio- ja kiertotalouden vahvuusala, Savonia-ammattikorkeakoulu<\/div><div class=\"tmm_desc\" style=\"text-align:\">Bio- ja kiertotalouteen liittyv\u00e4t TKI-toimenpiteet. Yritysyhteisty\u00f6 erityisesti Pohjois-Savon alueella. Kv-yhteisty\u00f6 ja hankkeistus. Bioneerit-verkoston ja Biotalouden ekosysteemin rakentaminen yhteisty\u00f6ss\u00e4 (Savonia-UEF-Luke-Sakky)<\/div><div class=\"tmm_scblock\"><a class=\"tmm_sociallink\" href=\"mailto:&#104;ar&#114;&#105;.&#097;&#117;&#118;&#105;&#110;e&#110;&#064;s&#097;von&#105;a&#046;fi\" title=\"\"><img decoding=\"async\" alt=\"\" src=\"https:\/\/blogs2.uef.fi\/biotalouskoulutus\/wp-content\/plugins\/team-members\/inc\/img\/links\/email.png\"\/><\/a><a class=\"tmm_sociallink\" href=\"tel:+358447856923\" title=\"044\u202f785 6923\"><img decoding=\"async\" alt=\"044\u202f785 6923\" src=\"https:\/\/blogs2.uef.fi\/biotalouskoulutus\/wp-content\/plugins\/team-members\/inc\/img\/links\/phone.png\"\/><\/a><a target=\"_blank\" class=\"tmm_sociallink\" href=\"https:\/\/www.linkedin.com\/in\/harri-auvinen-87466b152\/?originalSubdomain=fi\" title=\"\"><img decoding=\"async\" alt=\"\" src=\"https:\/\/blogs2.uef.fi\/biotalouskoulutus\/wp-content\/plugins\/team-members\/inc\/img\/links\/linkedin.png\"\/><\/a><\/div><\/div><\/div><span class=\"tmm_two_containers_tablet\"><\/span><div class=\"tmm_member\" style=\"border-top:#333333 solid 5px;\"><div class=\"tmm_textblock\"><div class=\"tmm_names\"><span class=\"tmm_fname\">Jasmin<\/span> <span class=\"tmm_lname\">Raitala<\/span><\/div><div class=\"tmm_job\">Myynnin ja markkinoinnin kehitt\u00e4j\u00e4, projektity\u00f6ntekij\u00e4, bio- ja kiertotalouden vahvuusala, Savonia-ammattikorkeakoulu<\/div><div class=\"tmm_desc\" style=\"text-align:\">Bio- ja kiertotalouden TKI-projektit<\/div><div class=\"tmm_scblock\"><a class=\"tmm_sociallink\" href=\"mailto:&#106;asm&#105;&#110;.&#114;&#097;it&#097;&#108;a&#064;&#115;&#097;v&#111;ni&#097;&#046;fi\" title=\"\"><img decoding=\"async\" alt=\"\" src=\"https:\/\/blogs2.uef.fi\/biotalouskoulutus\/wp-content\/plugins\/team-members\/inc\/img\/links\/email.png\"\/><\/a><a class=\"tmm_sociallink\" href=\"tel:+358447855041\" title=\"044\u202f785 5041\"><img decoding=\"async\" alt=\"044\u202f785 5041\" src=\"https:\/\/blogs2.uef.fi\/biotalouskoulutus\/wp-content\/plugins\/team-members\/inc\/img\/links\/phone.png\"\/><\/a><a target=\"_blank\" class=\"tmm_sociallink\" href=\"https:\/\/www.linkedin.com\/in\/jasmin-raitala-042617161\/\" title=\"\"><img decoding=\"async\" alt=\"\" src=\"https:\/\/blogs2.uef.fi\/biotalouskoulutus\/wp-content\/plugins\/team-members\/inc\/img\/links\/linkedin.png\"\/><\/a><\/div><\/div><\/div><div class=\"tmm_member\" style=\"border-top:#333333 solid 5px;\"><div class=\"tmm_textblock\"><div class=\"tmm_names\"><span class=\"tmm_fname\">Anne<\/span> <span class=\"tmm_lname\">Poutiainen<\/span><\/div><div class=\"tmm_job\">MMM, lehtori, opinto-ohjaaja, energia- ja ymp\u00e4rist\u00f6tekniikka, Karelia-ammattikorkeakoulu<\/div><div class=\"tmm_desc\" style=\"text-align:\">Energia- ja ymp\u00e4rist\u00f6tekniikka, biotalous ja kiertotalous. Biotalouden erikoistumiskoulutuksessa vastaan Hiilitaloudesta biotalouteen -opintojaksosta.<\/div><div class=\"tmm_scblock\"><a class=\"tmm_sociallink\" href=\"mailto:&#065;nne.p&#111;&#117;tia&#105;&#110;&#101;n&#064;&#107;arel&#105;a&#046;&#102;i\" title=\"\"><img decoding=\"async\" alt=\"\" src=\"https:\/\/blogs2.uef.fi\/biotalouskoulutus\/wp-content\/plugins\/team-members\/inc\/img\/links\/email.png\"\/><\/a><a class=\"tmm_sociallink\" href=\"tel:+358505020366\" title=\"050 5020366\"><img decoding=\"async\" alt=\"050 5020366\" src=\"https:\/\/blogs2.uef.fi\/biotalouskoulutus\/wp-content\/plugins\/team-members\/inc\/img\/links\/phone.png\"\/><\/a><a target=\"_blank\" class=\"tmm_sociallink\" href=\"https:\/\/www.linkedin.com\/in\/anne-poutiainen-7053a988\/\" title=\"\"><img decoding=\"async\" alt=\"\" src=\"https:\/\/blogs2.uef.fi\/biotalouskoulutus\/wp-content\/plugins\/team-members\/inc\/img\/links\/linkedin.png\"\/><\/a><\/div><\/div><\/div><span class=\"tmm_two_containers_tablet\"><\/span><\/div><span class=\"tmm_columns_containers_desktop\"><\/span><div class=\"tmm_container\"><div class=\"tmm_member\" style=\"border-top:#333333 solid 5px;\"><div class=\"tmm_textblock\"><div class=\"tmm_names\"><span class=\"tmm_fname\">Teppo<\/span> <span class=\"tmm_lname\">Hujala<\/span><\/div><div class=\"tmm_job\">Professori, MMT,  dosentti, UEF mets\u00e4tieteiden osasto <\/div><div class=\"tmm_desc\" style=\"text-align:\">Mets\u00e4biotalous, erityisesti mets\u00e4biotalouden ennakointi ja mets\u00e4tieteisiin sovellettu tulevaisuudentutkimus, uudet liiketoimintamallit ja politiikkakeinot, mets\u00e4nomistajatutkimus. Vastaan Biotalouden ennakointi ja innovaatiot \u2013opintojaksosta.<\/div><div class=\"tmm_scblock\"><a class=\"tmm_sociallink\" href=\"mailto:&#116;&#101;pp&#111;.h&#117;&#106;a&#108;&#097;&#064;uef&#046;f&#105;\" title=\"\"><img decoding=\"async\" alt=\"\" src=\"https:\/\/blogs2.uef.fi\/biotalouskoulutus\/wp-content\/plugins\/team-members\/inc\/img\/links\/email.png\"\/><\/a><a class=\"tmm_sociallink\" href=\"tel:+358503367457\" title=\"050 336 7457\"><img decoding=\"async\" alt=\"050 336 7457\" src=\"https:\/\/blogs2.uef.fi\/biotalouskoulutus\/wp-content\/plugins\/team-members\/inc\/img\/links\/phone.png\"\/><\/a><a target=\"_blank\" class=\"tmm_sociallink\" href=\"https:\/\/www.linkedin.com\/in\/tjhujala\/\" title=\"\"><img decoding=\"async\" alt=\"\" src=\"https:\/\/blogs2.uef.fi\/biotalouskoulutus\/wp-content\/plugins\/team-members\/inc\/img\/links\/linkedin.png\"\/><\/a><\/div><\/div><\/div><div class=\"tmm_member\" style=\"border-top:#333333 solid 5px;\"><div class=\"tmm_textblock\"><div class=\"tmm_names\"><span class=\"tmm_fname\">Anniina <\/span> <span class=\"tmm_lname\">Kontiokorpi<\/span><\/div><div class=\"tmm_job\">DI, lehtori, energia- ja ymp\u00e4rist\u00f6tekniikka, Karelia-ammattikorkeakoulu<\/div><div class=\"tmm_desc\" style=\"text-align:\">Uusiutuvat ja puhtaat energiateknologiat, v\u00e4h\u00e4hiiliset ratkaisut, ilmastonmuutos, ymp\u00e4rist\u00f6vaikutukset, kiertotalous. Olen mukana Join-Bioerko \u2013hankkeessa kehitt\u00e4m\u00e4ss\u00e4 erikoistumiskoulutuksen toteutusta sek\u00e4 luennoitsijana Biotalous ja energia -kurssilla.<\/div><div class=\"tmm_scblock\"><a class=\"tmm_sociallink\" href=\"mailto:a&#110;&#110;&#105;&#105;&#110;a.&#107;&#111;&#110;ti&#111;&#107;o&#114;&#112;&#105;&#064;&#107;&#097;r&#101;&#108;ia.f&#105;\" title=\"\"><img decoding=\"async\" alt=\"\" src=\"https:\/\/blogs2.uef.fi\/biotalouskoulutus\/wp-content\/plugins\/team-members\/inc\/img\/links\/email.png\"\/><\/a><a class=\"tmm_sociallink\" href=\"tel:+358469211790\" title=\"046 921 1790\"><img decoding=\"async\" alt=\"046 921 1790\" src=\"https:\/\/blogs2.uef.fi\/biotalouskoulutus\/wp-content\/plugins\/team-members\/inc\/img\/links\/phone.png\"\/><\/a><a target=\"_blank\" class=\"tmm_sociallink\" href=\"https:\/\/www.linkedin.com\/in\/anniina-kontiokorpi\/\" title=\"\"><img decoding=\"async\" alt=\"\" src=\"https:\/\/blogs2.uef.fi\/biotalouskoulutus\/wp-content\/plugins\/team-members\/inc\/img\/links\/linkedin.png\"\/><\/a><\/div><\/div><\/div><span class=\"tmm_two_containers_tablet\"><\/span><div class=\"tmm_member\" style=\"border-top:#333333 solid 5px;\"><div class=\"tmm_textblock\"><div class=\"tmm_names\"><span class=\"tmm_fname\">Kasperi<\/span> <span class=\"tmm_lname\">Vuorikari<\/span><\/div><div class=\"tmm_job\">DI, projektip\u00e4\u00e4llikk\u00f6, prosessi- ja ymp\u00e4rist\u00f6tekniikka <\/div><div class=\"tmm_desc\" style=\"text-align:\">Bioprosessit, biohiili, termokemialliset prosessit<\/div><div class=\"tmm_scblock\"><a class=\"tmm_sociallink\" href=\"mailto:&#107;&#097;sp&#101;ri.&#118;&#117;orikar&#105;&#064;&#115;a&#118;o&#110;&#105;a.&#102;&#105;\" title=\"\"><img decoding=\"async\" alt=\"\" src=\"https:\/\/blogs2.uef.fi\/biotalouskoulutus\/wp-content\/plugins\/team-members\/inc\/img\/links\/email.png\"\/><\/a><a class=\"tmm_sociallink\" href=\"tel:+358447856027\" title=\"044\u202f785 6027\"><img decoding=\"async\" alt=\"044\u202f785 6027\" src=\"https:\/\/blogs2.uef.fi\/biotalouskoulutus\/wp-content\/plugins\/team-members\/inc\/img\/links\/phone.png\"\/><\/a><a target=\"_blank\" class=\"tmm_sociallink\" href=\"https:\/\/www.linkedin.com\/in\/kasperi-vuorikari-a7b5872b\/?originalSubdomain=fi\" title=\"\"><img decoding=\"async\" alt=\"\" src=\"https:\/\/blogs2.uef.fi\/biotalouskoulutus\/wp-content\/plugins\/team-members\/inc\/img\/links\/linkedin.png\"\/><\/a><\/div><\/div><\/div><\/div><span class=\"tmm_columns_containers_desktop\"><\/span><div class=\"tmm_container\"><div class=\"tmm_member\" style=\"border-top:#333333 solid 5px;\"><div class=\"tmm_textblock\"><div class=\"tmm_names\"><span class=\"tmm_fname\">Ulla <\/span> <span class=\"tmm_lname\">Santti<\/span><\/div><div class=\"tmm_job\">KTM, TKI-asiantuntija ja projektip\u00e4\u00e4llikk\u00f6, bio- ja kiertotalouden vahvuusala <\/div><div class=\"tmm_desc\" style=\"text-align:\">Bio- ja kiertotalouden hankkeiden vet\u00e4minen (Green Data Future Solutions ja AWARE: Against Waste), hanke- ja yritysyhteisty\u00f6, sek\u00e4 yritysten liiketoiminnan kehitt\u00e4minen. yTiimi-valmentaja ja liiketoiminnan kehitt\u00e4miseen ja hankkeisiin liittyvien opinn\u00e4ytet\u00f6iden ohjaus.<\/div><div class=\"tmm_scblock\"><a class=\"tmm_sociallink\" href=\"mailto:&#117;&#108;la.&#115;an&#116;&#116;i&#064;sa&#118;&#111;nia&#046;fi\" title=\"\"><img decoding=\"async\" alt=\"\" src=\"https:\/\/blogs2.uef.fi\/biotalouskoulutus\/wp-content\/plugins\/team-members\/inc\/img\/links\/email.png\"\/><\/a><a class=\"tmm_sociallink\" href=\"tel:+358447856921\" title=\"044\u202f785 6921\"><img decoding=\"async\" alt=\"044\u202f785 6921\" src=\"https:\/\/blogs2.uef.fi\/biotalouskoulutus\/wp-content\/plugins\/team-members\/inc\/img\/links\/phone.png\"\/><\/a><a target=\"_blank\" class=\"tmm_sociallink\" href=\"https:\/\/www.linkedin.com\/in\/ullasantti\/\" title=\"\"><img decoding=\"async\" alt=\"\" src=\"https:\/\/blogs2.uef.fi\/biotalouskoulutus\/wp-content\/plugins\/team-members\/inc\/img\/links\/linkedin.png\"\/><\/a><\/div><\/div><\/div><span class=\"tmm_two_containers_tablet\"><\/span><div class=\"tmm_member\" style=\"border-top:#333333 solid 5px;\"><div class=\"tmm_textblock\"><div class=\"tmm_names\"><span class=\"tmm_fname\">Kim<\/span> <span class=\"tmm_lname\">Blomqvist<\/span><\/div><div class=\"tmm_job\">Projektip\u00e4\u00e4llikk\u00f6, energia- ja ymp\u00e4rist\u00f6tekniikka, Karelia-ammattikorkeakoulu <\/div><div class=\"tmm_desc\" style=\"text-align:\">Uusiutuvan energian TKI- hankkeet, v\u00e4h\u00e4hiiliset sek\u00e4 \u00e4lykk\u00e4\u00e4t ratkaisut.<\/div><div class=\"tmm_scblock\"><a class=\"tmm_sociallink\" href=\"mailto:&#107;im&#046;b&#108;&#111;&#109;q&#118;i&#115;t&#064;k&#097;&#114;el&#105;&#097;&#046;&#102;i\" title=\"\"><img decoding=\"async\" alt=\"\" src=\"https:\/\/blogs2.uef.fi\/biotalouskoulutus\/wp-content\/plugins\/team-members\/inc\/img\/links\/email.png\"\/><\/a><a class=\"tmm_sociallink\" href=\"tel:+358505642943\" title=\"+358 50 564 2943\"><img decoding=\"async\" alt=\"+358 50 564 2943\" src=\"https:\/\/blogs2.uef.fi\/biotalouskoulutus\/wp-content\/plugins\/team-members\/inc\/img\/links\/phone.png\"\/><\/a><a target=\"_blank\" class=\"tmm_sociallink\" href=\"https:\/\/www.linkedin.com\/in\/kim-blomqvist\/\" title=\"\"><img decoding=\"async\" alt=\"\" src=\"https:\/\/blogs2.uef.fi\/biotalouskoulutus\/wp-content\/plugins\/team-members\/inc\/img\/links\/linkedin.png\"\/><\/a><\/div><\/div><\/div><div class=\"tmm_member\" style=\"border-top:#333333 solid 5px;\"><div class=\"tmm_textblock\"><div class=\"tmm_names\"><span class=\"tmm_fname\">Arto<\/span> <span class=\"tmm_lname\">Koistinen<\/span><\/div><div class=\"tmm_job\">FT, Dos. (Biomateriaalien karakterisointi), Tutkimusinfrastruktuurijohtaja, It\u00e4-Suomen yliopisto <\/div><div class=\"tmm_desc\" style=\"text-align:\">Biomateriaalien fysiko-kemiallisen analysoinnin menetelm\u00e4t. Materiaalien sovellukset kiertotaloudessa ja yritysyhteisty\u00f6ss\u00e4. Tutkimusinfrastruktuurin hy\u00f6dynt\u00e4minen biotalouden koulutuksessa.<\/div><div class=\"tmm_scblock\"><a class=\"tmm_sociallink\" href=\"mailto:ar&#116;o&#046;ko&#105;&#115;&#116;&#105;&#110;&#101;&#110;&#064;u&#101;f.&#102;i\" title=\"\"><img decoding=\"async\" alt=\"\" src=\"https:\/\/blogs2.uef.fi\/biotalouskoulutus\/wp-content\/plugins\/team-members\/inc\/img\/links\/email.png\"\/><\/a><a class=\"tmm_sociallink\" href=\"tel:+358447163260\" title=\"044 716 3260\"><img decoding=\"async\" alt=\"044 716 3260\" src=\"https:\/\/blogs2.uef.fi\/biotalouskoulutus\/wp-content\/plugins\/team-members\/inc\/img\/links\/phone.png\"\/><\/a><a target=\"_blank\" class=\"tmm_sociallink\" href=\"https:\/\/www.linkedin.com\/in\/arto-koistinen-uef\/\" title=\"\"><img decoding=\"async\" alt=\"\" src=\"https:\/\/blogs2.uef.fi\/biotalouskoulutus\/wp-content\/plugins\/team-members\/inc\/img\/links\/linkedin.png\"\/><\/a><\/div><\/div><\/div><span class=\"tmm_two_containers_tablet\"><\/span><\/div><span class=\"tmm_columns_containers_desktop\"><\/span><div class=\"tmm_container\"><div class=\"tmm_member\" style=\"border-top:#333333 solid 5px;\"><div class=\"tmm_textblock\"><div class=\"tmm_names\"><span class=\"tmm_fname\">Jenni<\/span> <span class=\"tmm_lname\">Korhonen<\/span><\/div><div class=\"tmm_job\">FT, Yliopistonlehtori, UEF kansanterveystieteen ja kliinisen ravitsemustieteen yksikk\u00f6<\/div><div class=\"tmm_desc\" style=\"text-align:\">Elintarvikkeiden laatu ja tuotekehitys<\/div><div class=\"tmm_scblock\"><a class=\"tmm_sociallink\" href=\"mailto:j&#101;nn&#105;&#046;&#107;o&#114;ho&#110;en&#064;&#117;&#101;f&#046;&#102;&#105;\" title=\"\"><img decoding=\"async\" alt=\"\" src=\"https:\/\/blogs2.uef.fi\/biotalouskoulutus\/wp-content\/plugins\/team-members\/inc\/img\/links\/email.png\"\/><\/a><a class=\"tmm_sociallink\" href=\"tel:+358403552948\" title=\"\"><img decoding=\"async\" alt=\"\" src=\"https:\/\/blogs2.uef.fi\/biotalouskoulutus\/wp-content\/plugins\/team-members\/inc\/img\/links\/phone.png\"\/><\/a><a target=\"_blank\" class=\"tmm_sociallink\" href=\"https:\/\/uefconnect.uef.fi\/henkilo\/jenni.korhonen\/\" title=\"\"><img decoding=\"async\" alt=\"\" src=\"https:\/\/blogs2.uef.fi\/biotalouskoulutus\/wp-content\/plugins\/team-members\/inc\/img\/links\/website.png\"\/><\/a><\/div><\/div><\/div><div class=\"tmm_member\" style=\"border-top:#333333 solid 5px;\"><div class=\"tmm_textblock\"><div class=\"tmm_names\"><span class=\"tmm_fname\">Seppo<\/span> <span class=\"tmm_lname\">Auriola<\/span><\/div><div class=\"tmm_job\">Professori, farmaseuttinen kemia, UEF farmasian laitos<\/div><div class=\"tmm_desc\" style=\"text-align:\">Luonnonaineiden ja l\u00e4\u00e4keaineiden analytiikka, kromatografia ja massaspektrometria.<\/div><div class=\"tmm_scblock\"><a class=\"tmm_sociallink\" href=\"mailto:Sep&#112;&#111;&#046;auri&#111;&#108;a&#064;&#117;&#101;&#102;.fi\" title=\"\"><img decoding=\"async\" alt=\"\" src=\"https:\/\/blogs2.uef.fi\/biotalouskoulutus\/wp-content\/plugins\/team-members\/inc\/img\/links\/email.png\"\/><\/a><a class=\"tmm_sociallink\" href=\"tel:+358403552469\" title=\"\"><img decoding=\"async\" alt=\"\" src=\"https:\/\/blogs2.uef.fi\/biotalouskoulutus\/wp-content\/plugins\/team-members\/inc\/img\/links\/phone.png\"\/><\/a><a target=\"_blank\" class=\"tmm_sociallink\" href=\"https:\/\/sites.uef.fi\/metabolomics-center\/\" title=\"\"><img decoding=\"async\" alt=\"\" src=\"https:\/\/blogs2.uef.fi\/biotalouskoulutus\/wp-content\/plugins\/team-members\/inc\/img\/links\/website.png\"\/><\/a><\/div><\/div><\/div><span class=\"tmm_two_containers_tablet\"><\/span><div class=\"tmm_member\" style=\"border-top:#333333 solid 5px;\"><div class=\"tmm_textblock\"><div class=\"tmm_names\"><span class=\"tmm_fname\">Mikko<\/span> <span class=\"tmm_lname\">Selenius<\/span><\/div><div class=\"tmm_job\">projektitutkija<\/div><div class=\"tmm_desc\" style=\"text-align:\">Terminen biomassojen prosessointi, biotisleet, biohiilet ja uudet biopohjaiset tuotteet.<\/div><div class=\"tmm_scblock\"><a class=\"tmm_sociallink\" href=\"mailto:&#109;ik&#107;&#111;.seleniu&#115;&#064;&#117;&#101;&#102;.f&#105;\" title=\"\"><img decoding=\"async\" alt=\"\" src=\"https:\/\/blogs2.uef.fi\/biotalouskoulutus\/wp-content\/plugins\/team-members\/inc\/img\/links\/email.png\"\/><\/a><a class=\"tmm_sociallink\" href=\"tel:+358403552020\" title=\"\"><img decoding=\"async\" alt=\"\" src=\"https:\/\/blogs2.uef.fi\/biotalouskoulutus\/wp-content\/plugins\/team-members\/inc\/img\/links\/phone.png\"\/><\/a><a target=\"_blank\" class=\"tmm_sociallink\" href=\"https:\/\/uefconnect.uef.fi\/henkilo\/mikko.selenius\/\" title=\"\"><img decoding=\"async\" alt=\"\" src=\"https:\/\/blogs2.uef.fi\/biotalouskoulutus\/wp-content\/plugins\/team-members\/inc\/img\/links\/website.png\"\/><\/a><\/div><\/div><\/div><div style=\"clear:both;\"><\/div><\/div><\/div><\/div>\r\n\r\n\r\n\r\n<p>&nbsp;<\/p>\r\n<p>&nbsp;<\/p>\r\n\r\n\r\n\r\n<p>Lis\u00e4tietoja valtakunnallisesta Biotalouden erikoistumiskoulutuksen yhteisty\u00f6verkostosta:\u00a0<a href=\"http:\/\/www.biotalouskoulutus.fi\/\">www.biotalouskoulutus.fi<\/a><\/p>\r\n\r\n\r\n\r\n<p>&nbsp;<\/p>\r\n","protected":false},"excerpt":{"rendered":"<p>Biotalouden erikoistumiskoulutuksen yhteyshenkil\u00f6t Koordinaattorit Biotalouden erikoistumiskoulutuksessa ja kehitt\u00e4mishankkeessa mukana &nbsp; &nbsp; Lis\u00e4tietoja valtakunnallisesta Biotalouden erikoistumiskoulutuksen yhteisty\u00f6verkostosta:\u00a0www.biotalouskoulutus.fi &nbsp;<\/p>\n","protected":false},"author":1,"featured_media":29,"parent":0,"menu_order":0,"comment_status":"closed","ping_status":"closed","template":"","meta":{"_acf_changed":false,"_relevanssi_hide_post":"","_relevanssi_hide_content":"","_relevanssi_pin_for_all":"","_relevanssi_pin_keywords":"","_relevanssi_unpin_keywords":"","_relevanssi_related_keywords":"","_relevanssi_related_include_ids":"","_relevanssi_related_exclude_ids":"","_relevanssi_related_no_append":"","_relevanssi_related_not_related":"","_relevanssi_related_posts":"","_relevanssi_noindex_reason":"","footnotes":""},"class_list":["post-136","page","type-page","status-publish","has-post-thumbnail","hentry"],"acf":[],"yoast_head":"<!-- This site is optimized with the Yoast SEO plugin v27.3 - https:\/\/yoast.com\/product\/yoast-seo-wordpress\/ -->\n<title>Ota yhteytt\u00e4 - Biotalouden erikoistumiskoulutus It\u00e4-Suomi<\/title>\n<meta name=\"robots\" content=\"index, follow, max-snippet:-1, max-image-preview:large, max-video-preview:-1\" \/>\n<link rel=\"canonical\" href=\"https:\/\/blogs2.uef.fi\/biotalouskoulutus\/yhteyshenkilot\/\" \/>\n<meta property=\"og:locale\" content=\"fi_FI\" \/>\n<meta property=\"og:type\" content=\"article\" \/>\n<meta property=\"og:title\" content=\"Ota yhteytt\u00e4 - Biotalouden erikoistumiskoulutus It\u00e4-Suomi\" \/>\n<meta property=\"og:description\" content=\"Biotalouden erikoistumiskoulutuksen yhteyshenkil\u00f6t Koordinaattorit Biotalouden erikoistumiskoulutuksessa ja kehitt\u00e4mishankkeessa mukana &nbsp; &nbsp; Lis\u00e4tietoja valtakunnallisesta Biotalouden erikoistumiskoulutuksen yhteisty\u00f6verkostosta:\u00a0www.biotalouskoulutus.fi &nbsp;\" \/>\n<meta property=\"og:url\" content=\"https:\/\/blogs2.uef.fi\/biotalouskoulutus\/yhteyshenkilot\/\" \/>\n<meta property=\"og:site_name\" content=\"Biotalouden erikoistumiskoulutus It\u00e4-Suomi\" \/>\n<meta property=\"article:modified_time\" content=\"2021-02-15T10:21:08+00:00\" \/>\n<meta property=\"og:image\" content=\"https:\/\/blogs2.uef.fi\/biotalouskoulutus\/wp-content\/uploads\/sites\/71\/2020\/03\/bill-oxford-tR0PPLuN6Pw-unsplash.jpg\" \/>\n\t<meta property=\"og:image:width\" content=\"2560\" \/>\n\t<meta property=\"og:image:height\" content=\"1707\" \/>\n\t<meta property=\"og:image:type\" content=\"image\/jpeg\" \/>\n<meta name=\"twitter:card\" content=\"summary_large_image\" \/>\n<script type=\"application\/ld+json\" class=\"yoast-schema-graph\">{\"@context\":\"https:\\\/\\\/schema.org\",\"@graph\":[{\"@type\":\"WebPage\",\"@id\":\"https:\\\/\\\/blogs2.uef.fi\\\/biotalouskoulutus\\\/yhteyshenkilot\\\/\",\"url\":\"https:\\\/\\\/blogs2.uef.fi\\\/biotalouskoulutus\\\/yhteyshenkilot\\\/\",\"name\":\"Ota yhteytt\u00e4 - Biotalouden erikoistumiskoulutus It\u00e4-Suomi\",\"isPartOf\":{\"@id\":\"https:\\\/\\\/www.biotalouskoulutus.fi\\\/#website\"},\"primaryImageOfPage\":{\"@id\":\"https:\\\/\\\/blogs2.uef.fi\\\/biotalouskoulutus\\\/yhteyshenkilot\\\/#primaryimage\"},\"image\":{\"@id\":\"https:\\\/\\\/blogs2.uef.fi\\\/biotalouskoulutus\\\/yhteyshenkilot\\\/#primaryimage\"},\"thumbnailUrl\":\"https:\\\/\\\/blogs2.uef.fi\\\/biotalouskoulutus\\\/wp-content\\\/uploads\\\/sites\\\/71\\\/2020\\\/03\\\/bill-oxford-tR0PPLuN6Pw-unsplash.jpg\",\"datePublished\":\"2020-03-11T10:42:57+00:00\",\"dateModified\":\"2021-02-15T10:21:08+00:00\",\"breadcrumb\":{\"@id\":\"https:\\\/\\\/blogs2.uef.fi\\\/biotalouskoulutus\\\/yhteyshenkilot\\\/#breadcrumb\"},\"inLanguage\":\"fi\",\"potentialAction\":[{\"@type\":\"ReadAction\",\"target\":[\"https:\\\/\\\/blogs2.uef.fi\\\/biotalouskoulutus\\\/yhteyshenkilot\\\/\"]}]},{\"@type\":\"ImageObject\",\"inLanguage\":\"fi\",\"@id\":\"https:\\\/\\\/blogs2.uef.fi\\\/biotalouskoulutus\\\/yhteyshenkilot\\\/#primaryimage\",\"url\":\"https:\\\/\\\/blogs2.uef.fi\\\/biotalouskoulutus\\\/wp-content\\\/uploads\\\/sites\\\/71\\\/2020\\\/03\\\/bill-oxford-tR0PPLuN6Pw-unsplash.jpg\",\"contentUrl\":\"https:\\\/\\\/blogs2.uef.fi\\\/biotalouskoulutus\\\/wp-content\\\/uploads\\\/sites\\\/71\\\/2020\\\/03\\\/bill-oxford-tR0PPLuN6Pw-unsplash.jpg\",\"width\":2560,\"height\":1707},{\"@type\":\"BreadcrumbList\",\"@id\":\"https:\\\/\\\/blogs2.uef.fi\\\/biotalouskoulutus\\\/yhteyshenkilot\\\/#breadcrumb\",\"itemListElement\":[{\"@type\":\"ListItem\",\"position\":1,\"name\":\"Home\",\"item\":\"https:\\\/\\\/www.biotalouskoulutus.fi\\\/\"},{\"@type\":\"ListItem\",\"position\":2,\"name\":\"Ota yhteytt\u00e4\"}]},{\"@type\":\"WebSite\",\"@id\":\"https:\\\/\\\/www.biotalouskoulutus.fi\\\/#website\",\"url\":\"https:\\\/\\\/www.biotalouskoulutus.fi\\\/\",\"name\":\"Biotalouden erikoistumiskoulutus It\u00e4-Suomi\",\"description\":\"Biotalouden erikoistumiskoulutus It\u00e4-Suomessa - innovaatioita ja osaamista korkeakoulujen ja yritysen yhteisty\u00f6n\u00e4. Koulutuksen painotukset: mets\u00e4biotalous, biotalouden sivuvirrat, biojalostus ja energiabiotalous.\",\"potentialAction\":[{\"@type\":\"SearchAction\",\"target\":{\"@type\":\"EntryPoint\",\"urlTemplate\":\"https:\\\/\\\/www.biotalouskoulutus.fi\\\/?s={search_term_string}\"},\"query-input\":{\"@type\":\"PropertyValueSpecification\",\"valueRequired\":true,\"valueName\":\"search_term_string\"}}],\"inLanguage\":\"fi\"}]}<\/script>\n<!-- \/ Yoast SEO plugin. -->","yoast_head_json":{"title":"Ota yhteytt\u00e4 - Biotalouden erikoistumiskoulutus It\u00e4-Suomi","robots":{"index":"index","follow":"follow","max-snippet":"max-snippet:-1","max-image-preview":"max-image-preview:large","max-video-preview":"max-video-preview:-1"},"canonical":"https:\/\/blogs2.uef.fi\/biotalouskoulutus\/yhteyshenkilot\/","og_locale":"fi_FI","og_type":"article","og_title":"Ota yhteytt\u00e4 - Biotalouden erikoistumiskoulutus It\u00e4-Suomi","og_description":"Biotalouden erikoistumiskoulutuksen yhteyshenkil\u00f6t Koordinaattorit Biotalouden erikoistumiskoulutuksessa ja kehitt\u00e4mishankkeessa mukana &nbsp; &nbsp; Lis\u00e4tietoja valtakunnallisesta Biotalouden erikoistumiskoulutuksen yhteisty\u00f6verkostosta:\u00a0www.biotalouskoulutus.fi &nbsp;","og_url":"https:\/\/blogs2.uef.fi\/biotalouskoulutus\/yhteyshenkilot\/","og_site_name":"Biotalouden erikoistumiskoulutus It\u00e4-Suomi","article_modified_time":"2021-02-15T10:21:08+00:00","og_image":[{"width":2560,"height":1707,"url":"https:\/\/blogs2.uef.fi\/biotalouskoulutus\/wp-content\/uploads\/sites\/71\/2020\/03\/bill-oxford-tR0PPLuN6Pw-unsplash.jpg","type":"image\/jpeg"}],"twitter_card":"summary_large_image","schema":{"@context":"https:\/\/schema.org","@graph":[{"@type":"WebPage","@id":"https:\/\/blogs2.uef.fi\/biotalouskoulutus\/yhteyshenkilot\/","url":"https:\/\/blogs2.uef.fi\/biotalouskoulutus\/yhteyshenkilot\/","name":"Ota yhteytt\u00e4 - Biotalouden erikoistumiskoulutus It\u00e4-Suomi","isPartOf":{"@id":"https:\/\/www.biotalouskoulutus.fi\/#website"},"primaryImageOfPage":{"@id":"https:\/\/blogs2.uef.fi\/biotalouskoulutus\/yhteyshenkilot\/#primaryimage"},"image":{"@id":"https:\/\/blogs2.uef.fi\/biotalouskoulutus\/yhteyshenkilot\/#primaryimage"},"thumbnailUrl":"https:\/\/blogs2.uef.fi\/biotalouskoulutus\/wp-content\/uploads\/sites\/71\/2020\/03\/bill-oxford-tR0PPLuN6Pw-unsplash.jpg","datePublished":"2020-03-11T10:42:57+00:00","dateModified":"2021-02-15T10:21:08+00:00","breadcrumb":{"@id":"https:\/\/blogs2.uef.fi\/biotalouskoulutus\/yhteyshenkilot\/#breadcrumb"},"inLanguage":"fi","potentialAction":[{"@type":"ReadAction","target":["https:\/\/blogs2.uef.fi\/biotalouskoulutus\/yhteyshenkilot\/"]}]},{"@type":"ImageObject","inLanguage":"fi","@id":"https:\/\/blogs2.uef.fi\/biotalouskoulutus\/yhteyshenkilot\/#primaryimage","url":"https:\/\/blogs2.uef.fi\/biotalouskoulutus\/wp-content\/uploads\/sites\/71\/2020\/03\/bill-oxford-tR0PPLuN6Pw-unsplash.jpg","contentUrl":"https:\/\/blogs2.uef.fi\/biotalouskoulutus\/wp-content\/uploads\/sites\/71\/2020\/03\/bill-oxford-tR0PPLuN6Pw-unsplash.jpg","width":2560,"height":1707},{"@type":"BreadcrumbList","@id":"https:\/\/blogs2.uef.fi\/biotalouskoulutus\/yhteyshenkilot\/#breadcrumb","itemListElement":[{"@type":"ListItem","position":1,"name":"Home","item":"https:\/\/www.biotalouskoulutus.fi\/"},{"@type":"ListItem","position":2,"name":"Ota yhteytt\u00e4"}]},{"@type":"WebSite","@id":"https:\/\/www.biotalouskoulutus.fi\/#website","url":"https:\/\/www.biotalouskoulutus.fi\/","name":"Biotalouden erikoistumiskoulutus It\u00e4-Suomi","description":"Biotalouden erikoistumiskoulutus It\u00e4-Suomessa - innovaatioita ja osaamista korkeakoulujen ja yritysen yhteisty\u00f6n\u00e4. Koulutuksen painotukset: mets\u00e4biotalous, biotalouden sivuvirrat, biojalostus ja energiabiotalous.","potentialAction":[{"@type":"SearchAction","target":{"@type":"EntryPoint","urlTemplate":"https:\/\/www.biotalouskoulutus.fi\/?s={search_term_string}"},"query-input":{"@type":"PropertyValueSpecification","valueRequired":true,"valueName":"search_term_string"}}],"inLanguage":"fi"}]}},"_links":{"self":[{"href":"https:\/\/blogs2.uef.fi\/biotalouskoulutus\/wp-json\/wp\/v2\/pages\/136","targetHints":{"allow":["GET"]}}],"collection":[{"href":"https:\/\/blogs2.uef.fi\/biotalouskoulutus\/wp-json\/wp\/v2\/pages"}],"about":[{"href":"https:\/\/blogs2.uef.fi\/biotalouskoulutus\/wp-json\/wp\/v2\/types\/page"}],"author":[{"embeddable":true,"href":"https:\/\/blogs2.uef.fi\/biotalouskoulutus\/wp-json\/wp\/v2\/users\/1"}],"replies":[{"embeddable":true,"href":"https:\/\/blogs2.uef.fi\/biotalouskoulutus\/wp-json\/wp\/v2\/comments?post=136"}],"version-history":[{"count":5,"href":"https:\/\/blogs2.uef.fi\/biotalouskoulutus\/wp-json\/wp\/v2\/pages\/136\/revisions"}],"predecessor-version":[{"id":1834,"href":"https:\/\/blogs2.uef.fi\/biotalouskoulutus\/wp-json\/wp\/v2\/pages\/136\/revisions\/1834"}],"wp:featuredmedia":[{"embeddable":true,"href":"https:\/\/blogs2.uef.fi\/biotalouskoulutus\/wp-json\/wp\/v2\/media\/29"}],"wp:attachment":[{"href":"https:\/\/blogs2.uef.fi\/biotalouskoulutus\/wp-json\/wp\/v2\/media?parent=136"}],"curies":[{"name":"wp","href":"https:\/\/api.w.org\/{rel}","templated":true}]}}