{"id":2034,"date":"2021-04-26T13:53:30","date_gmt":"2021-04-26T10:53:30","guid":{"rendered":"https:\/\/www.biotalouskoulutusitasuomi.fi\/?page_id=2034"},"modified":"2022-06-27T13:21:23","modified_gmt":"2022-06-27T10:21:23","slug":"biotalouden-erikoistumiskoulutus-2020-2022","status":"publish","type":"page","link":"https:\/\/blogs2.uef.fi\/biotalouskoulutus\/koulutus1\/biotalouden-erikoistumiskoulutus-2020-2022\/","title":{"rendered":"Biotalouden erikoistumiskoulutus 2020-2022"},"content":{"rendered":"<p>Biotalouden erikoistumiskoulutuksen 1. toteutuksen (2018-2020) pohjalta koulutusta jatkokehitettiin Is-bioerko-hankkeen sek\u00e4 OKM erityisavutuksen turvin kev\u00e4\u00e4ll\u00e4 2020. Biotalouden erikoistumiskoulutuksen 2. toteutus k\u00e4ynnistyi syksyll\u00e4 2020. Koulutuksen rakennetta ja opetussuunnitelmaa p\u00e4ivitettiin ensimm\u00e4isen toteutuksen pohjalta. Toteutuksesta vastasivat edelleen It\u00e4-Suomen yliopisto, Karelia-ammattikorkeakoulu ja Savonia-ammattikorkeakoulu. Jokaisella koululla oli omat vastuuopintojaksot. COVID-19 haastoi opetusta ja siit\u00e4 syyst\u00e4 koulutus j\u00e4rjestettiin et\u00e4n\u00e4 hy\u00f6dynt\u00e4en Zoomia, Teamsia ja DigiCampus-oppimisymp\u00e4rist\u00f6\u00e4.<\/p>\n<h2>Koulutuksen rakenne<\/h2>\n<p><a href=\"https:\/\/www.biotalouskoulutusitasuomi.fi\/biotalouden-erikoistumiskoulutus-kehittyy-ita-suomessa\/opintojaksorakenne_levea\/\" rel=\"attachment wp-att-365\"><img loading=\"lazy\" decoding=\"async\" class=\"alignnone wp-image-365\" src=\"https:\/\/www.biotalouskoulutusitasuomi.fi\/wp-content\/uploads\/sites\/71\/2020\/03\/opintojaksorakenne_leve\u00e4-1024x576.png\" alt=\"\" width=\"656\" height=\"369\" srcset=\"https:\/\/blogs2.uef.fi\/biotalouskoulutus\/wp-content\/uploads\/sites\/71\/2020\/03\/opintojaksorakenne_leve\u00e4-1024x576.png 1024w, https:\/\/blogs2.uef.fi\/biotalouskoulutus\/wp-content\/uploads\/sites\/71\/2020\/03\/opintojaksorakenne_leve\u00e4-300x169.png 300w, https:\/\/blogs2.uef.fi\/biotalouskoulutus\/wp-content\/uploads\/sites\/71\/2020\/03\/opintojaksorakenne_leve\u00e4-768x432.png 768w, https:\/\/blogs2.uef.fi\/biotalouskoulutus\/wp-content\/uploads\/sites\/71\/2020\/03\/opintojaksorakenne_leve\u00e4-1536x864.png 1536w, https:\/\/blogs2.uef.fi\/biotalouskoulutus\/wp-content\/uploads\/sites\/71\/2020\/03\/opintojaksorakenne_leve\u00e4.png 1920w\" sizes=\"auto, (max-width: 656px) 100vw, 656px\" \/><\/a><\/p>\n<h2>Kehitt\u00e4misprojektien aiheita<\/h2>\n<p>Vesa Kemppainen: <a href=\"https:\/\/www.biotalouskoulutusitasuomi.fi\/wp-content\/uploads\/sites\/71\/2021\/06\/VesaKemppainen.pdf\">Puun tarina puukerrostalossa<\/a><br \/>\nTuomas Kiljunen: <a href=\"https:\/\/www.biotalouskoulutusitasuomi.fi\/wp-content\/uploads\/sites\/71\/2021\/06\/TuomasKiljunen.pdf\">Nuoren mets\u00e4n hoidon myyminen<\/a><br \/>\nMika M\u00e4\u00e4tt\u00e4: <a href=\"https:\/\/www.biotalouskoulutusitasuomi.fi\/wp-content\/uploads\/sites\/71\/2021\/06\/MikaMaatta.pdf\">Kotimaisen maank\u00e4ytt\u00f6sektorin\u00a0ilmastotoimien hy\u00f6dynnett\u00e4vyys p\u00e4\u00e4st\u00f6kompensoinnissa<\/a><br \/>\nAnneli Ollilainen: <a href=\"https:\/\/www.biotalouskoulutusitasuomi.fi\/wp-content\/uploads\/sites\/71\/2021\/06\/AnneliOllilainen.pdf\">Ajovoima-akkujen kierr\u00e4tystoiminta &#8211; Oppimisymp\u00e4rist\u00f6st\u00e4 omavalvontaan<\/a><br \/>\nSanna Pukarinen: <a href=\"https:\/\/www.biotalouskoulutusitasuomi.fi\/wp-content\/uploads\/sites\/71\/2021\/06\/SannaPukarinen.pdf\">Kohti Green Care-laatumerkki\u00e4 &#8211; Green Care-toiminnan laatuk\u00e4sikirjan kokoaminen Perhekoti Tuomirannalle<\/a><br \/>\nJuha Vornanen: <a href=\"https:\/\/www.biotalouskoulutusitasuomi.fi\/wp-content\/uploads\/sites\/71\/2021\/06\/JuhaVornanen.pdf\">Luonnontuotteista kannattavaa liiketoiminta &#8211; kannattavuus kuusenkerk\u00e4n keruuta ja v\u00e4lityst\u00e4 harjoittavan yrityksen n\u00e4k\u00f6kulmasta<\/a><\/p>\n<h2>Opintojaksojen vastuuopettajat<\/h2>\n","protected":false},"excerpt":{"rendered":"<p>Biotalouden erikoistumiskoulutuksen 1. toteutuksen (2018-2020) pohjalta koulutusta jatkokehitettiin Is-bioerko-hankkeen sek\u00e4 OKM erityisavutuksen turvin kev\u00e4\u00e4ll\u00e4 2020. Biotalouden erikoistumiskoulutuksen 2. toteutus k\u00e4ynnistyi syksyll\u00e4 2020. Koulutuksen rakennetta ja opetussuunnitelmaa p\u00e4ivitettiin ensimm\u00e4isen toteutuksen pohjalta. Toteutuksesta vastasivat edelleen It\u00e4-Suomen yliopisto, Karelia-ammattikorkeakoulu ja Savonia-ammattikorkeakoulu. Jokaisella koululla oli omat vastuuopintojaksot. COVID-19 haastoi opetusta ja siit\u00e4 syyst\u00e4 koulutus j\u00e4rjestettiin et\u00e4n\u00e4 hy\u00f6dynt\u00e4en Zoomia, Teamsia [&hellip;]<\/p>\n","protected":false},"author":95,"featured_media":0,"parent":580,"menu_order":3,"comment_status":"closed","ping_status":"closed","template":"","meta":{"_acf_changed":false,"_relevanssi_hide_post":"","_relevanssi_hide_content":"","_relevanssi_pin_for_all":"","_relevanssi_pin_keywords":"","_relevanssi_unpin_keywords":"","_relevanssi_related_keywords":"","_relevanssi_related_include_ids":"","_relevanssi_related_exclude_ids":"","_relevanssi_related_no_append":"","_relevanssi_related_not_related":"","_relevanssi_related_posts":"","_relevanssi_noindex_reason":"","footnotes":""},"class_list":["post-2034","page","type-page","status-publish","hentry"],"acf":[],"yoast_head":"<!-- This site is optimized with the Yoast SEO plugin v27.3 - https:\/\/yoast.com\/product\/yoast-seo-wordpress\/ -->\n<title>Biotalouden erikoistumiskoulutus 2020-2022 - Biotalouden erikoistumiskoulutus It\u00e4-Suomi<\/title>\n<meta name=\"robots\" content=\"index, follow, max-snippet:-1, max-image-preview:large, max-video-preview:-1\" \/>\n<link rel=\"canonical\" href=\"https:\/\/blogs2.uef.fi\/biotalouskoulutus\/koulutus1\/biotalouden-erikoistumiskoulutus-2020-2022\/\" \/>\n<meta property=\"og:locale\" content=\"fi_FI\" \/>\n<meta property=\"og:type\" content=\"article\" \/>\n<meta property=\"og:title\" content=\"Biotalouden erikoistumiskoulutus 2020-2022 - Biotalouden erikoistumiskoulutus It\u00e4-Suomi\" \/>\n<meta property=\"og:description\" content=\"Biotalouden erikoistumiskoulutuksen 1. toteutuksen (2018-2020) pohjalta koulutusta jatkokehitettiin Is-bioerko-hankkeen sek\u00e4 OKM erityisavutuksen turvin kev\u00e4\u00e4ll\u00e4 2020. Biotalouden erikoistumiskoulutuksen 2. toteutus k\u00e4ynnistyi syksyll\u00e4 2020. Koulutuksen rakennetta ja opetussuunnitelmaa p\u00e4ivitettiin ensimm\u00e4isen toteutuksen pohjalta. Toteutuksesta vastasivat edelleen It\u00e4-Suomen yliopisto, Karelia-ammattikorkeakoulu ja Savonia-ammattikorkeakoulu. Jokaisella koululla oli omat vastuuopintojaksot. COVID-19 haastoi opetusta ja siit\u00e4 syyst\u00e4 koulutus j\u00e4rjestettiin et\u00e4n\u00e4 hy\u00f6dynt\u00e4en Zoomia, Teamsia [&hellip;]\" \/>\n<meta property=\"og:url\" content=\"https:\/\/blogs2.uef.fi\/biotalouskoulutus\/koulutus1\/biotalouden-erikoistumiskoulutus-2020-2022\/\" \/>\n<meta property=\"og:site_name\" content=\"Biotalouden erikoistumiskoulutus It\u00e4-Suomi\" \/>\n<meta property=\"article:modified_time\" content=\"2022-06-27T10:21:23+00:00\" \/>\n<meta name=\"twitter:card\" content=\"summary_large_image\" \/>\n<meta name=\"twitter:label1\" content=\"Arvioitu lukuaika\" \/>\n\t<meta name=\"twitter:data1\" content=\"1 minuutti\" \/>\n<script type=\"application\/ld+json\" class=\"yoast-schema-graph\">{\"@context\":\"https:\\\/\\\/schema.org\",\"@graph\":[{\"@type\":\"WebPage\",\"@id\":\"https:\\\/\\\/blogs2.uef.fi\\\/biotalouskoulutus\\\/koulutus1\\\/biotalouden-erikoistumiskoulutus-2020-2022\\\/\",\"url\":\"https:\\\/\\\/blogs2.uef.fi\\\/biotalouskoulutus\\\/koulutus1\\\/biotalouden-erikoistumiskoulutus-2020-2022\\\/\",\"name\":\"Biotalouden erikoistumiskoulutus 2020-2022 - Biotalouden erikoistumiskoulutus It\u00e4-Suomi\",\"isPartOf\":{\"@id\":\"https:\\\/\\\/www.biotalouskoulutus.fi\\\/#website\"},\"datePublished\":\"2021-04-26T10:53:30+00:00\",\"dateModified\":\"2022-06-27T10:21:23+00:00\",\"breadcrumb\":{\"@id\":\"https:\\\/\\\/blogs2.uef.fi\\\/biotalouskoulutus\\\/koulutus1\\\/biotalouden-erikoistumiskoulutus-2020-2022\\\/#breadcrumb\"},\"inLanguage\":\"fi\",\"potentialAction\":[{\"@type\":\"ReadAction\",\"target\":[\"https:\\\/\\\/blogs2.uef.fi\\\/biotalouskoulutus\\\/koulutus1\\\/biotalouden-erikoistumiskoulutus-2020-2022\\\/\"]}]},{\"@type\":\"BreadcrumbList\",\"@id\":\"https:\\\/\\\/blogs2.uef.fi\\\/biotalouskoulutus\\\/koulutus1\\\/biotalouden-erikoistumiskoulutus-2020-2022\\\/#breadcrumb\",\"itemListElement\":[{\"@type\":\"ListItem\",\"position\":1,\"name\":\"Home\",\"item\":\"https:\\\/\\\/www.biotalouskoulutus.fi\\\/\"},{\"@type\":\"ListItem\",\"position\":2,\"name\":\"Koulutus\",\"item\":\"https:\\\/\\\/blogs2.uef.fi\\\/biotalouskoulutus\\\/koulutus1\\\/\"},{\"@type\":\"ListItem\",\"position\":3,\"name\":\"Biotalouden erikoistumiskoulutus 2020-2022\"}]},{\"@type\":\"WebSite\",\"@id\":\"https:\\\/\\\/www.biotalouskoulutus.fi\\\/#website\",\"url\":\"https:\\\/\\\/www.biotalouskoulutus.fi\\\/\",\"name\":\"Biotalouden erikoistumiskoulutus It\u00e4-Suomi\",\"description\":\"Biotalouden erikoistumiskoulutus It\u00e4-Suomessa - innovaatioita ja osaamista korkeakoulujen ja yritysen yhteisty\u00f6n\u00e4. Koulutuksen painotukset: mets\u00e4biotalous, biotalouden sivuvirrat, biojalostus ja energiabiotalous.\",\"potentialAction\":[{\"@type\":\"SearchAction\",\"target\":{\"@type\":\"EntryPoint\",\"urlTemplate\":\"https:\\\/\\\/www.biotalouskoulutus.fi\\\/?s={search_term_string}\"},\"query-input\":{\"@type\":\"PropertyValueSpecification\",\"valueRequired\":true,\"valueName\":\"search_term_string\"}}],\"inLanguage\":\"fi\"}]}<\/script>\n<!-- \/ Yoast SEO plugin. -->","yoast_head_json":{"title":"Biotalouden erikoistumiskoulutus 2020-2022 - Biotalouden erikoistumiskoulutus It\u00e4-Suomi","robots":{"index":"index","follow":"follow","max-snippet":"max-snippet:-1","max-image-preview":"max-image-preview:large","max-video-preview":"max-video-preview:-1"},"canonical":"https:\/\/blogs2.uef.fi\/biotalouskoulutus\/koulutus1\/biotalouden-erikoistumiskoulutus-2020-2022\/","og_locale":"fi_FI","og_type":"article","og_title":"Biotalouden erikoistumiskoulutus 2020-2022 - Biotalouden erikoistumiskoulutus It\u00e4-Suomi","og_description":"Biotalouden erikoistumiskoulutuksen 1. toteutuksen (2018-2020) pohjalta koulutusta jatkokehitettiin Is-bioerko-hankkeen sek\u00e4 OKM erityisavutuksen turvin kev\u00e4\u00e4ll\u00e4 2020. Biotalouden erikoistumiskoulutuksen 2. toteutus k\u00e4ynnistyi syksyll\u00e4 2020. Koulutuksen rakennetta ja opetussuunnitelmaa p\u00e4ivitettiin ensimm\u00e4isen toteutuksen pohjalta. Toteutuksesta vastasivat edelleen It\u00e4-Suomen yliopisto, Karelia-ammattikorkeakoulu ja Savonia-ammattikorkeakoulu. Jokaisella koululla oli omat vastuuopintojaksot. COVID-19 haastoi opetusta ja siit\u00e4 syyst\u00e4 koulutus j\u00e4rjestettiin et\u00e4n\u00e4 hy\u00f6dynt\u00e4en Zoomia, Teamsia [&hellip;]","og_url":"https:\/\/blogs2.uef.fi\/biotalouskoulutus\/koulutus1\/biotalouden-erikoistumiskoulutus-2020-2022\/","og_site_name":"Biotalouden erikoistumiskoulutus It\u00e4-Suomi","article_modified_time":"2022-06-27T10:21:23+00:00","twitter_card":"summary_large_image","twitter_misc":{"Arvioitu lukuaika":"1 minuutti"},"schema":{"@context":"https:\/\/schema.org","@graph":[{"@type":"WebPage","@id":"https:\/\/blogs2.uef.fi\/biotalouskoulutus\/koulutus1\/biotalouden-erikoistumiskoulutus-2020-2022\/","url":"https:\/\/blogs2.uef.fi\/biotalouskoulutus\/koulutus1\/biotalouden-erikoistumiskoulutus-2020-2022\/","name":"Biotalouden erikoistumiskoulutus 2020-2022 - Biotalouden erikoistumiskoulutus It\u00e4-Suomi","isPartOf":{"@id":"https:\/\/www.biotalouskoulutus.fi\/#website"},"datePublished":"2021-04-26T10:53:30+00:00","dateModified":"2022-06-27T10:21:23+00:00","breadcrumb":{"@id":"https:\/\/blogs2.uef.fi\/biotalouskoulutus\/koulutus1\/biotalouden-erikoistumiskoulutus-2020-2022\/#breadcrumb"},"inLanguage":"fi","potentialAction":[{"@type":"ReadAction","target":["https:\/\/blogs2.uef.fi\/biotalouskoulutus\/koulutus1\/biotalouden-erikoistumiskoulutus-2020-2022\/"]}]},{"@type":"BreadcrumbList","@id":"https:\/\/blogs2.uef.fi\/biotalouskoulutus\/koulutus1\/biotalouden-erikoistumiskoulutus-2020-2022\/#breadcrumb","itemListElement":[{"@type":"ListItem","position":1,"name":"Home","item":"https:\/\/www.biotalouskoulutus.fi\/"},{"@type":"ListItem","position":2,"name":"Koulutus","item":"https:\/\/blogs2.uef.fi\/biotalouskoulutus\/koulutus1\/"},{"@type":"ListItem","position":3,"name":"Biotalouden erikoistumiskoulutus 2020-2022"}]},{"@type":"WebSite","@id":"https:\/\/www.biotalouskoulutus.fi\/#website","url":"https:\/\/www.biotalouskoulutus.fi\/","name":"Biotalouden erikoistumiskoulutus It\u00e4-Suomi","description":"Biotalouden erikoistumiskoulutus It\u00e4-Suomessa - innovaatioita ja osaamista korkeakoulujen ja yritysen yhteisty\u00f6n\u00e4. Koulutuksen painotukset: mets\u00e4biotalous, biotalouden sivuvirrat, biojalostus ja energiabiotalous.","potentialAction":[{"@type":"SearchAction","target":{"@type":"EntryPoint","urlTemplate":"https:\/\/www.biotalouskoulutus.fi\/?s={search_term_string}"},"query-input":{"@type":"PropertyValueSpecification","valueRequired":true,"valueName":"search_term_string"}}],"inLanguage":"fi"}]}},"_links":{"self":[{"href":"https:\/\/blogs2.uef.fi\/biotalouskoulutus\/wp-json\/wp\/v2\/pages\/2034","targetHints":{"allow":["GET"]}}],"collection":[{"href":"https:\/\/blogs2.uef.fi\/biotalouskoulutus\/wp-json\/wp\/v2\/pages"}],"about":[{"href":"https:\/\/blogs2.uef.fi\/biotalouskoulutus\/wp-json\/wp\/v2\/types\/page"}],"author":[{"embeddable":true,"href":"https:\/\/blogs2.uef.fi\/biotalouskoulutus\/wp-json\/wp\/v2\/users\/95"}],"replies":[{"embeddable":true,"href":"https:\/\/blogs2.uef.fi\/biotalouskoulutus\/wp-json\/wp\/v2\/comments?post=2034"}],"version-history":[{"count":3,"href":"https:\/\/blogs2.uef.fi\/biotalouskoulutus\/wp-json\/wp\/v2\/pages\/2034\/revisions"}],"predecessor-version":[{"id":3546,"href":"https:\/\/blogs2.uef.fi\/biotalouskoulutus\/wp-json\/wp\/v2\/pages\/2034\/revisions\/3546"}],"up":[{"embeddable":true,"href":"https:\/\/blogs2.uef.fi\/biotalouskoulutus\/wp-json\/wp\/v2\/pages\/580"}],"wp:attachment":[{"href":"https:\/\/blogs2.uef.fi\/biotalouskoulutus\/wp-json\/wp\/v2\/media?parent=2034"}],"curies":[{"name":"wp","href":"https:\/\/api.w.org\/{rel}","templated":true}]}}