{"id":2128,"date":"2021-05-10T09:10:21","date_gmt":"2021-05-10T06:10:21","guid":{"rendered":"https:\/\/www.biotalouskoulutusitasuomi.fi\/?page_id=2128"},"modified":"2023-06-30T09:01:19","modified_gmt":"2023-06-30T06:01:19","slug":"tapahtumia","status":"publish","type":"page","link":"https:\/\/blogs2.uef.fi\/biotalouskoulutus\/biotalouskoulutuksen-kehittaminen\/tapahtumia\/","title":{"rendered":"Tapahtumia"},"content":{"rendered":"<h4><\/h4>\n<h3>Webinaarisarja osana suomalais-chilel\u00e4ista biotalousyhteity\u00f6t\u00e4:<\/h3>\n<p>29.8.2023 klo 16:00-18:30 Bioeconomy and water security<\/p>\n<p>28.9.2023 klo 16:00-18:30 Socio-economic aspects of bioeconomy<\/p>\n<p>Maaliskuu 2024 Bioeconomy for young people<\/p>\n<p>Toukokuu 2024 Bioeconomy and waste management<\/p>\n<p>Katso tarkemmat tiedot <a href=\"https:\/\/www.biotalouskoulutusitasuomi.fi\/en\/development\/greenmobeco-2022-2024\/\">yhteisty\u00f6st\u00e4<\/a> ja <a href=\"https:\/\/www.biotalouskoulutusitasuomi.fi\/en\/bioeconomy-webinars\/\">webinaareista<\/a> englanninkielisilt\u00e4 sivuilta.<\/p>\n<p>&nbsp;<\/p>\n<h2><\/h2>\n<p><a href=\"https:\/\/www.biotalouskoulutusitasuomi.fi\/biotalouskoulutuksen-kehittaminen\/tapahtumia\/kevin-poh-cn5bqspv6e-unsplash\/\" rel=\"attachment wp-att-4148\"><img loading=\"lazy\" decoding=\"async\" class=\"aligncenter wp-image-4148 size-medium\" src=\"https:\/\/www.biotalouskoulutusitasuomi.fi\/wp-content\/uploads\/sites\/71\/2023\/02\/kevin-poh-cN5BQsPV6E-unsplash-300x225.jpg\" alt=\"\" width=\"300\" height=\"225\" srcset=\"https:\/\/blogs2.uef.fi\/biotalouskoulutus\/wp-content\/uploads\/sites\/71\/2023\/02\/kevin-poh-cN5BQsPV6E-unsplash-300x225.jpg 300w, https:\/\/blogs2.uef.fi\/biotalouskoulutus\/wp-content\/uploads\/sites\/71\/2023\/02\/kevin-poh-cN5BQsPV6E-unsplash-1024x768.jpg 1024w, https:\/\/blogs2.uef.fi\/biotalouskoulutus\/wp-content\/uploads\/sites\/71\/2023\/02\/kevin-poh-cN5BQsPV6E-unsplash-768x576.jpg 768w, https:\/\/blogs2.uef.fi\/biotalouskoulutus\/wp-content\/uploads\/sites\/71\/2023\/02\/kevin-poh-cN5BQsPV6E-unsplash-1536x1152.jpg 1536w, https:\/\/blogs2.uef.fi\/biotalouskoulutus\/wp-content\/uploads\/sites\/71\/2023\/02\/kevin-poh-cN5BQsPV6E-unsplash-2048x1536.jpg 2048w\" sizes=\"auto, (max-width: 300px) 100vw, 300px\" \/><\/a><\/p>\n<h2><\/h2>\n<p><strong>16.3.2023 at 12-14 Research seminar: examples of Chilean bioeconomy &#8211; <a href=\"https:\/\/www.biotalouskoulutusitasuomi.fi\/en\/bioeconomy-webinars\/\">read more<\/a><\/strong><\/p>\n<h2>Join-Bioerko &#8211; hankkeen tapahtumia<\/h2>\n<p><strong>19.12.2022 Wood construction &#8211; examples from Finland and Uruguay<\/strong><\/p>\n<ul>\n<li>Opening words, Kaija Saram\u00e4ki, Karelia University of Applied Sciences<\/li>\n<li>Importance of wood construction on climate change, Shammi Keya, Karelia University of Applied Sciences<\/li>\n<li>Wood construction examples from North Karelia, Timo Pakarinen, Karelia University of Applied Sciences<\/li>\n<li>Presentation title to be confirmed, Roberto Scolz, Universidad Technologica Uruguay<\/li>\n<li>Reasons for using wood in construction value chains in Finland, Henrik Her\u00e4j\u00e4rvi, Natural Resources Institute Finland<\/li>\n<li>Closing words<\/li>\n<\/ul>\n<p><strong>&#8221;Mets\u00e4suunnittelu nyt ja tulevaisuudessa&#8221; -webinaarisarja<\/strong><\/p>\n<ul>\n<li>16.11. klo 14:30-16:00 \u2013 Mets\u00e4suunnittelun toimintaymp\u00e4rist\u00f6<\/li>\n<li>23.11. klo 14:30-16:00 \u2013 Mets\u00e4suunnittelun kehitys yli vuosikymmenien<\/li>\n<li>30.11. klo 14:30-16:00 \u2013 Mets\u00e4tieto \u2013 uudet teknologiat ja sovellukset<\/li>\n<li><a href=\"https:\/\/www.biotalouskoulutusitasuomi.fi\/koulutus1\/biotalousosaamista\/metsasuunnittelu-nyt-ja-tulevaisuudessa\/\">Katso tarkemmat sis\u00e4ll\u00f6t t\u00e4st\u00e4<\/a>.<\/li>\n<\/ul>\n<p><strong>17.11.2022 klo 9-16 &#8221;Biotalous muuttuvassa yhteiskunnassa&#8221; -seminaari<\/strong><\/p>\n<ul>\n<li>Perehdy teemaan ja ohjelmaan <a href=\"https:\/\/www.biotalouskoulutusitasuomi.fi\/arvonlisaa-biotalousosaamisella\/\">t\u00e4st\u00e4.<\/a><\/li>\n<\/ul>\n<p><strong>1.-2.11.2022 Biokaasumatka<\/strong><\/p>\n<ul>\n<li><span data-scheme-color=\"@494949,1,\" data-usefontface=\"true\" data-contrast=\"none\">Tehdasvierailu Haapavesi, Keskitalon ja Vuorenmaan maatilojen biokaasulaitokse<\/span><\/li>\n<li><span data-scheme-color=\"@494949,1,\" data-usefontface=\"true\" data-contrast=\"none\"><a href=\"https:\/\/www.biotalouskoulutusitasuomi.fi\/koulutus1\/biotalousosaamista\/biokaasukoulutusmatka\/\">Katso tarkempi ohjelma t\u00e4st\u00e4<\/a>.<br \/>\n<\/span><\/li>\n<\/ul>\n<p><strong>27.10.2022&#8243;Bioeconomy &#8211; concept and examples&#8221; &#8211; webinar<\/strong><\/p>\n<ul>\n<li>Opening words, Kaija Saram\u00e4ki, Karelia University of Applied Sciences<\/li>\n<li>The concept of bioeconomy, Diana Tuomasjukka, European Forest Institute<\/li>\n<li>Competence centre for forest-human-machine interplay &#8211; UNITE, Marja Kolstr\u00f6m, University of Eastern Finland<\/li>\n<li>Bio and Circular Cluster &#8211; North Savo, Harri Auvinen, Savonia University of Applied Sciences<\/li>\n<li>Pathways of transition towards the forest bioeconomy in Uruguay, Dr. Lucia Pittaluca, Universidad de la Rep\u00fablica<\/li>\n<li>Closing words, Kaija Saram\u00e4ki, Karelia UAS<\/li>\n<\/ul>\n<p><strong>12.10.2022 Biohiilimatka<br \/>\n<\/strong><\/p>\n<ul>\n<li>klo 7 L\u00e4ht\u00f6 Kuopiosta\/Joensuusta<\/li>\n<li>klo 11 Raussin Energia Oy, Kouvola<\/li>\n<li>klo 13 Carbons Finland Oy,\u00a0Kouvola<\/li>\n<li>klo 17 Ecomation Oy, Savonlinna<\/li>\n<li>klo 18 Kotimatkalle<\/li>\n<\/ul>\n<p><strong>5.10.2022 &#8221;Insights to social aspects of forest certification PEFC in Chile and Finland&#8221; webinar<\/strong>, <a href=\"https:\/\/www.biotalouskoulutusitasuomi.fi\/en\/bioeconomy-webinars\/\">see more information from here<\/a>.<\/p>\n<p><strong>14.9.2022 klo 9-10 &#8221;Biotalous ja energiamurros&#8221; -virtuaaliaamukahvi<\/strong><\/p>\n<ul>\n<li>Bioenergian mahdollisuudet osana energiamurrosta, Harri Laurikka, Bioenergia ry<\/li>\n<li>Energiamurros ja biotalous , Anniina Kontiokorpi, Karelia ammattikorkeakoulu<\/li>\n<li>Biotalousosaamista asiantuntijoille (Join-Bioerko), Piritta Torssonen, It\u00e4-Suomen yliopisto<\/li>\n<\/ul>\n<p><strong>10.6.2022 <a href=\"https:\/\/www.biotalouskoulutusitasuomi.fi\/koulutus1\/biotalousosaamista\/biotalouden-liiketoiminnan-palvelumuotoilu\/\">Biotalouden liiketoiminnan palvelumuotoilu<\/a> -koulutus <\/strong><\/p>\n<p><strong>Biotalous ja v\u00e4riaineet 12.5.2022<br \/>\n<\/strong><\/p>\n<ul>\n<li>Riikka R\u00e4is\u00e4nen, Helsingin yliopisto, HELSUS<\/li>\n<li>Natural Indigo Finland, Pasi Ainasoja<\/li>\n<li>Biotalousosaaminen asiantuntijoille, Piritta Torssonen, It\u00e4-Suomen yliopisto<\/li>\n<\/ul>\n<p><strong>CircularBio Innovations-verkkokurssi 21.3. &#8211; 15.5. <\/strong><strong><span class=\"TextRun BCX0 SCXP137012289\" lang=\"FI-FI\" xml:lang=\"FI-FI\" data-usefontface=\"false\" data-contrast=\"none\"><span class=\"NormalTextRun BCX0 SCXP137012289\"><br \/>\n<\/span><\/span><\/strong><\/p>\n<p>5 op kurssi koostuu luennoista, Hackathon-osuudesta ja ryhm\u00e4ty\u00f6st\u00e4. Luentoaiheita ovat mm. kiertotalous, palvelumuotoilu, kaupallistaminen, innovaatiot jne. Hackathon-osuus j\u00e4rjestet\u00e4\u00e4n 8 p\u00e4iv\u00e4n tapahtumana, joka sis\u00e4lt\u00e4\u00e4 luentoja, valmennusta ja ryhm\u00e4t\u00f6it\u00e4 klo 15 &#8211; 18, my\u00f6s viikonloppuisin.<\/p>\n<p><strong><span class=\"TextRun BCX0 SCXP137012289\" lang=\"FI-FI\" xml:lang=\"FI-FI\" data-usefontface=\"false\" data-contrast=\"none\"><span class=\"NormalTextRun BCX0 SCXP137012289\">CircularBio Innovations Hackathon-osuus 4. &#8211; 11.4.2022 (+ ty\u00f6skentely\u00e4 ennen ja j\u00e4lkeen)\u00a0<\/span><\/span><\/strong><\/p>\n<p><strong>Biotalous ja muotoilu 3.3.2022<\/strong><\/p>\n<ul>\n<li>Planetaarinen luontovastuullisuus uudistaa korttelit ja kaupunginosat, Kimmo R\u00f6nk\u00e4, <a href=\"http:\/\/www.ronkaexp.fi\/\">R\u00f6nk\u00e4 Consulting Oy<\/a><\/li>\n<li>Mets\u00e4\u00e4 ja asumista yhdist\u00e4v\u00e4 muotoilu &#8211; uusia n\u00e4k\u00f6aloja ja konsepteja biotalouteen hakeva tutkimus, <a href=\"https:\/\/www.linkedin.com\/pulse\/tulevaisuuden-puukerrostaloja-muotoillaan-luonnon-ja-vesa-kemppainen\/?trackingId=aP3GmQDuQL6c%2FULdD3%2BxvA%3D%3D\">Vesa Kemppainen<\/a>, UEF<\/li>\n<li>Biotalousosaamista asiantuntijoille &#8211; Join-Bioerko<\/li>\n<\/ul>\n<p><strong>Biotalouden erikoistumiskoulutuksen aloitus 27.-28.1.2022<\/strong><\/p>\n<p><strong>Biotalous ja teksiilit 23.11.2021<\/strong><\/p>\n<ul>\n<li>Kuura &#8211; puupohjainen tekstiili, Annariikka Roselli, Mets\u00e4Spring<\/li>\n<li>Digital &amp; Circular Fashion House -hanke, Laura Pakarinen, Savonia-amk<\/li>\n<li>Biotalousosaamista asiantuntijoille (Join-Bioerko), Piritta Torssonen, It\u00e4-Suomen yliopisto<\/li>\n<\/ul>\n<p><strong>Biotalous ja elintarvikkeet 27.10.2021<\/strong><\/p>\n<ul>\n<li>Kauran kuoresta ksylitolia &#8211; kiertotaloutta parhaimmillaan, Anna Nicol, Fazer Lifestyle Foods<\/li>\n<li>Mallasklusterin kehitt\u00e4minen Pohjois-Savoon ja SavoMalt Oy:n tarina, Jukka Ruotsalainen, Savonia-amk<\/li>\n<li>Biotalousosaamista asiantuntijoille (Join-Bioerko), Piritta Torssonen, It\u00e4-Suomen yliopisto<\/li>\n<\/ul>\n<p><strong>EU:n ja Suomen mets\u00e4biotalouden tulevaisuudenn\u00e4kymi\u00e4 7.10.2021 alustajat:<br \/>\n<\/strong><\/p>\n<ul>\n<li>\u201dEU:n ja Suomen mets\u00e4biotalouden tulevaisuudenn\u00e4kymist\u00e4\u201d, Lauri Hetem\u00e4ki, Helsingin yliopisto<\/li>\n<li>Biotalouden ennakointi ja innovaatiot, Teppo Hujala, It\u00e4-Suomen yliopisto<\/li>\n<li>Biotalousosaamista asiantuntijoille (Join-Bioerko), Piritta Torssonen, It\u00e4-Suomen yliopisto<\/li>\n<\/ul>\n<p><strong>Biotalouden erikoistumiskoulutuksen hakuinfo, 1.10.2021, tallenne.<\/strong><\/p>\n<p>23.9.2021 klo 15-18 Open webinar &#8221;<a href=\"https:\/\/www.biotalouskoulutusitasuomi.fi\/en\/bioeconomy-webinars\/\">The future of forest bioeconomy: Joint learning between Chile and Finland<\/a>&#8221;<\/p>\n<p><strong>Biojalostuksella kohti v\u00e4h\u00e4hiilisempi\u00e4 tuotteita 14.9.2021 alustajat:<\/strong><\/p>\n<ul>\n<li>Yrityspuheenvuoro, Green Fuel Nordic, Olli Honkanen<\/li>\n<li>Biojalostus, Laura Tomppo ja Noora Jokinen, UEF<\/li>\n<li>Biotalous osaamista asiantuntijoille &#8211; Join-Bioerko, Piritta Torssonen, UEF<\/li>\n<\/ul>\n<p><strong>Hiilitaloudesta biotalouteen 19.8.2021 alustajat:<br \/>\n<\/strong><\/p>\n<ul>\n<li>Biotalousstrategian kuulumiset ja suunnat, Sari Tasa, Ty\u00f6- ja elinkeinoministeri\u00f6<\/li>\n<li>Hiilitaloudesta biotalouteen, Anne Poutiainen, Karelia-amk<\/li>\n<li>Biotalousosaamista asiantuntijoille (Join-Bioerko), Piritta Torssonen, It\u00e4-Suomen yliopisto<\/li>\n<\/ul>\n<p><strong>Biotalous ja vesi 26.5.2021 alustajat:<\/strong><\/p>\n<ul>\n<li>Eero Antikainen, Kuopio Water Cluster, Savonia-amk<\/li>\n<li>Lasse Moilanen, BioSO4 Oy<\/li>\n<li>Biotalousosaamista asiantuntijoille &#8211; Join-bioerko<\/li>\n<\/ul>\n<p>&nbsp;<\/p>\n<p>&nbsp;<\/p>\n","protected":false},"excerpt":{"rendered":"<p>Webinaarisarja osana suomalais-chilel\u00e4ista biotalousyhteity\u00f6t\u00e4: 29.8.2023 klo 16:00-18:30 Bioeconomy and water security 28.9.2023 klo 16:00-18:30 Socio-economic aspects of bioeconomy Maaliskuu 2024 Bioeconomy for young people Toukokuu 2024 Bioeconomy and waste management Katso tarkemmat tiedot yhteisty\u00f6st\u00e4 ja webinaareista englanninkielisilt\u00e4 sivuilta. &nbsp; 16.3.2023 at 12-14 Research seminar: examples of Chilean bioeconomy &#8211; read more Join-Bioerko &#8211; hankkeen tapahtumia [&hellip;]<\/p>\n","protected":false},"author":95,"featured_media":2554,"parent":134,"menu_order":1,"comment_status":"closed","ping_status":"closed","template":"","meta":{"_acf_changed":false,"_relevanssi_hide_post":"","_relevanssi_hide_content":"","_relevanssi_pin_for_all":"","_relevanssi_pin_keywords":"","_relevanssi_unpin_keywords":"","_relevanssi_related_keywords":"","_relevanssi_related_include_ids":"","_relevanssi_related_exclude_ids":"","_relevanssi_related_no_append":"","_relevanssi_related_not_related":"","_relevanssi_related_posts":"","_relevanssi_noindex_reason":"","footnotes":""},"class_list":["post-2128","page","type-page","status-publish","has-post-thumbnail","hentry"],"acf":[],"yoast_head":"<!-- This site is optimized with the Yoast SEO plugin v27.3 - https:\/\/yoast.com\/product\/yoast-seo-wordpress\/ -->\n<title>Tapahtumia - Biotalouden erikoistumiskoulutus It\u00e4-Suomi<\/title>\n<meta name=\"robots\" content=\"index, follow, max-snippet:-1, max-image-preview:large, max-video-preview:-1\" \/>\n<link rel=\"canonical\" href=\"https:\/\/blogs2.uef.fi\/biotalouskoulutus\/biotalouskoulutuksen-kehittaminen\/tapahtumia\/\" \/>\n<meta property=\"og:locale\" content=\"fi_FI\" \/>\n<meta property=\"og:type\" content=\"article\" \/>\n<meta property=\"og:title\" content=\"Tapahtumia - Biotalouden erikoistumiskoulutus It\u00e4-Suomi\" \/>\n<meta property=\"og:description\" content=\"Webinaarisarja osana suomalais-chilel\u00e4ista biotalousyhteity\u00f6t\u00e4: 29.8.2023 klo 16:00-18:30 Bioeconomy and water security 28.9.2023 klo 16:00-18:30 Socio-economic aspects of bioeconomy Maaliskuu 2024 Bioeconomy for young people Toukokuu 2024 Bioeconomy and waste management Katso tarkemmat tiedot yhteisty\u00f6st\u00e4 ja webinaareista englanninkielisilt\u00e4 sivuilta. &nbsp; 16.3.2023 at 12-14 Research seminar: examples of Chilean bioeconomy &#8211; read more Join-Bioerko &#8211; hankkeen tapahtumia [&hellip;]\" \/>\n<meta property=\"og:url\" content=\"https:\/\/blogs2.uef.fi\/biotalouskoulutus\/biotalouskoulutuksen-kehittaminen\/tapahtumia\/\" \/>\n<meta property=\"og:site_name\" content=\"Biotalouden erikoistumiskoulutus It\u00e4-Suomi\" \/>\n<meta property=\"article:modified_time\" content=\"2023-06-30T06:01:19+00:00\" \/>\n<meta property=\"og:image\" content=\"https:\/\/blogs2.uef.fi\/biotalouskoulutus\/wp-content\/uploads\/sites\/71\/2021\/06\/nick-hillier-aQcE3gDSSTY-unsplash-scaled.jpg\" \/>\n\t<meta property=\"og:image:width\" content=\"2560\" \/>\n\t<meta property=\"og:image:height\" content=\"1707\" \/>\n\t<meta property=\"og:image:type\" content=\"image\/jpeg\" \/>\n<meta name=\"twitter:card\" content=\"summary_large_image\" \/>\n<meta name=\"twitter:label1\" content=\"Arvioitu lukuaika\" \/>\n\t<meta name=\"twitter:data1\" content=\"4 minuuttia\" \/>\n<script type=\"application\/ld+json\" class=\"yoast-schema-graph\">{\"@context\":\"https:\\\/\\\/schema.org\",\"@graph\":[{\"@type\":\"WebPage\",\"@id\":\"https:\\\/\\\/blogs2.uef.fi\\\/biotalouskoulutus\\\/biotalouskoulutuksen-kehittaminen\\\/tapahtumia\\\/\",\"url\":\"https:\\\/\\\/blogs2.uef.fi\\\/biotalouskoulutus\\\/biotalouskoulutuksen-kehittaminen\\\/tapahtumia\\\/\",\"name\":\"Tapahtumia - Biotalouden erikoistumiskoulutus It\u00e4-Suomi\",\"isPartOf\":{\"@id\":\"https:\\\/\\\/www.biotalouskoulutus.fi\\\/#website\"},\"primaryImageOfPage\":{\"@id\":\"https:\\\/\\\/blogs2.uef.fi\\\/biotalouskoulutus\\\/biotalouskoulutuksen-kehittaminen\\\/tapahtumia\\\/#primaryimage\"},\"image\":{\"@id\":\"https:\\\/\\\/blogs2.uef.fi\\\/biotalouskoulutus\\\/biotalouskoulutuksen-kehittaminen\\\/tapahtumia\\\/#primaryimage\"},\"thumbnailUrl\":\"https:\\\/\\\/blogs2.uef.fi\\\/biotalouskoulutus\\\/wp-content\\\/uploads\\\/sites\\\/71\\\/2021\\\/06\\\/nick-hillier-aQcE3gDSSTY-unsplash-scaled.jpg\",\"datePublished\":\"2021-05-10T06:10:21+00:00\",\"dateModified\":\"2023-06-30T06:01:19+00:00\",\"breadcrumb\":{\"@id\":\"https:\\\/\\\/blogs2.uef.fi\\\/biotalouskoulutus\\\/biotalouskoulutuksen-kehittaminen\\\/tapahtumia\\\/#breadcrumb\"},\"inLanguage\":\"fi\",\"potentialAction\":[{\"@type\":\"ReadAction\",\"target\":[\"https:\\\/\\\/blogs2.uef.fi\\\/biotalouskoulutus\\\/biotalouskoulutuksen-kehittaminen\\\/tapahtumia\\\/\"]}]},{\"@type\":\"ImageObject\",\"inLanguage\":\"fi\",\"@id\":\"https:\\\/\\\/blogs2.uef.fi\\\/biotalouskoulutus\\\/biotalouskoulutuksen-kehittaminen\\\/tapahtumia\\\/#primaryimage\",\"url\":\"https:\\\/\\\/blogs2.uef.fi\\\/biotalouskoulutus\\\/wp-content\\\/uploads\\\/sites\\\/71\\\/2021\\\/06\\\/nick-hillier-aQcE3gDSSTY-unsplash-scaled.jpg\",\"contentUrl\":\"https:\\\/\\\/blogs2.uef.fi\\\/biotalouskoulutus\\\/wp-content\\\/uploads\\\/sites\\\/71\\\/2021\\\/06\\\/nick-hillier-aQcE3gDSSTY-unsplash-scaled.jpg\",\"width\":2560,\"height\":1707},{\"@type\":\"BreadcrumbList\",\"@id\":\"https:\\\/\\\/blogs2.uef.fi\\\/biotalouskoulutus\\\/biotalouskoulutuksen-kehittaminen\\\/tapahtumia\\\/#breadcrumb\",\"itemListElement\":[{\"@type\":\"ListItem\",\"position\":1,\"name\":\"Home\",\"item\":\"https:\\\/\\\/www.biotalouskoulutus.fi\\\/\"},{\"@type\":\"ListItem\",\"position\":2,\"name\":\"Biotalouskoulutuksen kehitt\u00e4minen\",\"item\":\"https:\\\/\\\/blogs2.uef.fi\\\/biotalouskoulutus\\\/biotalouskoulutuksen-kehittaminen\\\/\"},{\"@type\":\"ListItem\",\"position\":3,\"name\":\"Tapahtumia\"}]},{\"@type\":\"WebSite\",\"@id\":\"https:\\\/\\\/www.biotalouskoulutus.fi\\\/#website\",\"url\":\"https:\\\/\\\/www.biotalouskoulutus.fi\\\/\",\"name\":\"Biotalouden erikoistumiskoulutus It\u00e4-Suomi\",\"description\":\"Biotalouden erikoistumiskoulutus It\u00e4-Suomessa - innovaatioita ja osaamista korkeakoulujen ja yritysen yhteisty\u00f6n\u00e4. Koulutuksen painotukset: mets\u00e4biotalous, biotalouden sivuvirrat, biojalostus ja energiabiotalous.\",\"potentialAction\":[{\"@type\":\"SearchAction\",\"target\":{\"@type\":\"EntryPoint\",\"urlTemplate\":\"https:\\\/\\\/www.biotalouskoulutus.fi\\\/?s={search_term_string}\"},\"query-input\":{\"@type\":\"PropertyValueSpecification\",\"valueRequired\":true,\"valueName\":\"search_term_string\"}}],\"inLanguage\":\"fi\"}]}<\/script>\n<!-- \/ Yoast SEO plugin. -->","yoast_head_json":{"title":"Tapahtumia - Biotalouden erikoistumiskoulutus It\u00e4-Suomi","robots":{"index":"index","follow":"follow","max-snippet":"max-snippet:-1","max-image-preview":"max-image-preview:large","max-video-preview":"max-video-preview:-1"},"canonical":"https:\/\/blogs2.uef.fi\/biotalouskoulutus\/biotalouskoulutuksen-kehittaminen\/tapahtumia\/","og_locale":"fi_FI","og_type":"article","og_title":"Tapahtumia - Biotalouden erikoistumiskoulutus It\u00e4-Suomi","og_description":"Webinaarisarja osana suomalais-chilel\u00e4ista biotalousyhteity\u00f6t\u00e4: 29.8.2023 klo 16:00-18:30 Bioeconomy and water security 28.9.2023 klo 16:00-18:30 Socio-economic aspects of bioeconomy Maaliskuu 2024 Bioeconomy for young people Toukokuu 2024 Bioeconomy and waste management Katso tarkemmat tiedot yhteisty\u00f6st\u00e4 ja webinaareista englanninkielisilt\u00e4 sivuilta. &nbsp; 16.3.2023 at 12-14 Research seminar: examples of Chilean bioeconomy &#8211; read more Join-Bioerko &#8211; hankkeen tapahtumia [&hellip;]","og_url":"https:\/\/blogs2.uef.fi\/biotalouskoulutus\/biotalouskoulutuksen-kehittaminen\/tapahtumia\/","og_site_name":"Biotalouden erikoistumiskoulutus It\u00e4-Suomi","article_modified_time":"2023-06-30T06:01:19+00:00","og_image":[{"width":2560,"height":1707,"url":"https:\/\/blogs2.uef.fi\/biotalouskoulutus\/wp-content\/uploads\/sites\/71\/2021\/06\/nick-hillier-aQcE3gDSSTY-unsplash-scaled.jpg","type":"image\/jpeg"}],"twitter_card":"summary_large_image","twitter_misc":{"Arvioitu lukuaika":"4 minuuttia"},"schema":{"@context":"https:\/\/schema.org","@graph":[{"@type":"WebPage","@id":"https:\/\/blogs2.uef.fi\/biotalouskoulutus\/biotalouskoulutuksen-kehittaminen\/tapahtumia\/","url":"https:\/\/blogs2.uef.fi\/biotalouskoulutus\/biotalouskoulutuksen-kehittaminen\/tapahtumia\/","name":"Tapahtumia - Biotalouden erikoistumiskoulutus It\u00e4-Suomi","isPartOf":{"@id":"https:\/\/www.biotalouskoulutus.fi\/#website"},"primaryImageOfPage":{"@id":"https:\/\/blogs2.uef.fi\/biotalouskoulutus\/biotalouskoulutuksen-kehittaminen\/tapahtumia\/#primaryimage"},"image":{"@id":"https:\/\/blogs2.uef.fi\/biotalouskoulutus\/biotalouskoulutuksen-kehittaminen\/tapahtumia\/#primaryimage"},"thumbnailUrl":"https:\/\/blogs2.uef.fi\/biotalouskoulutus\/wp-content\/uploads\/sites\/71\/2021\/06\/nick-hillier-aQcE3gDSSTY-unsplash-scaled.jpg","datePublished":"2021-05-10T06:10:21+00:00","dateModified":"2023-06-30T06:01:19+00:00","breadcrumb":{"@id":"https:\/\/blogs2.uef.fi\/biotalouskoulutus\/biotalouskoulutuksen-kehittaminen\/tapahtumia\/#breadcrumb"},"inLanguage":"fi","potentialAction":[{"@type":"ReadAction","target":["https:\/\/blogs2.uef.fi\/biotalouskoulutus\/biotalouskoulutuksen-kehittaminen\/tapahtumia\/"]}]},{"@type":"ImageObject","inLanguage":"fi","@id":"https:\/\/blogs2.uef.fi\/biotalouskoulutus\/biotalouskoulutuksen-kehittaminen\/tapahtumia\/#primaryimage","url":"https:\/\/blogs2.uef.fi\/biotalouskoulutus\/wp-content\/uploads\/sites\/71\/2021\/06\/nick-hillier-aQcE3gDSSTY-unsplash-scaled.jpg","contentUrl":"https:\/\/blogs2.uef.fi\/biotalouskoulutus\/wp-content\/uploads\/sites\/71\/2021\/06\/nick-hillier-aQcE3gDSSTY-unsplash-scaled.jpg","width":2560,"height":1707},{"@type":"BreadcrumbList","@id":"https:\/\/blogs2.uef.fi\/biotalouskoulutus\/biotalouskoulutuksen-kehittaminen\/tapahtumia\/#breadcrumb","itemListElement":[{"@type":"ListItem","position":1,"name":"Home","item":"https:\/\/www.biotalouskoulutus.fi\/"},{"@type":"ListItem","position":2,"name":"Biotalouskoulutuksen kehitt\u00e4minen","item":"https:\/\/blogs2.uef.fi\/biotalouskoulutus\/biotalouskoulutuksen-kehittaminen\/"},{"@type":"ListItem","position":3,"name":"Tapahtumia"}]},{"@type":"WebSite","@id":"https:\/\/www.biotalouskoulutus.fi\/#website","url":"https:\/\/www.biotalouskoulutus.fi\/","name":"Biotalouden erikoistumiskoulutus It\u00e4-Suomi","description":"Biotalouden erikoistumiskoulutus It\u00e4-Suomessa - innovaatioita ja osaamista korkeakoulujen ja yritysen yhteisty\u00f6n\u00e4. Koulutuksen painotukset: mets\u00e4biotalous, biotalouden sivuvirrat, biojalostus ja energiabiotalous.","potentialAction":[{"@type":"SearchAction","target":{"@type":"EntryPoint","urlTemplate":"https:\/\/www.biotalouskoulutus.fi\/?s={search_term_string}"},"query-input":{"@type":"PropertyValueSpecification","valueRequired":true,"valueName":"search_term_string"}}],"inLanguage":"fi"}]}},"_links":{"self":[{"href":"https:\/\/blogs2.uef.fi\/biotalouskoulutus\/wp-json\/wp\/v2\/pages\/2128","targetHints":{"allow":["GET"]}}],"collection":[{"href":"https:\/\/blogs2.uef.fi\/biotalouskoulutus\/wp-json\/wp\/v2\/pages"}],"about":[{"href":"https:\/\/blogs2.uef.fi\/biotalouskoulutus\/wp-json\/wp\/v2\/types\/page"}],"author":[{"embeddable":true,"href":"https:\/\/blogs2.uef.fi\/biotalouskoulutus\/wp-json\/wp\/v2\/users\/95"}],"replies":[{"embeddable":true,"href":"https:\/\/blogs2.uef.fi\/biotalouskoulutus\/wp-json\/wp\/v2\/comments?post=2128"}],"version-history":[{"count":5,"href":"https:\/\/blogs2.uef.fi\/biotalouskoulutus\/wp-json\/wp\/v2\/pages\/2128\/revisions"}],"predecessor-version":[{"id":4183,"href":"https:\/\/blogs2.uef.fi\/biotalouskoulutus\/wp-json\/wp\/v2\/pages\/2128\/revisions\/4183"}],"up":[{"embeddable":true,"href":"https:\/\/blogs2.uef.fi\/biotalouskoulutus\/wp-json\/wp\/v2\/pages\/134"}],"wp:featuredmedia":[{"embeddable":true,"href":"https:\/\/blogs2.uef.fi\/biotalouskoulutus\/wp-json\/wp\/v2\/media\/2554"}],"wp:attachment":[{"href":"https:\/\/blogs2.uef.fi\/biotalouskoulutus\/wp-json\/wp\/v2\/media?parent=2128"}],"curies":[{"name":"wp","href":"https:\/\/api.w.org\/{rel}","templated":true}]}}