{"id":3730,"date":"2022-10-04T10:59:54","date_gmt":"2022-10-04T07:59:54","guid":{"rendered":"https:\/\/www.biotalouskoulutusitasuomi.fi\/?page_id=3730"},"modified":"2022-10-21T10:46:12","modified_gmt":"2022-10-21T07:46:12","slug":"metsasuunnittelu-nyt-ja-tulevaisuudessa","status":"publish","type":"page","link":"https:\/\/blogs2.uef.fi\/biotalouskoulutus\/koulutus1\/biotalousosaamista\/metsasuunnittelu-nyt-ja-tulevaisuudessa\/","title":{"rendered":"Mets\u00e4suunnittelu nyt ja tulevaisuudessa"},"content":{"rendered":"<h3><strong><br \/>\nWebinaarisarja mets\u00e4ammattilaisille ja tutkijoille<\/strong><\/h3>\n<p>&nbsp;<\/p>\n<h5><strong>Ajankohdat:<\/strong><\/h5>\n<ul>\n<li>16.11. klo 14:30-16:00 &#8211; Mets\u00e4suunnittelun toimintaymp\u00e4rist\u00f6<\/li>\n<li>23.11. klo 14:30-16:00 &#8211; Mets\u00e4suunnittelun kehitys yli vuosikymmenien<\/li>\n<li>30.11. klo 14:30-16:00 &#8211; Mets\u00e4tieto \u2013 uudet teknologiat ja sovellukset<\/li>\n<\/ul>\n<h5><strong>Tausta:<\/strong><\/h5>\n<p>Ilmastonmuutos, luontokato, digitalisaatio, ja kaupungistuminen luovat haasteita metsien k\u00e4yt\u00f6n suunnitteluun ja muuttavat mets\u00e4politiikan toimintaymp\u00e4rist\u00f6\u00e4. Nykyisess\u00e4 toimintaymp\u00e4rist\u00f6ss\u00e4 yritysm\u00e4inen mets\u00e4nomistus on lis\u00e4\u00e4ntynyt ja toisaalta osa mets\u00e4nomistajista ovat varsin et\u00e4\u00e4ntyneit\u00e4 metsist\u00e4\u00e4n. Ilmasto- ja monimuotoisuustavoitteiden toteuttaminen edellytt\u00e4\u00e4 enemm\u00e4n yhteisty\u00f6t\u00e4 yli tilarajojen. Lis\u00e4ksi mets\u00e4nomistajien sek\u00e4 mets\u00e4n tuotteita jatkojalostavien ja palveluita tuottavien yritt\u00e4jien toivotaan verkostoituvan luomaan uudenlaista arvoa alueille. Kaikkia yll\u00e4 mainittuja kehityssuuntia voidaan tukea mets\u00e4tiedon avulla. Mets\u00e4tiedon keruussa hy\u00f6dynnet\u00e4\u00e4n entist\u00e4 enemm\u00e4n kaukokartoitusta, mutta my\u00f6s useat ty\u00f6koneet ja niiss\u00e4 olevat sensorit ker\u00e4\u00e4v\u00e4t tietoa metsist\u00e4 ja mets\u00e4operaatioista. Ker\u00e4tyist\u00e4 tiedoista jalostetaan laskentaj\u00e4rjestelmiss\u00e4 erilaisia tietotuotteita tukemaan p\u00e4\u00e4t\u00f6ksentekoa metsikk\u00f6kuvion, tilan, alueen, maakunnan ja valtakunnan tasoilla. Mets\u00e4tietoa on saatavilla avoimesti ja sit\u00e4 hy\u00f6dynnet\u00e4\u00e4n laajalti erilaisissa sovelluksissa mets\u00e4suunnittelun apuna.<\/p>\n<p>Webinaarien tarkoitus on esitt\u00e4\u00e4 kattava, ymm\u00e4rrett\u00e4v\u00e4 ja tutkimukseen perustuva kokonaiskuva siit\u00e4, miten mets\u00e4tietoon pohjautuen voidaan tukea p\u00e4\u00e4t\u00f6ksentekoa. Webinaari auttaa ymm\u00e4rt\u00e4m\u00e4\u00e4n t\u00e4m\u00e4nhetkisest\u00e4 mets\u00e4suunnittelun toimintaymp\u00e4rist\u00f6\u00e4, nykyaikaisia mets\u00e4suunnittelun menetelmi\u00e4 ja niihin pohjautuvia palveluita.<\/p>\n<p>Webinaarit ovat koottu niin, ett\u00e4 kolmen laajan teeman alla kuullaan tutkijoiden alustuksia ja opiskelijoiden puheenvuoroja. Lopuksi k\u00e4yd\u00e4\u00e4n teemoihin liittyv\u00e4\u00e4 keskustelua.<\/p>\n<h5><strong>Kohderyhm\u00e4:<\/strong><\/h5>\n<ul>\n<li>mets\u00e4suunnittelun ja mets\u00e4tiedon parissa toimivat henkil\u00f6t<\/li>\n<li>mets\u00e4suunnittelun tutkijat ja opiskelijat<\/li>\n<li>mets\u00e4nomistajat ja kaikki metsien k\u00e4yt\u00f6n suunnittelusta kiinnostuneet<\/li>\n<\/ul>\n<p>&nbsp;<\/p>\n<h3><a href=\"https:\/\/www.biotalouskoulutusitasuomi.fi\/koulutus1\/biotalousosaamista\/metsasuunnittelu-nyt-ja-tulevaisuudessa\/saikrishna-saketh-yellapragada-r07osv0mogi-unsplash\/\" rel=\"attachment wp-att-3805\"><img loading=\"lazy\" decoding=\"async\" class=\"aligncenter wp-image-3805 \" src=\"https:\/\/www.biotalouskoulutusitasuomi.fi\/wp-content\/uploads\/sites\/71\/2022\/10\/saikrishna-saketh-yellapragada-r07OsV0moGI-unsplash-300x169.jpg\" alt=\"\" width=\"318\" height=\"179\" srcset=\"https:\/\/blogs2.uef.fi\/biotalouskoulutus\/wp-content\/uploads\/sites\/71\/2022\/10\/saikrishna-saketh-yellapragada-r07OsV0moGI-unsplash-300x169.jpg 300w, https:\/\/blogs2.uef.fi\/biotalouskoulutus\/wp-content\/uploads\/sites\/71\/2022\/10\/saikrishna-saketh-yellapragada-r07OsV0moGI-unsplash-1024x576.jpg 1024w, https:\/\/blogs2.uef.fi\/biotalouskoulutus\/wp-content\/uploads\/sites\/71\/2022\/10\/saikrishna-saketh-yellapragada-r07OsV0moGI-unsplash-768x432.jpg 768w, https:\/\/blogs2.uef.fi\/biotalouskoulutus\/wp-content\/uploads\/sites\/71\/2022\/10\/saikrishna-saketh-yellapragada-r07OsV0moGI-unsplash-1536x864.jpg 1536w, https:\/\/blogs2.uef.fi\/biotalouskoulutus\/wp-content\/uploads\/sites\/71\/2022\/10\/saikrishna-saketh-yellapragada-r07OsV0moGI-unsplash-2048x1152.jpg 2048w\" sizes=\"auto, (max-width: 318px) 100vw, 318px\" \/><\/a><\/h3>\n<h3><strong><br \/>\nWebinaarien teemat ja sis\u00e4ll\u00f6t:<\/strong><\/h3>\n<p><strong><br \/>\n16.11. klo 14:30-16:00 &#8211; Mets\u00e4suunnittelun toimintaymp\u00e4rist\u00f6<\/strong><\/p>\n<ul>\n<li>Osaamistavoite:\n<ul>\n<li>ymm\u00e4rt\u00e4\u00e4 mets\u00e4suunnittelun, mets\u00e4politiikan ja metsien k\u00e4yt\u00f6n v\u00e4liset yhteydet<\/li>\n<li>osaa selitt\u00e4\u00e4 mets\u00e4suunnittelun merkityksen ja eritell\u00e4 siihen liittyvi\u00e4 haasteita ja ratkaisumalleja<\/li>\n<\/ul>\n<\/li>\n<li>Sis\u00e4lt\u00f6:\n<ul>\n<li>globaalin, eurooppalaisen ja kansallisen politiikkaymp\u00e4rist\u00f6n toimintahaasteet mets\u00e4suunnittelun n\u00e4k\u00f6kulmasta<\/li>\n<li>mets\u00e4suunnittelu metsien k\u00e4yt\u00f6n ohjaajana ja k\u00e4ytt\u00f6muotojen yhteensovittajana<\/li>\n<li>mets\u00e4suunnittelun muodot ja tasot ja haasteet yhteensovittamisessa<\/li>\n<li>mets\u00e4omistajakunnan muutos mets\u00e4suunnittelun tavoitteiden ja ty\u00f6tapojen muovaajana<\/li>\n<\/ul>\n<\/li>\n<li>Puhujat:\n<ul>\n<li>Jukka Tikkanen, tutkimusjohtaja mets\u00e4politiikka<\/li>\n<li>Jari Vauhkonen, prof. mets\u00e4suunnittelu<\/li>\n<\/ul>\n<\/li>\n<\/ul>\n<p><strong><br \/>\n23.11. klo 14:30-16:00 &#8211; Mets\u00e4suunnittelun kehitys yli vuosikymmenien<\/strong><\/p>\n<ul>\n<li>Osaamistavoitteet:\n<ul>\n<li>ymm\u00e4rt\u00e4\u00e4 p\u00e4\u00e4linjat mets\u00e4suunnittelun muutoksesta 80-luvulta nykyp\u00e4iv\u00e4\u00e4n sek\u00e4 muutoksen taustat ja perustelut<\/li>\n<li>osaa eritell\u00e4 n\u00e4k\u00f6kulmia mets\u00e4suunnittelun jatkuvaan muutokseen<\/li>\n<\/ul>\n<\/li>\n<li>Sis\u00e4lt\u00f6:\n<ul>\n<li>mets\u00e4suunnittelu 80-luvulta 2020-luvulle<\/li>\n<li>luotaus kohti mets\u00e4suunnittelun 2040-lukua<\/li>\n<li>teknologia mets\u00e4suunnittelun kehityksen mahdollistajana<\/li>\n<\/ul>\n<\/li>\n<li>Puhujat:\n<ul>\n<li>Jyrki Kangas, prof. mets\u00e4biotalous<\/li>\n<li>Teppo Hujala, prof. mets\u00e4biotalouden ennakointi<\/li>\n<li>Mets\u00e4tieteiden opiskelija, Hanna Siiskonen<\/li>\n<\/ul>\n<\/li>\n<\/ul>\n<p><strong><br \/>\n30.11. klo 14:30-16:00 &#8211; Mets\u00e4tieto \u2013 uudet teknologiat ja sovellukset <\/strong><\/p>\n<ul>\n<li>Osaamistavoite:\n<ul>\n<li>ymm\u00e4rt\u00e4\u00e4 erilaisten mittaus- ja sensoriteknologioiden mahdollisuuksia mets\u00e4tiedon keruussa ja hy\u00f6dynt\u00e4misess\u00e4<\/li>\n<\/ul>\n<\/li>\n<li>Sis\u00e4lt\u00f6:\n<ul>\n<li>tilannekatsaus mittausteknologioiden perusteisiin ja hy\u00f6dynt\u00e4miseen mets\u00e4tiedon keruussa<\/li>\n<li>visio sensoriteknologian k\u00e4yt\u00f6st\u00e4 ja hy\u00f6dynt\u00e4misest\u00e4 metsiss\u00e4mme 2032<\/li>\n<\/ul>\n<\/li>\n<li>Puhujat:\n<ul>\n<li>Mikko Vastaranta, prof. digitalisaatio ja tietojohtaminen mets\u00e4biotaloudessa<\/li>\n<li>Kalle K\u00e4rh\u00e4, prof. mets\u00e4teknologia, erityisesti mets\u00e4talouden operaatioiden ja logistiikan digitalisaatio<\/li>\n<li>Mets\u00e4tieteiden opiskelija, Johannes Pohjala<\/li>\n<\/ul>\n<\/li>\n<\/ul>\n<p>&nbsp;<\/p>\n<h3><strong>Ilmoittaudu webinaareihin <a href=\"https:\/\/registration.contio.fi\/uef\/Registration\/Login?id=4126-T_4126-4904\">t\u00e4st\u00e4<\/a>. Ilmoittautuminen on auki 29.11.2022 asti.<\/strong><\/h3>\n<p>Voit ilmoittautua kaikkiin webinaareihin kerralla ja ilmoittautumisen vahvistusviestiss\u00e4 saat osallistumislinkin Zoomiin.<\/p>\n<p>Webinaarien toteutuksesta vastaa <a href=\"https:\/\/www.biotalouskoulutusitasuomi.fi\/biotalouskoulutuksen-kehittaminen\/join-bioerko-hankkeen-tiivistelma\/\">Join-Bioerko &#8211; hanke<\/a> sek\u00e4 <a href=\"https:\/\/uniteflagship.fi\/fi\/etusivu\/\">UNITE &#8211; lippulaiva<\/a>.<\/p>\n<p><a href=\"https:\/\/www.biotalouskoulutusitasuomi.fi\/koulutus1\/biotalousosaamista\/metsasuunnittelu-nyt-ja-tulevaisuudessa\/chandana-ban-xv4mgw02zmw-unsplash\/\" rel=\"attachment wp-att-3790\"><img loading=\"lazy\" decoding=\"async\" class=\"aligncenter size-medium wp-image-3790\" src=\"https:\/\/www.biotalouskoulutusitasuomi.fi\/wp-content\/uploads\/sites\/71\/2022\/10\/chandana-ban-Xv4mGw02zMw-unsplash-300x225.jpg\" alt=\"kuvituskuva\" width=\"300\" height=\"225\" srcset=\"https:\/\/blogs2.uef.fi\/biotalouskoulutus\/wp-content\/uploads\/sites\/71\/2022\/10\/chandana-ban-Xv4mGw02zMw-unsplash-300x225.jpg 300w, https:\/\/blogs2.uef.fi\/biotalouskoulutus\/wp-content\/uploads\/sites\/71\/2022\/10\/chandana-ban-Xv4mGw02zMw-unsplash-1024x767.jpg 1024w, https:\/\/blogs2.uef.fi\/biotalouskoulutus\/wp-content\/uploads\/sites\/71\/2022\/10\/chandana-ban-Xv4mGw02zMw-unsplash-768x576.jpg 768w, https:\/\/blogs2.uef.fi\/biotalouskoulutus\/wp-content\/uploads\/sites\/71\/2022\/10\/chandana-ban-Xv4mGw02zMw-unsplash-1536x1151.jpg 1536w, https:\/\/blogs2.uef.fi\/biotalouskoulutus\/wp-content\/uploads\/sites\/71\/2022\/10\/chandana-ban-Xv4mGw02zMw-unsplash-2048x1535.jpg 2048w\" sizes=\"auto, (max-width: 300px) 100vw, 300px\" \/><\/a><\/p>\n<p><em>Lis\u00e4tietoja webinaareista:<\/em><\/p>\n<p>Piritta Torssonen, It\u00e4-Suomen yliopisto (piritta.torssonen(at)uef.fi)<\/p>\n<p>&nbsp;<\/p>\n","protected":false},"excerpt":{"rendered":"<p>Webinaarisarja mets\u00e4ammattilaisille ja tutkijoille &nbsp; Ajankohdat: 16.11. klo 14:30-16:00 &#8211; Mets\u00e4suunnittelun toimintaymp\u00e4rist\u00f6 23.11. klo 14:30-16:00 &#8211; Mets\u00e4suunnittelun kehitys yli vuosikymmenien 30.11. klo 14:30-16:00 &#8211; Mets\u00e4tieto \u2013 uudet teknologiat ja sovellukset Tausta: Ilmastonmuutos, luontokato, digitalisaatio, ja kaupungistuminen luovat haasteita metsien k\u00e4yt\u00f6n suunnitteluun ja muuttavat mets\u00e4politiikan toimintaymp\u00e4rist\u00f6\u00e4. Nykyisess\u00e4 toimintaymp\u00e4rist\u00f6ss\u00e4 yritysm\u00e4inen mets\u00e4nomistus on lis\u00e4\u00e4ntynyt ja toisaalta osa mets\u00e4nomistajista [&hellip;]<\/p>\n","protected":false},"author":95,"featured_media":0,"parent":3294,"menu_order":2,"comment_status":"closed","ping_status":"closed","template":"","meta":{"_acf_changed":false,"_relevanssi_hide_post":"","_relevanssi_hide_content":"","_relevanssi_pin_for_all":"","_relevanssi_pin_keywords":"","_relevanssi_unpin_keywords":"","_relevanssi_related_keywords":"","_relevanssi_related_include_ids":"","_relevanssi_related_exclude_ids":"","_relevanssi_related_no_append":"","_relevanssi_related_not_related":"","_relevanssi_related_posts":"","_relevanssi_noindex_reason":"","footnotes":""},"class_list":["post-3730","page","type-page","status-publish","hentry"],"acf":[],"yoast_head":"<!-- This site is optimized with the Yoast SEO plugin v27.3 - https:\/\/yoast.com\/product\/yoast-seo-wordpress\/ -->\n<title>Mets\u00e4suunnittelu nyt ja tulevaisuudessa - Biotalouden erikoistumiskoulutus It\u00e4-Suomi<\/title>\n<meta name=\"robots\" content=\"index, follow, max-snippet:-1, max-image-preview:large, max-video-preview:-1\" \/>\n<link rel=\"canonical\" href=\"https:\/\/blogs2.uef.fi\/biotalouskoulutus\/koulutus1\/biotalousosaamista\/metsasuunnittelu-nyt-ja-tulevaisuudessa\/\" \/>\n<meta property=\"og:locale\" content=\"fi_FI\" \/>\n<meta property=\"og:type\" content=\"article\" \/>\n<meta property=\"og:title\" content=\"Mets\u00e4suunnittelu nyt ja tulevaisuudessa - Biotalouden erikoistumiskoulutus It\u00e4-Suomi\" \/>\n<meta property=\"og:description\" content=\"Webinaarisarja mets\u00e4ammattilaisille ja tutkijoille &nbsp; Ajankohdat: 16.11. klo 14:30-16:00 &#8211; Mets\u00e4suunnittelun toimintaymp\u00e4rist\u00f6 23.11. klo 14:30-16:00 &#8211; Mets\u00e4suunnittelun kehitys yli vuosikymmenien 30.11. klo 14:30-16:00 &#8211; Mets\u00e4tieto \u2013 uudet teknologiat ja sovellukset Tausta: Ilmastonmuutos, luontokato, digitalisaatio, ja kaupungistuminen luovat haasteita metsien k\u00e4yt\u00f6n suunnitteluun ja muuttavat mets\u00e4politiikan toimintaymp\u00e4rist\u00f6\u00e4. Nykyisess\u00e4 toimintaymp\u00e4rist\u00f6ss\u00e4 yritysm\u00e4inen mets\u00e4nomistus on lis\u00e4\u00e4ntynyt ja toisaalta osa mets\u00e4nomistajista [&hellip;]\" \/>\n<meta property=\"og:url\" content=\"https:\/\/blogs2.uef.fi\/biotalouskoulutus\/koulutus1\/biotalousosaamista\/metsasuunnittelu-nyt-ja-tulevaisuudessa\/\" \/>\n<meta property=\"og:site_name\" content=\"Biotalouden erikoistumiskoulutus It\u00e4-Suomi\" \/>\n<meta property=\"article:modified_time\" content=\"2022-10-21T07:46:12+00:00\" \/>\n<meta property=\"og:image\" content=\"https:\/\/www.biotalouskoulutusitasuomi.fi\/wp-content\/uploads\/sites\/71\/2022\/10\/saikrishna-saketh-yellapragada-r07OsV0moGI-unsplash-300x169.jpg\" \/>\n<meta name=\"twitter:card\" content=\"summary_large_image\" \/>\n<meta name=\"twitter:label1\" content=\"Arvioitu lukuaika\" \/>\n\t<meta name=\"twitter:data1\" content=\"3 minuuttia\" \/>\n<script type=\"application\/ld+json\" class=\"yoast-schema-graph\">{\"@context\":\"https:\\\/\\\/schema.org\",\"@graph\":[{\"@type\":\"WebPage\",\"@id\":\"https:\\\/\\\/blogs2.uef.fi\\\/biotalouskoulutus\\\/koulutus1\\\/biotalousosaamista\\\/metsasuunnittelu-nyt-ja-tulevaisuudessa\\\/\",\"url\":\"https:\\\/\\\/blogs2.uef.fi\\\/biotalouskoulutus\\\/koulutus1\\\/biotalousosaamista\\\/metsasuunnittelu-nyt-ja-tulevaisuudessa\\\/\",\"name\":\"Mets\u00e4suunnittelu nyt ja tulevaisuudessa - Biotalouden erikoistumiskoulutus It\u00e4-Suomi\",\"isPartOf\":{\"@id\":\"https:\\\/\\\/www.biotalouskoulutus.fi\\\/#website\"},\"primaryImageOfPage\":{\"@id\":\"https:\\\/\\\/blogs2.uef.fi\\\/biotalouskoulutus\\\/koulutus1\\\/biotalousosaamista\\\/metsasuunnittelu-nyt-ja-tulevaisuudessa\\\/#primaryimage\"},\"image\":{\"@id\":\"https:\\\/\\\/blogs2.uef.fi\\\/biotalouskoulutus\\\/koulutus1\\\/biotalousosaamista\\\/metsasuunnittelu-nyt-ja-tulevaisuudessa\\\/#primaryimage\"},\"thumbnailUrl\":\"https:\\\/\\\/www.biotalouskoulutusitasuomi.fi\\\/wp-content\\\/uploads\\\/sites\\\/71\\\/2022\\\/10\\\/saikrishna-saketh-yellapragada-r07OsV0moGI-unsplash-300x169.jpg\",\"datePublished\":\"2022-10-04T07:59:54+00:00\",\"dateModified\":\"2022-10-21T07:46:12+00:00\",\"breadcrumb\":{\"@id\":\"https:\\\/\\\/blogs2.uef.fi\\\/biotalouskoulutus\\\/koulutus1\\\/biotalousosaamista\\\/metsasuunnittelu-nyt-ja-tulevaisuudessa\\\/#breadcrumb\"},\"inLanguage\":\"fi\",\"potentialAction\":[{\"@type\":\"ReadAction\",\"target\":[\"https:\\\/\\\/blogs2.uef.fi\\\/biotalouskoulutus\\\/koulutus1\\\/biotalousosaamista\\\/metsasuunnittelu-nyt-ja-tulevaisuudessa\\\/\"]}]},{\"@type\":\"ImageObject\",\"inLanguage\":\"fi\",\"@id\":\"https:\\\/\\\/blogs2.uef.fi\\\/biotalouskoulutus\\\/koulutus1\\\/biotalousosaamista\\\/metsasuunnittelu-nyt-ja-tulevaisuudessa\\\/#primaryimage\",\"url\":\"https:\\\/\\\/www.biotalouskoulutusitasuomi.fi\\\/wp-content\\\/uploads\\\/sites\\\/71\\\/2022\\\/10\\\/saikrishna-saketh-yellapragada-r07OsV0moGI-unsplash-300x169.jpg\",\"contentUrl\":\"https:\\\/\\\/www.biotalouskoulutusitasuomi.fi\\\/wp-content\\\/uploads\\\/sites\\\/71\\\/2022\\\/10\\\/saikrishna-saketh-yellapragada-r07OsV0moGI-unsplash-300x169.jpg\"},{\"@type\":\"BreadcrumbList\",\"@id\":\"https:\\\/\\\/blogs2.uef.fi\\\/biotalouskoulutus\\\/koulutus1\\\/biotalousosaamista\\\/metsasuunnittelu-nyt-ja-tulevaisuudessa\\\/#breadcrumb\",\"itemListElement\":[{\"@type\":\"ListItem\",\"position\":1,\"name\":\"Home\",\"item\":\"https:\\\/\\\/www.biotalouskoulutus.fi\\\/\"},{\"@type\":\"ListItem\",\"position\":2,\"name\":\"Koulutus\",\"item\":\"https:\\\/\\\/blogs2.uef.fi\\\/biotalouskoulutus\\\/koulutus1\\\/\"},{\"@type\":\"ListItem\",\"position\":3,\"name\":\"Biotalouskoulutuksia\",\"item\":\"https:\\\/\\\/blogs2.uef.fi\\\/biotalouskoulutus\\\/koulutus1\\\/biotalousosaamista\\\/\"},{\"@type\":\"ListItem\",\"position\":4,\"name\":\"Mets\u00e4suunnittelu nyt ja tulevaisuudessa\"}]},{\"@type\":\"WebSite\",\"@id\":\"https:\\\/\\\/www.biotalouskoulutus.fi\\\/#website\",\"url\":\"https:\\\/\\\/www.biotalouskoulutus.fi\\\/\",\"name\":\"Biotalouden erikoistumiskoulutus It\u00e4-Suomi\",\"description\":\"Biotalouden erikoistumiskoulutus It\u00e4-Suomessa - innovaatioita ja osaamista korkeakoulujen ja yritysen yhteisty\u00f6n\u00e4. Koulutuksen painotukset: mets\u00e4biotalous, biotalouden sivuvirrat, biojalostus ja energiabiotalous.\",\"potentialAction\":[{\"@type\":\"SearchAction\",\"target\":{\"@type\":\"EntryPoint\",\"urlTemplate\":\"https:\\\/\\\/www.biotalouskoulutus.fi\\\/?s={search_term_string}\"},\"query-input\":{\"@type\":\"PropertyValueSpecification\",\"valueRequired\":true,\"valueName\":\"search_term_string\"}}],\"inLanguage\":\"fi\"}]}<\/script>\n<!-- \/ Yoast SEO plugin. -->","yoast_head_json":{"title":"Mets\u00e4suunnittelu nyt ja tulevaisuudessa - Biotalouden erikoistumiskoulutus It\u00e4-Suomi","robots":{"index":"index","follow":"follow","max-snippet":"max-snippet:-1","max-image-preview":"max-image-preview:large","max-video-preview":"max-video-preview:-1"},"canonical":"https:\/\/blogs2.uef.fi\/biotalouskoulutus\/koulutus1\/biotalousosaamista\/metsasuunnittelu-nyt-ja-tulevaisuudessa\/","og_locale":"fi_FI","og_type":"article","og_title":"Mets\u00e4suunnittelu nyt ja tulevaisuudessa - Biotalouden erikoistumiskoulutus It\u00e4-Suomi","og_description":"Webinaarisarja mets\u00e4ammattilaisille ja tutkijoille &nbsp; Ajankohdat: 16.11. klo 14:30-16:00 &#8211; Mets\u00e4suunnittelun toimintaymp\u00e4rist\u00f6 23.11. klo 14:30-16:00 &#8211; Mets\u00e4suunnittelun kehitys yli vuosikymmenien 30.11. klo 14:30-16:00 &#8211; Mets\u00e4tieto \u2013 uudet teknologiat ja sovellukset Tausta: Ilmastonmuutos, luontokato, digitalisaatio, ja kaupungistuminen luovat haasteita metsien k\u00e4yt\u00f6n suunnitteluun ja muuttavat mets\u00e4politiikan toimintaymp\u00e4rist\u00f6\u00e4. Nykyisess\u00e4 toimintaymp\u00e4rist\u00f6ss\u00e4 yritysm\u00e4inen mets\u00e4nomistus on lis\u00e4\u00e4ntynyt ja toisaalta osa mets\u00e4nomistajista [&hellip;]","og_url":"https:\/\/blogs2.uef.fi\/biotalouskoulutus\/koulutus1\/biotalousosaamista\/metsasuunnittelu-nyt-ja-tulevaisuudessa\/","og_site_name":"Biotalouden erikoistumiskoulutus It\u00e4-Suomi","article_modified_time":"2022-10-21T07:46:12+00:00","og_image":[{"url":"https:\/\/www.biotalouskoulutusitasuomi.fi\/wp-content\/uploads\/sites\/71\/2022\/10\/saikrishna-saketh-yellapragada-r07OsV0moGI-unsplash-300x169.jpg","type":"","width":"","height":""}],"twitter_card":"summary_large_image","twitter_misc":{"Arvioitu lukuaika":"3 minuuttia"},"schema":{"@context":"https:\/\/schema.org","@graph":[{"@type":"WebPage","@id":"https:\/\/blogs2.uef.fi\/biotalouskoulutus\/koulutus1\/biotalousosaamista\/metsasuunnittelu-nyt-ja-tulevaisuudessa\/","url":"https:\/\/blogs2.uef.fi\/biotalouskoulutus\/koulutus1\/biotalousosaamista\/metsasuunnittelu-nyt-ja-tulevaisuudessa\/","name":"Mets\u00e4suunnittelu nyt ja tulevaisuudessa - Biotalouden erikoistumiskoulutus It\u00e4-Suomi","isPartOf":{"@id":"https:\/\/www.biotalouskoulutus.fi\/#website"},"primaryImageOfPage":{"@id":"https:\/\/blogs2.uef.fi\/biotalouskoulutus\/koulutus1\/biotalousosaamista\/metsasuunnittelu-nyt-ja-tulevaisuudessa\/#primaryimage"},"image":{"@id":"https:\/\/blogs2.uef.fi\/biotalouskoulutus\/koulutus1\/biotalousosaamista\/metsasuunnittelu-nyt-ja-tulevaisuudessa\/#primaryimage"},"thumbnailUrl":"https:\/\/www.biotalouskoulutusitasuomi.fi\/wp-content\/uploads\/sites\/71\/2022\/10\/saikrishna-saketh-yellapragada-r07OsV0moGI-unsplash-300x169.jpg","datePublished":"2022-10-04T07:59:54+00:00","dateModified":"2022-10-21T07:46:12+00:00","breadcrumb":{"@id":"https:\/\/blogs2.uef.fi\/biotalouskoulutus\/koulutus1\/biotalousosaamista\/metsasuunnittelu-nyt-ja-tulevaisuudessa\/#breadcrumb"},"inLanguage":"fi","potentialAction":[{"@type":"ReadAction","target":["https:\/\/blogs2.uef.fi\/biotalouskoulutus\/koulutus1\/biotalousosaamista\/metsasuunnittelu-nyt-ja-tulevaisuudessa\/"]}]},{"@type":"ImageObject","inLanguage":"fi","@id":"https:\/\/blogs2.uef.fi\/biotalouskoulutus\/koulutus1\/biotalousosaamista\/metsasuunnittelu-nyt-ja-tulevaisuudessa\/#primaryimage","url":"https:\/\/www.biotalouskoulutusitasuomi.fi\/wp-content\/uploads\/sites\/71\/2022\/10\/saikrishna-saketh-yellapragada-r07OsV0moGI-unsplash-300x169.jpg","contentUrl":"https:\/\/www.biotalouskoulutusitasuomi.fi\/wp-content\/uploads\/sites\/71\/2022\/10\/saikrishna-saketh-yellapragada-r07OsV0moGI-unsplash-300x169.jpg"},{"@type":"BreadcrumbList","@id":"https:\/\/blogs2.uef.fi\/biotalouskoulutus\/koulutus1\/biotalousosaamista\/metsasuunnittelu-nyt-ja-tulevaisuudessa\/#breadcrumb","itemListElement":[{"@type":"ListItem","position":1,"name":"Home","item":"https:\/\/www.biotalouskoulutus.fi\/"},{"@type":"ListItem","position":2,"name":"Koulutus","item":"https:\/\/blogs2.uef.fi\/biotalouskoulutus\/koulutus1\/"},{"@type":"ListItem","position":3,"name":"Biotalouskoulutuksia","item":"https:\/\/blogs2.uef.fi\/biotalouskoulutus\/koulutus1\/biotalousosaamista\/"},{"@type":"ListItem","position":4,"name":"Mets\u00e4suunnittelu nyt ja tulevaisuudessa"}]},{"@type":"WebSite","@id":"https:\/\/www.biotalouskoulutus.fi\/#website","url":"https:\/\/www.biotalouskoulutus.fi\/","name":"Biotalouden erikoistumiskoulutus It\u00e4-Suomi","description":"Biotalouden erikoistumiskoulutus It\u00e4-Suomessa - innovaatioita ja osaamista korkeakoulujen ja yritysen yhteisty\u00f6n\u00e4. Koulutuksen painotukset: mets\u00e4biotalous, biotalouden sivuvirrat, biojalostus ja energiabiotalous.","potentialAction":[{"@type":"SearchAction","target":{"@type":"EntryPoint","urlTemplate":"https:\/\/www.biotalouskoulutus.fi\/?s={search_term_string}"},"query-input":{"@type":"PropertyValueSpecification","valueRequired":true,"valueName":"search_term_string"}}],"inLanguage":"fi"}]}},"_links":{"self":[{"href":"https:\/\/blogs2.uef.fi\/biotalouskoulutus\/wp-json\/wp\/v2\/pages\/3730","targetHints":{"allow":["GET"]}}],"collection":[{"href":"https:\/\/blogs2.uef.fi\/biotalouskoulutus\/wp-json\/wp\/v2\/pages"}],"about":[{"href":"https:\/\/blogs2.uef.fi\/biotalouskoulutus\/wp-json\/wp\/v2\/types\/page"}],"author":[{"embeddable":true,"href":"https:\/\/blogs2.uef.fi\/biotalouskoulutus\/wp-json\/wp\/v2\/users\/95"}],"replies":[{"embeddable":true,"href":"https:\/\/blogs2.uef.fi\/biotalouskoulutus\/wp-json\/wp\/v2\/comments?post=3730"}],"version-history":[{"count":2,"href":"https:\/\/blogs2.uef.fi\/biotalouskoulutus\/wp-json\/wp\/v2\/pages\/3730\/revisions"}],"predecessor-version":[{"id":3875,"href":"https:\/\/blogs2.uef.fi\/biotalouskoulutus\/wp-json\/wp\/v2\/pages\/3730\/revisions\/3875"}],"up":[{"embeddable":true,"href":"https:\/\/blogs2.uef.fi\/biotalouskoulutus\/wp-json\/wp\/v2\/pages\/3294"}],"wp:attachment":[{"href":"https:\/\/blogs2.uef.fi\/biotalouskoulutus\/wp-json\/wp\/v2\/media?parent=3730"}],"curies":[{"name":"wp","href":"https:\/\/api.w.org\/{rel}","templated":true}]}}