{"id":297,"date":"2022-03-31T12:48:46","date_gmt":"2022-03-31T09:48:46","guid":{"rendered":"https:\/\/blogs2.uef.fi\/uef-hanke\/?page_id=297"},"modified":"2026-04-24T07:57:53","modified_gmt":"2026-04-24T04:57:53","slug":"testisivu","status":"publish","type":"page","link":"https:\/\/blogs2.uef.fi\/uef-teema\/testisivu\/","title":{"rendered":"Lohkojen esittely"},"content":{"rendered":"\n<p>Tekstilohkoon saat kirjoitettua teksti\u00e4, lis\u00e4tty\u00e4 sivuston <a href=\"https:\/\/blogs2.uef.fi\/uef-teema\/\">sis\u00e4isi\u00e4 linkkej\u00e4<\/a> ja <a href=\"https:\/\/www.uef.fi\/fi\/\">ulkoisia linkkej\u00e4<\/a> tekstin sekaan, sek\u00e4 <strong>lihavoitua teksti\u00e4<\/strong>.<\/p>\n\n\n\n<h2 class=\"wp-block-heading\">Listat<\/h2>\n\n\n\n<p>Listoja varten on oma lohkonsa:<\/p>\n\n\n\n<ul class=\"wp-block-list\">\n<li>Ensimm\u00e4inen asia<\/li>\n\n\n\n<li>Toinen asia<\/li>\n\n\n\n<li>Kolmas asia<\/li>\n\n\n\n<li><a href=\"https:\/\/www.uef.fi\/fi\/\" id=\"https:\/\/www.uef.fi\/fi\/\">Nelj\u00e4s asia, johon tehty linkki uef.fi-sivustolle. Nelj\u00e4s asia, johon tehty linkki uef.fi-sivustolle. Nelj\u00e4s asia, johon tehty linkki uef.fi-sivustolle.<\/a><\/li>\n\n\n\n<li>Viides asia<\/li>\n<\/ul>\n\n\n\n<h2 class=\"wp-block-heading\">Otsikot<\/h2>\n\n\n\n<p>Muista otsikoiden hierarkia. Jokaisella sivulla voi olla yksi H1-tason p\u00e4\u00e4otsikko. T\u00e4m\u00e4n j\u00e4lkeen tulee H2-tason otsikko, jolle tarvittaessa voi lis\u00e4t\u00e4 alaotsikon H3 jne. Saavutettavasti.fi-sivustolla on <a href=\"https:\/\/www.saavutettavasti.fi\/verkkosisaltojen-saavutettavuus\/selkeat-rakenteet\/#extra-content-hyva-otsikointi-parantaa-saavutettavuutta\">hyv\u00e4t ohjeet loogiseen otsikointiin<\/a>.<\/p>\n\n\n\n<h2 class=\"wp-block-heading\">Kuva<\/h2>\n\n\n\n<p>Suosi koko palstan levyisi\u00e4 vaakakakuvia, jos mahdollista. Niiden kanssa sivu s\u00e4ilyy ulkoasullisesti parhaiten tasapainossa.<\/p>\n\n\n\n<p>Jos kuva on palstaa kapeampi ja kuvateksti on niin pitk\u00e4, ett\u00e4 se jatkuu kuvan leveyden yli, tulee asetteluksi\/tasaukseksi valita vasen tai keskitetty, jotta kuvateksti asettuu kuvan leveyteen eik\u00e4 jatku kuvan yli. Ilman asettelun\/tasauksen valintaa kuvateksti jatkuu t\u00e4llaisessa tapauksessa kuvan leveyden yli.<\/p>\n\n\n\n<figure class=\"wp-block-image size-large\"><img loading=\"lazy\" decoding=\"async\" width=\"1024\" height=\"683\" src=\"https:\/\/blogs2.uef.fi\/uef-hanke\/wp-content\/uploads\/sites\/47\/2019\/11\/tree-trunk-569275_1920-1024x683.jpg\" alt=\"\" class=\"wp-image-59\" srcset=\"https:\/\/blogs2.uef.fi\/uef-teema\/wp-content\/uploads\/sites\/47\/2019\/11\/tree-trunk-569275_1920-1024x683.jpg 1024w, https:\/\/blogs2.uef.fi\/uef-teema\/wp-content\/uploads\/sites\/47\/2019\/11\/tree-trunk-569275_1920-300x200.jpg 300w, https:\/\/blogs2.uef.fi\/uef-teema\/wp-content\/uploads\/sites\/47\/2019\/11\/tree-trunk-569275_1920-768x512.jpg 768w, https:\/\/blogs2.uef.fi\/uef-teema\/wp-content\/uploads\/sites\/47\/2019\/11\/tree-trunk-569275_1920.jpg 1920w\" sizes=\"auto, (max-width: 1024px) 100vw, 1024px\" \/><figcaption class=\"wp-element-caption\">Kuvalle voit lis\u00e4t\u00e4 halutessasi kuvatekstin. Kuvalle voit lis\u00e4t\u00e4 halutessasi kuvatekstin. Kuvalle voit lis\u00e4t\u00e4 halutessasi kuvatekstin.<\/figcaption><\/figure>\n\n\n\n<figure class=\"wp-block-image alignleft size-large is-resized\"><img loading=\"lazy\" decoding=\"async\" width=\"1024\" height=\"405\" src=\"https:\/\/blogs2.uef.fi\/uef-teema\/wp-content\/uploads\/sites\/47\/2023\/09\/aurora_ilta_1440x570-2-1024x405.jpg\" alt=\"\" class=\"wp-image-1043\" style=\"aspect-ratio:2.528410476515632;width:501px;height:auto\" srcset=\"https:\/\/blogs2.uef.fi\/uef-teema\/wp-content\/uploads\/sites\/47\/2023\/09\/aurora_ilta_1440x570-2-1024x405.jpg 1024w, https:\/\/blogs2.uef.fi\/uef-teema\/wp-content\/uploads\/sites\/47\/2023\/09\/aurora_ilta_1440x570-2-300x119.jpg 300w, https:\/\/blogs2.uef.fi\/uef-teema\/wp-content\/uploads\/sites\/47\/2023\/09\/aurora_ilta_1440x570-2-768x304.jpg 768w, https:\/\/blogs2.uef.fi\/uef-teema\/wp-content\/uploads\/sites\/47\/2023\/09\/aurora_ilta_1440x570-2.jpg 1440w\" sizes=\"auto, (max-width: 1024px) 100vw, 1024px\" \/><figcaption class=\"wp-element-caption\">Kuvalle voit lis\u00e4t\u00e4 halutessasi kuvatekstin. Kuvalle voit lis\u00e4t\u00e4 halutessasi kuvatekstin. Kuvalle voit lis\u00e4t\u00e4 halutessasi kuvatekstin.<\/figcaption><\/figure>\n\n\n\n<h2 class=\"wp-block-heading\">Youtube-upotus<\/h2>\n\n\n\n<p>Upota video sivulle lis\u00e4\u00e4m\u00e4ll\u00e4 lohkoon Youtube-videon linkki.<\/p>\n\n\n<div class=\"embed-container\">\n    <iframe loading=\"lazy\" title=\"UEF - Suomen monialaisin yliopisto\" width=\"640\" height=\"360\" src=\"https:\/\/www.youtube.com\/embed\/uExVZmj0lmo?feature=oembed&#038;controls=1&#038;hd=1&#038;autohide=1\" frameborder=\"0\" allow=\"accelerometer; autoplay; clipboard-write; encrypted-media; gyroscope; picture-in-picture; web-share\" referrerpolicy=\"strict-origin-when-cross-origin\" allowfullscreen frameborder=\"0\"><\/iframe><\/div>\n\n\n<h2 class=\"wp-block-heading\">Panopto-upotus<\/h2>\n\n\n\n<p>Upota Panoptossa oleva video- tai \u00e4\u00e4nitiedosto lis\u00e4\u00e4m\u00e4ll\u00e4 Panopto-lohkoon tiedoston linkki.<\/p>\n\n\n\n\t<div class=\"panopto-embed video_layout\">\n\t\t\t\t\t<iframe src=\"https:\/\/uef.cloud.panopto.eu\/Panopto\/Pages\/Embed.aspx?id=1097304a-1f17-4d24-9c9e-b09801455de4\" aria-label=\"Mit\u00e4 uudistuva kest\u00e4vyysraportointi vaatii yritystoiminnalta? Tallenne vierailuluennolta ja paneelikeskustelusta 15.9.2023.\" allow=\"autoplay; fullscreen\" allowfullscreen><\/iframe>\n\t\t\n\t\t\t<\/div>\n\n\n\n\t<div class=\"panopto-embed soundfile_layout\">\n\t\t\n\t\t\t\t\t<iframe src=\"https:\/\/uef.cloud.panopto.eu\/Panopto\/Pages\/Embed.aspx?id=98864470-e939-4529-b9f5-b2f800527049\" aria-label=\"\u00c4\u00e4nitiedosto WordPressin Panopto-upotuksen testausta varten. Audio file for testing the Panopto embed in WordPress.\" allow=\"autoplay; fullscreen\" allowfullscreen><\/iframe>\n\t\t\t<\/div>\n\n\n\n<h2 class=\"wp-block-heading\">Linkkilohko<\/h2>\n\n\n\n<p>Linkkilohkoon voit lis\u00e4t\u00e4 linkin nimen sek\u00e4 siihen liittyv\u00e4n kuvaustekstin. K\u00e4yt\u00e4 t\u00e4t\u00e4, kun haluat korostaa linkki\u00e4. Linkki voi ohjata joko sivuston sis\u00e4iselle tai ulkoiselle sivulle.<\/p>\n\n\n\n<div class=\"links-block\">\n\n    \n    <ul class=\"link-list\">\n        \n            \n            <li class=\"link-list-item\">\n                <a href=\"https:\/\/blogs2.uef.fi\/uef-teema\/\" class=\"link-reset link hover-scale-down\">\n                    <svg\n        width=\"43\" height=\"25\"\n        viewBox=\"0 0 43 25\"\n        xmlns=\"http:\/\/www.w3.org\/2000\/svg\">\n    <path\n        d=\"M30.027 0 43 12.5 30.027 25 27 22.083 34.351 15H0v-5h34.351L27 2.917z\"\n        fill=\"currentColor\"\n        fill-rule=\"evenodd\"\/>\n<\/svg>                    <div>Linkin otsikko linkin otsikko linkin otsikko linkin otsikkoo<\/div>\n                <\/a>\n                <div class=\"link-info\">\n                                            <div class=\"link-info-type\">Linkin kuvausteksti. Vestibulum aliquam ullamcorper volutpat. In ullamcorper justo sit amet tellus mollis eleifend. Nulla nisl nibh, dignissim varius consequat id, faucibus et massa. Curabitur mauris arcu, cursus viverra nulla nec, eleifend bibendum nibh. Aenean ac urna facilisis, consequat metus in, fermentum mi. Curabitur mauris arcu, cursus viverra nulla nec, eleifend bibendum nibh, ac urna fa.<\/div>\n                                    <\/div>\n            <\/li>\n\n        \n            <li class=\"link-list-item\">\n                <a href=\"https:\/\/www.uef.fi\" class=\"link-reset link hover-scale-down\">\n                    <svg\n        width=\"43\" height=\"25\"\n        viewBox=\"0 0 43 25\"\n        xmlns=\"http:\/\/www.w3.org\/2000\/svg\">\n    <path\n        d=\"M30.027 0 43 12.5 30.027 25 27 22.083 34.351 15H0v-5h34.351L27 2.917z\"\n        fill=\"currentColor\"\n        fill-rule=\"evenodd\"\/>\n<\/svg>                    <div>Toisen linkin otsikko<\/div>\n                <\/a>\n                <div class=\"link-info\">\n                                            <div class=\"link-info-type\">Sed vel quam eget tortor mattis porta. Pellentesque eget condimentum sapien. Pellentesque a ultrices diam.<\/div>\n                                    <\/div>\n            <\/li>\n\n                <\/ul>\n<\/div>\n\n\n<h2 class=\"wp-block-heading\">Henkil\u00f6kortti<\/h2>\n\n\n\n<p>Henkil\u00f6korttilohko on suunniteltu esimerkiksi tapahtuman puhujien tai hankkeen ty\u00f6ntekij\u00f6iden lyhyeen esittelyyn. Voit lis\u00e4t\u00e4 korttiin linkin, joka ohjaa lukemaan tarkempaa tietoja henkil\u00f6st\u00e4 t\u00e4m\u00e4n UEF Connect- profiilista tai oman organisaation vastaavalta sivulta.<\/p>\n\n\n\n<div class=\"person-card\">\n    \n                    <a href=\"https:\/\/www.uef.fi\" class=\"person-card-link hover-scale-down\">\n                            <div class=\"person-card-item\">\n                    <div class=\"person-card-column-left\">\n                                                    <img decoding=\"async\" class=\"person-card-image\" src=\"https:\/\/blogs2.uef.fi\/uef-teema\/wp-content\/uploads\/sites\/47\/2023\/06\/vertaisverkosto-tulppaanit.jpg\" alt=\"Keltaisia tulppaaneja.\" \/>\n                                            <\/div>\n\n                    <div class=\"person-card-column-right\">\n                                                <p class=\"person-card-name\">Henkil\u00f6n Nimi<\/p>\n                        \n                                                <p class=\"person-card-position\">Asema<\/p>\n                        \n                                                <p class=\"person-card-organisation\">Organisaatio<\/p>\n                        \n                                                <p class=\"person-card-text\">Lorem ipsum dolor sit amet, consectetuer adipiscing elit. Sed posuere interdum sem. Quisque ligula eros ullamcorper quis, lacinia quis facilisis sed sapien. Mauris varius diam vitae arcu. Sed arcu lectus auctor vitae, consectetuer et venenatis eget velit. \r\n\r\nSed augue orci, lacinia eu tincidunt et eleifend nec lacus. Donec ultricies nisl ut felis, suspendisse potenti. Lorem ipsum ligula ut hendrerit mollis, ipsum erat vehicula risus, suscipit sem libero nec erat. Aliquam erat volutpat. Sed congue augue vitae neque. Nulla consectetuer porttitor pede. Fusce purus morbi tortor magna condimentum vel.<\/p>\n                        \n                                                    <div>\n\t\t\t\t\t\t\t<svg xmlns=\"http:\/\/www.w3.org\/2000\/svg\" height=\"25px\" viewBox=\"0 -960 960 960\" width=\"24px\" ><path fill=\"currentColor\" d=\"M200-120q-33 0-56.5-23.5T120-200v-560q0-33 23.5-56.5T200-840h280v80H200v560h560v-280h80v280q0 33-23.5 56.5T760-120H200Zm188-212-56-56 372-372H560v-80h280v280h-80v-144L388-332Z\"\/><\/svg>\t\t\t\t\t\t\t<\/div>\n                                            <\/div>\n                <\/div>\n                            <\/a>\n                            <\/div>\n\n\n\n<div class=\"person-card\">\n    \n                    <a href=\"https:\/\/blogs2.uef.fi\/uef-teema\/\" class=\"person-card-link hover-scale-down\">\n                            <div class=\"person-card-item\">\n                    <div class=\"person-card-column-left\">\n                                                    <img decoding=\"async\" class=\"person-card-image\" src=\"https:\/\/blogs2.uef.fi\/uef-teema\/wp-content\/uploads\/sites\/47\/2023\/09\/UEF_yleiskuva_2_1440x570-2.jpg\" alt=\"Pallokuvioita lasipinnalla.\" \/>\n                                            <\/div>\n\n                    <div class=\"person-card-column-right\">\n                                                <p class=\"person-card-name\">Etunimi Sukunimi<\/p>\n                        \n                        \n                        \n                        \n                                                    <div>\n\t\t\t\t\t\t\t<svg\n        width=\"43\" height=\"25\"\n        viewBox=\"0 0 43 25\"\n        xmlns=\"http:\/\/www.w3.org\/2000\/svg\">\n    <path\n        d=\"M30.027 0 43 12.5 30.027 25 27 22.083 34.351 15H0v-5h34.351L27 2.917z\"\n        fill=\"currentColor\"\n        fill-rule=\"evenodd\"\/>\n<\/svg>\t\t\t\t\t\t\t<\/div>\n                                            <\/div>\n                <\/div>\n                            <\/a>\n                            <\/div>\n\n\n\n<h2 class=\"wp-block-heading\">Rahoittajalohko<\/h2>\n\n\n\n<p>Rahoittajalohko on suunniteltu esimerkiksi yhteisty\u00f6hankkeiden kumppanien, rahoittajien tai tapahtuman sponsorien esittelyyn. Siihen voi lis\u00e4t\u00e4 kuvan (esimerkiksi organisaation logon), lyhyen kuvauksen sek\u00e4 linkin. Kuvaus ja linkki eiv\u00e4t ole pakollisia. Kuvia voi asettaa vierekk\u00e4in korkeintaan nelj\u00e4 kappaletta.<\/p>\n\n\n    <div class=\"funders grid\">\n                        <a href=\"https:\/\/www.uef.fi\/fi\/\" class=\"funders__link grid__item hover-scale-down\" title=\"\">\n                            <div class=\"funders__image\">\n                    <img decoding=\"async\" src=\"https:\/\/blogs2.uef.fi\/uef-teema\/wp-content\/uploads\/sites\/47\/2019\/12\/uef_bookings.png\" alt=\"UEF logo.\" \/>\n                <\/div>\n                                                    <div class=\"funders__arrow\">\n                    <svg xmlns=\"http:\/\/www.w3.org\/2000\/svg\" height=\"25px\" viewBox=\"0 -960 960 960\" width=\"24px\" ><path fill=\"currentColor\" d=\"M200-120q-33 0-56.5-23.5T120-200v-560q0-33 23.5-56.5T200-840h280v80H200v560h560v-280h80v280q0 33-23.5 56.5T760-120H200Zm188-212-56-56 372-372H560v-80h280v280h-80v-144L388-332Z\"\/><\/svg>                    <\/div>\n                <\/a>\n                            \n                        <a href=\"https:\/\/blogs2.uef.fi\/uef-teema\/\" class=\"funders__link grid__item hover-scale-down\" title=\" Sed vel quam eget tortor mattis porta. Pellentesque eget condime sapi sapi.\">\n                            <div class=\"funders__image\">\n                    <img decoding=\"async\" src=\"https:\/\/blogs2.uef.fi\/uef-teema\/wp-content\/uploads\/sites\/47\/2023\/09\/VAAKALOGO.png\" alt=\"Vaakalogoesimerkki.\" \/>\n                <\/div>\n                                    <p class=\"funders__description\"> Sed vel quam eget tortor mattis porta. Pellentesque eget condime sapi sapi.<\/p>\n                                                    <div class=\"funders__arrow\">\n                    <svg\n        width=\"43\" height=\"25\"\n        viewBox=\"0 0 43 25\"\n        xmlns=\"http:\/\/www.w3.org\/2000\/svg\">\n    <path\n        d=\"M30.027 0 43 12.5 30.027 25 27 22.083 34.351 15H0v-5h34.351L27 2.917z\"\n        fill=\"currentColor\"\n        fill-rule=\"evenodd\"\/>\n<\/svg>                    <\/div>\n                <\/a>\n                            \n                        <a href=\"https:\/\/www.uef.fi\/fi\/\" class=\"funders__link grid__item hover-scale-down\" title=\"Sed vel quam eget tortor mattis porta. Pellentesque eget condime sapi sapi.\">\n                            <div class=\"funders__image\">\n                    <img decoding=\"async\" src=\"https:\/\/blogs2.uef.fi\/uef-teema\/wp-content\/uploads\/sites\/47\/2023\/09\/UEF_eng_black-scaled.jpg\" alt=\"UEF logo.\" \/>\n                <\/div>\n                                    <p class=\"funders__description\">Sed vel quam eget tortor mattis porta. Pellentesque eget condime sapi sapi.<\/p>\n                                                    <div class=\"funders__arrow\">\n                    <svg xmlns=\"http:\/\/www.w3.org\/2000\/svg\" height=\"25px\" viewBox=\"0 -960 960 960\" width=\"24px\" ><path fill=\"currentColor\" d=\"M200-120q-33 0-56.5-23.5T120-200v-560q0-33 23.5-56.5T200-840h280v80H200v560h560v-280h80v280q0 33-23.5 56.5T760-120H200Zm188-212-56-56 372-372H560v-80h280v280h-80v-144L388-332Z\"\/><\/svg>                    <\/div>\n                <\/a>\n                            \n                        <a href=\"https:\/\/www.uef.fi\/fi\/\" class=\"funders__link grid__item hover-scale-down\" title=\"Kuvausteksti.\">\n                            <div class=\"funders__image\">\n                    <img decoding=\"async\" src=\"https:\/\/blogs2.uef.fi\/uef-teema\/wp-content\/uploads\/sites\/47\/2023\/09\/pystylogo.png\" alt=\"pystylogoesimerkki.\" \/>\n                <\/div>\n                                    <p class=\"funders__description\">Kuvausteksti.<\/p>\n                                                    <div class=\"funders__arrow\">\n                    <svg xmlns=\"http:\/\/www.w3.org\/2000\/svg\" height=\"25px\" viewBox=\"0 -960 960 960\" width=\"24px\" ><path fill=\"currentColor\" d=\"M200-120q-33 0-56.5-23.5T120-200v-560q0-33 23.5-56.5T200-840h280v80H200v560h560v-280h80v280q0 33-23.5 56.5T760-120H200Zm188-212-56-56 372-372H560v-80h280v280h-80v-144L388-332Z\"\/><\/svg>                    <\/div>\n                <\/a>\n                            \n            <\/div>\n\n\n    <div class=\"funders grid\">\n                        <a href=\"https:\/\/blogs2.uef.fi\/uef-teema\/\" class=\"funders__link grid__item hover-scale-down\" title=\"Kuvausteksti.\">\n                            <div class=\"funders__image\">\n                    <img decoding=\"async\" src=\"https:\/\/blogs2.uef.fi\/uef-teema\/wp-content\/uploads\/sites\/47\/2023\/09\/pystylogo.png\" alt=\"pystylogoesimerkki.\" \/>\n                <\/div>\n                                    <p class=\"funders__description\">Kuvausteksti.<\/p>\n                                                    <div class=\"funders__arrow\">\n                    <svg\n        width=\"43\" height=\"25\"\n        viewBox=\"0 0 43 25\"\n        xmlns=\"http:\/\/www.w3.org\/2000\/svg\">\n    <path\n        d=\"M30.027 0 43 12.5 30.027 25 27 22.083 34.351 15H0v-5h34.351L27 2.917z\"\n        fill=\"currentColor\"\n        fill-rule=\"evenodd\"\/>\n<\/svg>                    <\/div>\n                <\/a>\n                            \n                        <a href=\"https:\/\/blogs2.uef.fi\/uef-teema\/\" class=\"funders__link grid__item hover-scale-down\" title=\"Sed vel quam eget tortor mattis porta. Pellentesque eget condime sapi sapi.\">\n                            <div class=\"funders__image\">\n                    <img decoding=\"async\" src=\"https:\/\/blogs2.uef.fi\/uef-teema\/wp-content\/uploads\/sites\/47\/2023\/09\/UEF_eng_black-scaled.jpg\" alt=\"UEF logo.\" \/>\n                <\/div>\n                                    <p class=\"funders__description\">Sed vel quam eget tortor mattis porta. Pellentesque eget condime sapi sapi.<\/p>\n                                                    <div class=\"funders__arrow\">\n                    <svg\n        width=\"43\" height=\"25\"\n        viewBox=\"0 0 43 25\"\n        xmlns=\"http:\/\/www.w3.org\/2000\/svg\">\n    <path\n        d=\"M30.027 0 43 12.5 30.027 25 27 22.083 34.351 15H0v-5h34.351L27 2.917z\"\n        fill=\"currentColor\"\n        fill-rule=\"evenodd\"\/>\n<\/svg>                    <\/div>\n                <\/a>\n                            \n                        <a href=\"https:\/\/www.uef.fi\/fi\/\" class=\"funders__link grid__item hover-scale-down\" title=\"\">\n                            <div class=\"funders__image\">\n                    <img decoding=\"async\" src=\"https:\/\/blogs2.uef.fi\/uef-teema\/wp-content\/uploads\/sites\/47\/2019\/12\/uef_bookings.png\" alt=\"UEF logo.\" \/>\n                <\/div>\n                                                    <div class=\"funders__arrow\">\n                    <svg xmlns=\"http:\/\/www.w3.org\/2000\/svg\" height=\"25px\" viewBox=\"0 -960 960 960\" width=\"24px\" ><path fill=\"currentColor\" d=\"M200-120q-33 0-56.5-23.5T120-200v-560q0-33 23.5-56.5T200-840h280v80H200v560h560v-280h80v280q0 33-23.5 56.5T760-120H200Zm188-212-56-56 372-372H560v-80h280v280h-80v-144L388-332Z\"\/><\/svg>                    <\/div>\n                <\/a>\n                            \n                        <a href=\"https:\/\/www.uef.fi\/fi\/\" class=\"funders__link grid__item hover-scale-down\" title=\" Sed vel quam eget tortor mattis porta. Pellentesque eget condime sapi sapi.\">\n                            <div class=\"funders__image\">\n                    <img decoding=\"async\" src=\"https:\/\/blogs2.uef.fi\/uef-teema\/wp-content\/uploads\/sites\/47\/2023\/09\/VAAKALOGO.png\" alt=\"Vaakalogoesimerkki.\" \/>\n                <\/div>\n                                    <p class=\"funders__description\"> Sed vel quam eget tortor mattis porta. Pellentesque eget condime sapi sapi.<\/p>\n                                                    <div class=\"funders__arrow\">\n                    <svg xmlns=\"http:\/\/www.w3.org\/2000\/svg\" height=\"25px\" viewBox=\"0 -960 960 960\" width=\"24px\" ><path fill=\"currentColor\" d=\"M200-120q-33 0-56.5-23.5T120-200v-560q0-33 23.5-56.5T200-840h280v80H200v560h560v-280h80v280q0 33-23.5 56.5T760-120H200Zm188-212-56-56 372-372H560v-80h280v280h-80v-144L388-332Z\"\/><\/svg>                    <\/div>\n                <\/a>\n                            \n            <\/div>\n\n\n    <div class=\"funders grid\">\n                        <div class=\"funders__item grid__item\">\n                            <div class=\"funders__image\">\n                    <img decoding=\"async\" src=\"https:\/\/blogs2.uef.fi\/uef-teema\/wp-content\/uploads\/sites\/47\/2023\/09\/VAAKALOGO.png\" alt=\"pystylogoesimerkki.\" \/>\n                <\/div>\n                                                <\/div>\n                        \n                        <div class=\"funders__item grid__item\">\n                            <div class=\"funders__image\">\n                    <img decoding=\"async\" src=\"https:\/\/blogs2.uef.fi\/uef-teema\/wp-content\/uploads\/sites\/47\/2023\/09\/UEF_eng_black-scaled.jpg\" alt=\"UEF logo.\" \/>\n                <\/div>\n                                                <\/div>\n                        \n                        <div class=\"funders__item grid__item\">\n                            <div class=\"funders__image\">\n                    <img decoding=\"async\" src=\"https:\/\/blogs2.uef.fi\/uef-teema\/wp-content\/uploads\/sites\/47\/2019\/12\/uef_bookings.png\" alt=\"UEF logo.\" \/>\n                <\/div>\n                                                <\/div>\n                        \n                        <div class=\"funders__item grid__item\">\n                            <div class=\"funders__image\">\n                    <img decoding=\"async\" src=\"https:\/\/blogs2.uef.fi\/uef-teema\/wp-content\/uploads\/sites\/47\/2023\/09\/VAAKALOGO.png\" alt=\"Vaakalogoesimerkki.\" \/>\n                <\/div>\n                                                <\/div>\n                        \n                        <div class=\"funders__item grid__item\">\n                            <div class=\"funders__image\">\n                    <img decoding=\"async\" src=\"https:\/\/blogs2.uef.fi\/uef-teema\/wp-content\/uploads\/sites\/47\/2023\/09\/VAAKALOGO.png\" alt=\"vaakalogo\" \/>\n                <\/div>\n                                                <\/div>\n                        \n                        <div class=\"funders__item grid__item\">\n                            <div class=\"funders__image\">\n                    <img decoding=\"async\" src=\"https:\/\/blogs2.uef.fi\/uef-teema\/wp-content\/uploads\/sites\/47\/2023\/09\/UEF-musta-logo-engl-vaaka-scaled.jpg\" alt=\"Pystylogo.\" \/>\n                <\/div>\n                                                <\/div>\n                        \n                        <div class=\"funders__item grid__item\">\n                            <div class=\"funders__image\">\n                    <img decoding=\"async\" src=\"https:\/\/blogs2.uef.fi\/uef-teema\/wp-content\/uploads\/sites\/47\/2023\/09\/UEF-musta-logo-engl-vaaka-scaled.jpg\" alt=\"Logo.\" \/>\n                <\/div>\n                                                <\/div>\n                        \n            <\/div>\n\n\n\n<h2 class=\"wp-block-heading\">Haitarilohko<\/h2>\n\n\n\n<p>Haitaria kannattaa k\u00e4ytt\u00e4\u00e4 silloin, jos haluat esitt\u00e4\u00e4 tiiviisti paljon asiaa. Haitarin sis\u00e4\u00e4n saa lis\u00e4tty\u00e4 teksti\u00e4 sek\u00e4 kuvia.<\/p>\n\n\n\t<div id=\"haitarinotsikko\" class=\"accordions\">\n\t\t\t\t\t<div class=\"accordion accordion-js\">\n\t\t\t\t<button class=\"accordion__button\" aria-controls=\"content-8863\" aria-expanded=\"false\" id=\"accordion-control-8863\">\n\t\t\t\t\t<h3 class=\"accordion__heading\" >\n\t\t\t\t\t\tHaitarin otsikko\t\t\t\t\t<\/h3>\n\t\t\t\t<\/button>\n\t\t\t\t<div class=\"accordion__content\" role=\"region\" aria-labelledby=\"accordion-control-8863\" aria-hidden=\"true\" id=\"content-8863\">\n\t\t\t\t\t<p>&nbsp;<\/p>\n<p><img loading=\"lazy\" decoding=\"async\" class=\"size-medium wp-image-320\" src=\"https:\/\/blogs2.uef.fi\/uef-hanke\/wp-content\/uploads\/sites\/47\/2022\/04\/13005142-multiracial-group-of-friends-embraced-in-a-circle-300x200.jpg\" alt=\"\" width=\"300\" height=\"200\" srcset=\"https:\/\/blogs2.uef.fi\/uef-teema\/wp-content\/uploads\/sites\/47\/2022\/04\/13005142-multiracial-group-of-friends-embraced-in-a-circle-300x200.jpg 300w, https:\/\/blogs2.uef.fi\/uef-teema\/wp-content\/uploads\/sites\/47\/2022\/04\/13005142-multiracial-group-of-friends-embraced-in-a-circle-1024x683.jpg 1024w, https:\/\/blogs2.uef.fi\/uef-teema\/wp-content\/uploads\/sites\/47\/2022\/04\/13005142-multiracial-group-of-friends-embraced-in-a-circle-768x512.jpg 768w, https:\/\/blogs2.uef.fi\/uef-teema\/wp-content\/uploads\/sites\/47\/2022\/04\/13005142-multiracial-group-of-friends-embraced-in-a-circle-1536x1024.jpg 1536w, https:\/\/blogs2.uef.fi\/uef-teema\/wp-content\/uploads\/sites\/47\/2022\/04\/13005142-multiracial-group-of-friends-embraced-in-a-circle-2048x1365.jpg 2048w\" sizes=\"auto, (max-width: 300px) 100vw, 300px\" \/><\/p>\n<p>Sed vel quam eget tortor mattis porta. Pellentesque eget condimentum sapien. Pellentesque a ultrices diam. Vestibulum aliquam ullamcorper volutpat. In ullamcorper justo sit amet tellus mollis eleifend.<\/p>\n<p>Nulla nisl nibh, dignissim varius consequat id, faucibus et massa. Curabitur mauris arcu, cursus viverra nulla nec, eleifend bibendum nibh.<\/p>\n<p>Aenean ac urna facilisis, consequat metus in, fermentum mi. Sed vel quam eget tortor mattis porta. Pellentesque eget condimentum sapien. Pellentesque a ultrices diam. Vestibulum aliquam ullamcorper volutpat. In ullamcorper justo sit amet tellus mollis eleifend.<\/p>\n<p>Sed vel quam eget tortor mattis porta. Pellentesque eget condimentum sapien. Pellentesque a ultrices diam. Vestibulum aliquam ullamcorper volutpat. In ullamcorper justo sit amet tellus mollis eleifend.<\/p>\n<ul>\n<li>Aenean ac urna facilisis, consequat metus in, fermentum mi. Sed vel quam eget tortor mattis porta. Pellentesque eget condimentum sapien. Pellentesque a ultrices diam. Vestibulum aliquam ullamcorper volutpat. In ullamcorper justo sit amet tellus mollis eleifend.<\/li>\n<li>Sed vel quam eget tortor mattis porta. Pellentesque eget condimentum sapien. Pellentesque a ultrices diam. Vestibulum aliquam ullamcorper volutpat. In ullamcorper justo sit amet tellus mollis eleifend.<\/li>\n<\/ul>\n\t\t\t\t<\/div>\n\t\t\t<\/div>\n\t\t\t\t\t<div class=\"accordion accordion-js\">\n\t\t\t\t<button class=\"accordion__button\" aria-controls=\"content-9720\" aria-expanded=\"false\" id=\"accordion-control-9720\">\n\t\t\t\t\t<h3 class=\"accordion__heading\" >\n\t\t\t\t\t\tToinen otsikko haitarille\t\t\t\t\t<\/h3>\n\t\t\t\t<\/button>\n\t\t\t\t<div class=\"accordion__content\" role=\"region\" aria-labelledby=\"accordion-control-9720\" aria-hidden=\"true\" id=\"content-9720\">\n\t\t\t\t\t<p>Aenean ac urna facilisis, consequat metus in, fermentum mi. Sed vel quam eget tortor mattis porta. Pellentesque eget condimentum sapien. Pellentesque a ultrices diam. Vestibulum aliquam ullamcorper volutpat. In ullamcorper justo sit amet tellus mollis eleifend.Sed vel quam eget tortor mattis porta. Pellentesque eget condimentum sapien. Pellentesque a ultrices diam. Vestibulum aliquam ullamcorper volutpat. In ullamcorper justo sit amet tellus mollis eleifend.<\/p>\n<p>T\u00e4st\u00e4 linkist\u00e4 p\u00e4\u00e4set It\u00e4-Suomen yliopiston p\u00e4\u00e4sivustolle: <a href=\"https:\/\/www.uef.fi\/fi\/\">It\u00e4-Suomen yliopisto &#8211; uef.fi<\/a>.<\/p>\n<p>Aenean ac urna facilisis, consequat metus in, fermentum mi. Sed vel quam eget tortor mattis porta. Pellentesque eget condimentum sapien. Pellentesque a ultrices diam. Vestibulum aliquam ullamcorper volutpat. In ullamcorper justo sit amet tellus mollis eleifend.Sed vel quam eget tortor mattis porta. Pellentesque eget condimentum sapien. Pellentesque a ultrices diam. Vestibulum aliquam ullamcorper volutpat. In ullamcorper justo sit amet tellus mollis eleifend.<\/p>\n<p><img loading=\"lazy\" decoding=\"async\" class=\"size-medium wp-image-618\" src=\"https:\/\/blogs2.uef.fi\/uef-hanke\/wp-content\/uploads\/sites\/47\/2023\/06\/60531233-happy-man-backpacker-or-hiking-in-forest-woods-300x200.jpg\" alt=\"\" width=\"300\" height=\"200\" srcset=\"https:\/\/blogs2.uef.fi\/uef-teema\/wp-content\/uploads\/sites\/47\/2023\/06\/60531233-happy-man-backpacker-or-hiking-in-forest-woods-300x200.jpg 300w, https:\/\/blogs2.uef.fi\/uef-teema\/wp-content\/uploads\/sites\/47\/2023\/06\/60531233-happy-man-backpacker-or-hiking-in-forest-woods-1024x683.jpg 1024w, https:\/\/blogs2.uef.fi\/uef-teema\/wp-content\/uploads\/sites\/47\/2023\/06\/60531233-happy-man-backpacker-or-hiking-in-forest-woods-768x512.jpg 768w, https:\/\/blogs2.uef.fi\/uef-teema\/wp-content\/uploads\/sites\/47\/2023\/06\/60531233-happy-man-backpacker-or-hiking-in-forest-woods-1536x1025.jpg 1536w, https:\/\/blogs2.uef.fi\/uef-teema\/wp-content\/uploads\/sites\/47\/2023\/06\/60531233-happy-man-backpacker-or-hiking-in-forest-woods-2048x1366.jpg 2048w\" sizes=\"auto, (max-width: 300px) 100vw, 300px\" \/><\/p>\n\t\t\t\t<\/div>\n\t\t\t<\/div>\n\t\t\t\t\t<div class=\"accordion accordion-js\">\n\t\t\t\t<button class=\"accordion__button\" aria-controls=\"content-703\" aria-expanded=\"false\" id=\"accordion-control-703\">\n\t\t\t\t\t<h3 class=\"accordion__heading\" >\n\t\t\t\t\t\tTestataan haitarin otsikon merkkim\u00e4\u00e4r\u00e4\u00e4, testataan haitarin otsikon merkkim\u00e4\u00e4r\u00e4\u00e4\t\t\t\t\t<\/h3>\n\t\t\t\t<\/button>\n\t\t\t\t<div class=\"accordion__content\" role=\"region\" aria-labelledby=\"accordion-control-703\" aria-hidden=\"true\" id=\"content-703\">\n\t\t\t\t\t<p>Lorem ipsum dolor sit amet, consectetur adipiscing elit. Vestibulum sed vulputate neque, at rutrum quam. Cras in nisl ac lacus varius vulputate. Etiam vitae varius justo, faucibus dapibus neque. Vivamus nunc quam, tincidunt et libero eleifend, scelerisque rhoncus ipsum. Praesent quis interdum odio. Mauris placerat nec dolor in imperdiet. Phasellus vel nulla vel magna auctor euismod. Aliquam dapibus at urna eget ultrices. Duis eu molestie lorem. Quisque in consectetur sapien. Donec volutpat odio nulla, a malesuada ligula faucibus sed. Sed aliquam suscipit enim quis suscipit. Morbi sit amet est ac dolor luctus mattis quis non leo. Etiam accumsan eros felis, nec facilisis orci eleifend in. Duis elementum laoreet tellus non porta. Suspendisse ut risus quam.<\/p>\n<p>Integer tristique, augue eget cursus vehicula, odio ipsum volutpat ipsum, ac imperdiet leo augue vel neque. Vestibulum nulla eros, maximus et hendrerit eu, malesuada semper metus. Nam sed purus eget quam varius lobortis. Aliquam eleifend nibh nibh, vitae condimentum dolor interdum vitae. Duis rutrum lacinia libero, nec placerat erat laoreet vitae. Donec tristique euismod ipsum, sagittis auctor lacus mollis ac. Morbi ut sem lacus. Mauris sed erat at sem luctus gravida.<\/p>\n<p><img loading=\"lazy\" decoding=\"async\" class=\"alignnone wp-image-606 size-large\" src=\"https:\/\/blogs2.uef.fi\/uef-teema\/wp-content\/uploads\/sites\/47\/2023\/06\/36606757-panoramic-shot-of-multicultural-colleagues-clapping-and-1024x369.jpg\" alt=\"\" width=\"1024\" height=\"369\" srcset=\"https:\/\/blogs2.uef.fi\/uef-teema\/wp-content\/uploads\/sites\/47\/2023\/06\/36606757-panoramic-shot-of-multicultural-colleagues-clapping-and-1024x369.jpg 1024w, https:\/\/blogs2.uef.fi\/uef-teema\/wp-content\/uploads\/sites\/47\/2023\/06\/36606757-panoramic-shot-of-multicultural-colleagues-clapping-and-300x108.jpg 300w, https:\/\/blogs2.uef.fi\/uef-teema\/wp-content\/uploads\/sites\/47\/2023\/06\/36606757-panoramic-shot-of-multicultural-colleagues-clapping-and-768x276.jpg 768w, https:\/\/blogs2.uef.fi\/uef-teema\/wp-content\/uploads\/sites\/47\/2023\/06\/36606757-panoramic-shot-of-multicultural-colleagues-clapping-and-1536x553.jpg 1536w, https:\/\/blogs2.uef.fi\/uef-teema\/wp-content\/uploads\/sites\/47\/2023\/06\/36606757-panoramic-shot-of-multicultural-colleagues-clapping-and-2048x737.jpg 2048w\" sizes=\"auto, (max-width: 1024px) 100vw, 1024px\" \/><\/p>\n\t\t\t\t<\/div>\n\t\t\t<\/div>\n\t\t\t<\/div>\n\t","protected":false},"excerpt":{"rendered":"<p>Tekstilohkoon saat kirjoitettua teksti\u00e4, lis\u00e4tty\u00e4 sivuston sis\u00e4isi\u00e4 linkkej\u00e4 ja ulkoisia linkkej\u00e4 tekstin sekaan, sek\u00e4 lihavoitua teksti\u00e4. Listat Listoja varten on oma lohkonsa: Otsikot Muista otsikoiden hierarkia. Jokaisella sivulla voi olla yksi H1-tason p\u00e4\u00e4otsikko. T\u00e4m\u00e4n j\u00e4lkeen tulee H2-tason otsikko, jolle tarvittaessa voi lis\u00e4t\u00e4 alaotsikon H3 jne. Saavutettavasti.fi-sivustolla on hyv\u00e4t ohjeet loogiseen otsikointiin. Kuva Suosi koko palstan [&hellip;]<\/p>\n","protected":false},"author":425,"featured_media":0,"parent":0,"menu_order":0,"comment_status":"open","ping_status":"closed","template":"","meta":{"_acf_changed":false,"footnotes":""},"class_list":["post-297","page","type-page","status-publish","hentry"],"acf":[],"yoast_head":"<!-- This site is optimized with the Yoast SEO plugin v27.3 - https:\/\/yoast.com\/product\/yoast-seo-wordpress\/ -->\n<title>Lohkojen esittely - UEF teema<\/title>\n<meta name=\"description\" content=\"T\u00e4ll\u00e4 sivulla n\u00e4et kaikki UEF-teemassa k\u00e4yt\u00f6ss\u00e4 olevat lohkot. Samat lohkot ovat k\u00e4yt\u00f6ss\u00e4 my\u00f6s UEFin white label -teemassa.\" \/>\n<meta name=\"robots\" content=\"noindex, follow, max-snippet:-1, max-image-preview:large, max-video-preview:-1\" \/>\n<meta property=\"og:locale\" content=\"fi_FI\" \/>\n<meta property=\"og:type\" content=\"article\" \/>\n<meta property=\"og:title\" content=\"Lohkojen esittely - UEF teema\" \/>\n<meta property=\"og:description\" content=\"T\u00e4ll\u00e4 sivulla n\u00e4et kaikki UEF-teemassa k\u00e4yt\u00f6ss\u00e4 olevat lohkot. Samat lohkot ovat k\u00e4yt\u00f6ss\u00e4 my\u00f6s UEFin white label -teemassa.\" \/>\n<meta property=\"og:url\" content=\"https:\/\/blogs2.uef.fi\/uef-teema\/testisivu\/\" \/>\n<meta property=\"og:site_name\" content=\"UEF teema\" \/>\n<meta property=\"article:modified_time\" content=\"2026-04-24T04:57:53+00:00\" \/>\n<meta property=\"og:image\" content=\"https:\/\/blogs2.uef.fi\/uef-teema\/wp-content\/uploads\/sites\/47\/2019\/11\/tree-trunk-569275_1920.jpg\" \/>\n\t<meta property=\"og:image:width\" content=\"1920\" \/>\n\t<meta property=\"og:image:height\" content=\"1280\" \/>\n\t<meta property=\"og:image:type\" content=\"image\/jpeg\" \/>\n<meta name=\"twitter:card\" content=\"summary_large_image\" \/>\n<meta name=\"twitter:label1\" content=\"Arvioitu lukuaika\" \/>\n\t<meta name=\"twitter:data1\" content=\"3 minuuttia\" \/>\n<script type=\"application\/ld+json\" class=\"yoast-schema-graph\">{\"@context\":\"https:\\\/\\\/schema.org\",\"@graph\":[{\"@type\":\"WebPage\",\"@id\":\"https:\\\/\\\/blogs2.uef.fi\\\/uef-teema\\\/testisivu\\\/\",\"url\":\"https:\\\/\\\/blogs2.uef.fi\\\/uef-teema\\\/testisivu\\\/\",\"name\":\"Lohkojen esittely - UEF teema\",\"isPartOf\":{\"@id\":\"https:\\\/\\\/blogs2.uef.fi\\\/uef-teema\\\/#website\"},\"primaryImageOfPage\":{\"@id\":\"https:\\\/\\\/blogs2.uef.fi\\\/uef-teema\\\/testisivu\\\/#primaryimage\"},\"image\":{\"@id\":\"https:\\\/\\\/blogs2.uef.fi\\\/uef-teema\\\/testisivu\\\/#primaryimage\"},\"thumbnailUrl\":\"https:\\\/\\\/blogs2.uef.fi\\\/uef-hanke\\\/wp-content\\\/uploads\\\/sites\\\/47\\\/2019\\\/11\\\/tree-trunk-569275_1920-1024x683.jpg\",\"datePublished\":\"2022-03-31T09:48:46+00:00\",\"dateModified\":\"2026-04-24T04:57:53+00:00\",\"description\":\"T\u00e4ll\u00e4 sivulla n\u00e4et kaikki UEF-teemassa k\u00e4yt\u00f6ss\u00e4 olevat lohkot. Samat lohkot ovat k\u00e4yt\u00f6ss\u00e4 my\u00f6s UEFin white label -teemassa.\",\"breadcrumb\":{\"@id\":\"https:\\\/\\\/blogs2.uef.fi\\\/uef-teema\\\/testisivu\\\/#breadcrumb\"},\"inLanguage\":\"fi\",\"potentialAction\":[{\"@type\":\"ReadAction\",\"target\":[\"https:\\\/\\\/blogs2.uef.fi\\\/uef-teema\\\/testisivu\\\/\"]}]},{\"@type\":\"ImageObject\",\"inLanguage\":\"fi\",\"@id\":\"https:\\\/\\\/blogs2.uef.fi\\\/uef-teema\\\/testisivu\\\/#primaryimage\",\"url\":\"https:\\\/\\\/blogs2.uef.fi\\\/uef-hanke\\\/wp-content\\\/uploads\\\/sites\\\/47\\\/2019\\\/11\\\/tree-trunk-569275_1920-1024x683.jpg\",\"contentUrl\":\"https:\\\/\\\/blogs2.uef.fi\\\/uef-hanke\\\/wp-content\\\/uploads\\\/sites\\\/47\\\/2019\\\/11\\\/tree-trunk-569275_1920-1024x683.jpg\"},{\"@type\":\"BreadcrumbList\",\"@id\":\"https:\\\/\\\/blogs2.uef.fi\\\/uef-teema\\\/testisivu\\\/#breadcrumb\",\"itemListElement\":[{\"@type\":\"ListItem\",\"position\":1,\"name\":\"Home\",\"item\":\"https:\\\/\\\/blogs2.uef.fi\\\/uef-teema\\\/\"},{\"@type\":\"ListItem\",\"position\":2,\"name\":\"Lohkojen esittely\"}]},{\"@type\":\"WebSite\",\"@id\":\"https:\\\/\\\/blogs2.uef.fi\\\/uef-teema\\\/#website\",\"url\":\"https:\\\/\\\/blogs2.uef.fi\\\/uef-teema\\\/\",\"name\":\"UEF teema\",\"description\":\"\",\"potentialAction\":[{\"@type\":\"SearchAction\",\"target\":{\"@type\":\"EntryPoint\",\"urlTemplate\":\"https:\\\/\\\/blogs2.uef.fi\\\/uef-teema\\\/?s={search_term_string}\"},\"query-input\":{\"@type\":\"PropertyValueSpecification\",\"valueRequired\":true,\"valueName\":\"search_term_string\"}}],\"inLanguage\":\"fi\"}]}<\/script>\n<!-- \/ Yoast SEO plugin. -->","yoast_head_json":{"title":"Lohkojen esittely - UEF teema","description":"T\u00e4ll\u00e4 sivulla n\u00e4et kaikki UEF-teemassa k\u00e4yt\u00f6ss\u00e4 olevat lohkot. Samat lohkot ovat k\u00e4yt\u00f6ss\u00e4 my\u00f6s UEFin white label -teemassa.","robots":{"index":"noindex","follow":"follow","max-snippet":"max-snippet:-1","max-image-preview":"max-image-preview:large","max-video-preview":"max-video-preview:-1"},"og_locale":"fi_FI","og_type":"article","og_title":"Lohkojen esittely - UEF teema","og_description":"T\u00e4ll\u00e4 sivulla n\u00e4et kaikki UEF-teemassa k\u00e4yt\u00f6ss\u00e4 olevat lohkot. Samat lohkot ovat k\u00e4yt\u00f6ss\u00e4 my\u00f6s UEFin white label -teemassa.","og_url":"https:\/\/blogs2.uef.fi\/uef-teema\/testisivu\/","og_site_name":"UEF teema","article_modified_time":"2026-04-24T04:57:53+00:00","og_image":[{"width":1920,"height":1280,"url":"https:\/\/blogs2.uef.fi\/uef-teema\/wp-content\/uploads\/sites\/47\/2019\/11\/tree-trunk-569275_1920.jpg","type":"image\/jpeg"}],"twitter_card":"summary_large_image","twitter_misc":{"Arvioitu lukuaika":"3 minuuttia"},"schema":{"@context":"https:\/\/schema.org","@graph":[{"@type":"WebPage","@id":"https:\/\/blogs2.uef.fi\/uef-teema\/testisivu\/","url":"https:\/\/blogs2.uef.fi\/uef-teema\/testisivu\/","name":"Lohkojen esittely - UEF teema","isPartOf":{"@id":"https:\/\/blogs2.uef.fi\/uef-teema\/#website"},"primaryImageOfPage":{"@id":"https:\/\/blogs2.uef.fi\/uef-teema\/testisivu\/#primaryimage"},"image":{"@id":"https:\/\/blogs2.uef.fi\/uef-teema\/testisivu\/#primaryimage"},"thumbnailUrl":"https:\/\/blogs2.uef.fi\/uef-hanke\/wp-content\/uploads\/sites\/47\/2019\/11\/tree-trunk-569275_1920-1024x683.jpg","datePublished":"2022-03-31T09:48:46+00:00","dateModified":"2026-04-24T04:57:53+00:00","description":"T\u00e4ll\u00e4 sivulla n\u00e4et kaikki UEF-teemassa k\u00e4yt\u00f6ss\u00e4 olevat lohkot. Samat lohkot ovat k\u00e4yt\u00f6ss\u00e4 my\u00f6s UEFin white label -teemassa.","breadcrumb":{"@id":"https:\/\/blogs2.uef.fi\/uef-teema\/testisivu\/#breadcrumb"},"inLanguage":"fi","potentialAction":[{"@type":"ReadAction","target":["https:\/\/blogs2.uef.fi\/uef-teema\/testisivu\/"]}]},{"@type":"ImageObject","inLanguage":"fi","@id":"https:\/\/blogs2.uef.fi\/uef-teema\/testisivu\/#primaryimage","url":"https:\/\/blogs2.uef.fi\/uef-hanke\/wp-content\/uploads\/sites\/47\/2019\/11\/tree-trunk-569275_1920-1024x683.jpg","contentUrl":"https:\/\/blogs2.uef.fi\/uef-hanke\/wp-content\/uploads\/sites\/47\/2019\/11\/tree-trunk-569275_1920-1024x683.jpg"},{"@type":"BreadcrumbList","@id":"https:\/\/blogs2.uef.fi\/uef-teema\/testisivu\/#breadcrumb","itemListElement":[{"@type":"ListItem","position":1,"name":"Home","item":"https:\/\/blogs2.uef.fi\/uef-teema\/"},{"@type":"ListItem","position":2,"name":"Lohkojen esittely"}]},{"@type":"WebSite","@id":"https:\/\/blogs2.uef.fi\/uef-teema\/#website","url":"https:\/\/blogs2.uef.fi\/uef-teema\/","name":"UEF teema","description":"","potentialAction":[{"@type":"SearchAction","target":{"@type":"EntryPoint","urlTemplate":"https:\/\/blogs2.uef.fi\/uef-teema\/?s={search_term_string}"},"query-input":{"@type":"PropertyValueSpecification","valueRequired":true,"valueName":"search_term_string"}}],"inLanguage":"fi"}]}},"_links":{"self":[{"href":"https:\/\/blogs2.uef.fi\/uef-teema\/wp-json\/wp\/v2\/pages\/297","targetHints":{"allow":["GET"]}}],"collection":[{"href":"https:\/\/blogs2.uef.fi\/uef-teema\/wp-json\/wp\/v2\/pages"}],"about":[{"href":"https:\/\/blogs2.uef.fi\/uef-teema\/wp-json\/wp\/v2\/types\/page"}],"author":[{"embeddable":true,"href":"https:\/\/blogs2.uef.fi\/uef-teema\/wp-json\/wp\/v2\/users\/425"}],"replies":[{"embeddable":true,"href":"https:\/\/blogs2.uef.fi\/uef-teema\/wp-json\/wp\/v2\/comments?post=297"}],"version-history":[{"count":2,"href":"https:\/\/blogs2.uef.fi\/uef-teema\/wp-json\/wp\/v2\/pages\/297\/revisions"}],"predecessor-version":[{"id":2094,"href":"https:\/\/blogs2.uef.fi\/uef-teema\/wp-json\/wp\/v2\/pages\/297\/revisions\/2094"}],"wp:attachment":[{"href":"https:\/\/blogs2.uef.fi\/uef-teema\/wp-json\/wp\/v2\/media?parent=297"}],"curies":[{"name":"wp","href":"https:\/\/api.w.org\/{rel}","templated":true}]}}